{"id":20555,"date":"2023-02-11T15:51:11","date_gmt":"2023-02-11T14:51:11","guid":{"rendered":"https:\/\/mariarapelafoto.com\/?page_id=20555"},"modified":"2026-01-17T13:00:25","modified_gmt":"2026-01-17T12:00:25","slug":"messefotografie-in-berlin","status":"publish","type":"page","link":"https:\/\/mariarapelafoto.com\/en\/messefotografie-in-berlin\/","title":{"rendered":""},"content":{"rendered":"<div class=\"vce-row-container\"><div class=\"vce-row vce-row--col-gap-30 vce-row-equal-height vce-row-content--top\" data-vce-full-width=\"true\" data-vce-stretch-content=\"true\" id=\"el-82f172f2\" data-vce-do-apply=\"all el-82f172f2\"><div class=\"vce-row-content\" data-vce-element-content=\"true\"><div class=\"vce-col vce-col--md-auto vce-col--xs-1 vce-col--xs-last vce-col--xs-first vce-col--sm-last vce-col--sm-first vce-col--md-first vce-col--lg-first vce-col--xl-first\" id=\"el-c4ad5499\"><div class=\"vce-col-inner\" data-vce-do-apply=\"border margin background  el-c4ad5499\"><div class=\"vce-col-content\" data-vce-element-content=\"true\" data-vce-do-apply=\"padding el-c4ad5499\"><div class=\"vcv-row-control-wrapper\"><\/div><\/div><\/div><\/div><div class=\"vce-col vce-col--md-auto vce-col--xs-1 vce-col--xs-last vce-col--xs-first vce-col--sm-last vce-col--sm-first vce-col--md-last vce-col--lg-last vce-col--xl-last\" id=\"el-2b5e34bb\"><div class=\"vce-col-inner\" data-vce-do-apply=\"border margin background  el-2b5e34bb\"><div class=\"vce-col-content\" data-vce-element-content=\"true\" data-vce-do-apply=\"padding el-2b5e34bb\"><div class=\"vce-row-container\"><div class=\"vce-row vce-element--has-background vce-row--col-gap-30 vce-row-content--top\" data-vce-full-width=\"true\" data-vce-stretch-content=\"true\" id=\"el-f4a98f04\" data-vce-do-apply=\"all el-f4a98f04\"><div class=\"vce-content-background-container\"><div class=\"vce-asset-parallax-container vce-visible-all-only\" data-vce-assets-parallax=\".vce-asset-parallax\" data-vce-assets-parallax-reverse=\"1\"><div class=\"vce-asset-parallax\" style=\"top: -30vh; bottom: -30vh; transform: translateY(30vh);\"><div class=\"vce-asset-color-gradient-container vce-visible-all-only\" data-vce-do-apply=\"gradient el-f4a98f04\"><\/div><\/div><\/div><\/div><div class=\"vce-row-content\" data-vce-element-content=\"true\"><div class=\"vce-col vce-col--md-auto vce-col--xs-1 vce-col--xs-last vce-col--xs-first vce-col--sm-last vce-col--sm-first vce-col--md-last vce-col--lg-last vce-col--xl-last vce-col--md-first vce-col--lg-first vce-col--xl-first\" id=\"el-e58cf629\"><div class=\"vce-col-inner\" data-vce-do-apply=\"border margin background  el-e58cf629\"><div class=\"vce-col-content\" data-vce-element-content=\"true\" data-vce-do-apply=\"padding el-e58cf629\"><div class=\"vce-text-block\"><div class=\"vce-text-block-wrapper vce\" id=\"el-6b25a438\" data-vce-do-apply=\"all el-6b25a438\"><h1>&nbsp;<\/h1>\n<h1 style=\"text-align: left;\"><span style=\"font-size: 24pt; color: #3e3d3d;\"><span style=\"color: #383838;\"><strong><span style=\"font-family: Montserrat; font-size: 36pt; font-style: normal;\">Trade fair photography in Berlin and all over Germany<\/span><\/strong><\/span><span style=\"font-family: Montserrat; font-weight: 400; font-style: normal; letter-spacing: 7px;\"><br><\/span><\/span><\/h1>\n<p><span style=\"font-family: Montserrat; font-size: 14pt;\">Trade fair photography: I make your stand shine. Whether in Berlin or elsewhere in Germany, I capture your presence at international trade fairs professionally and creatively.<\/span><\/p>\n<p><span style=\"font-size: 16pt;\"><strong><span style=\"color: #333333;\">&nbsp;<\/span><\/strong><\/span><\/p>\n<h6 style=\"line-height: 1; text-align: center;\"><span style=\"font-family: Montserrat; font-weight: 400; font-style: normal; color: #000000; letter-spacing: 7px;\">&nbsp;<\/span><\/h6><\/div><\/div><\/div><\/div><\/div><\/div><\/div><\/div><\/div><\/div><\/div><\/div><\/div><\/div><div class=\"vce-row-container\"><div class=\"vce-row vce-row--col-gap-30 vce-row-equal-height vce-row-content--top\" data-vce-full-width=\"true\" data-vce-stretch-content=\"true\" id=\"el-299600d9\" data-vce-do-apply=\"all el-299600d9\"><div class=\"vce-row-content\" data-vce-element-content=\"true\"><div class=\"vce-col vce-col--md-auto vce-col--xs-1 vce-col--xs-last vce-col--xs-first vce-col--sm-last vce-col--sm-first vce-col--md-last vce-col--lg-last vce-col--xl-last vce-col--md-first vce-col--lg-first vce-col--xl-first\" id=\"el-528add42\"><div class=\"vce-col-inner\" data-vce-do-apply=\"border margin background  el-528add42\"><div class=\"vce-col-content\" data-vce-element-content=\"true\" data-vce-do-apply=\"padding el-528add42\"><div class=\"vce-image-masonry-gallery\"><div class=\"vce-image-masonry-gallery-wrapper vce vce-image-masonry-gallery--gap-10 vce-image-masonry-gallery--columns-3\" id=\"el-55740086\" data-vce-do-apply=\"all el-55740086\"><div class=\"vce-image-masonry-gallery-list\"><div class=\"vce-image-masonry-gallery-column\"><a href=\"https:\/\/mariarapelafoto.com\/wp-content\/uploads\/2023\/03\/Messe-Fotografie-Maria-Rapela-Foto-Berlin-photographer-for-expo-center-international-trade-fair.jpg\" data-lightbox=\"lightbox-55740086\" class=\"vce-image-masonry-gallery-item\"><img decoding=\"async\" class=\"vce-image-masonry-gallery-img smush-detected-img smush-image-bigger-1 lazyload\" data-src=\"https:\/\/mariarapelafoto.com\/wp-content\/uploads\/2023\/03\/Messe-Fotografie-Maria-Rapela-Foto-Berlin-photographer-for-expo-center-international-trade-fair.jpg\" alt=\"Messefotografie\" src=\"data:image\/svg+xml;base64,PHN2ZyB3aWR0aD0iMSIgaGVpZ2h0PSIxIiB4bWxucz0iaHR0cDovL3d3dy53My5vcmcvMjAwMC9zdmciPjwvc3ZnPg==\" style=\"--smush-placeholder-width: 1024px; --smush-placeholder-aspect-ratio: 1024\/683;\"><\/a><a href=\"https:\/\/mariarapelafoto.com\/wp-content\/uploads\/2023\/03\/Photographer-for-Stands-Berlin-Messe-Fotografie-Fotografia-de-Stands-en-Alemania-ferias-Internacionales-Trade-Fairs-Photography-Berlin-Germany-Maria-Rapela-Foto-1.jpg\" data-lightbox=\"lightbox-55740086\" class=\"vce-image-masonry-gallery-item\"><img decoding=\"async\" class=\"vce-image-masonry-gallery-img smush-detected-img smush-image-bigger-2 lazyload\" data-src=\"https:\/\/mariarapelafoto.com\/wp-content\/uploads\/2023\/03\/Photographer-for-Stands-Berlin-Messe-Fotografie-Fotografia-de-Stands-en-Alemania-ferias-Internacionales-Trade-Fairs-Photography-Berlin-Germany-Maria-Rapela-Foto-1.jpg\" alt=\"Messefotografie\" src=\"data:image\/svg+xml;base64,PHN2ZyB3aWR0aD0iMSIgaGVpZ2h0PSIxIiB4bWxucz0iaHR0cDovL3d3dy53My5vcmcvMjAwMC9zdmciPjwvc3ZnPg==\" style=\"--smush-placeholder-width: 683px; --smush-placeholder-aspect-ratio: 683\/1024;\"><\/a><\/div><div class=\"vce-image-masonry-gallery-column\"><a href=\"https:\/\/mariarapelafoto.com\/wp-content\/uploads\/2023\/03\/Messe-Fotografie-Maria-Rapela-Foto-tradefair-photography-booth-photography-messestand-fotograf-berlin.jpg\" data-lightbox=\"lightbox-55740086\" class=\"vce-image-masonry-gallery-item\"><img decoding=\"async\" class=\"vce-image-masonry-gallery-img smush-detected-img smush-image-bigger-3 lazyload\" data-src=\"https:\/\/mariarapelafoto.com\/wp-content\/uploads\/2023\/03\/Messe-Fotografie-Maria-Rapela-Foto-tradefair-photography-booth-photography-messestand-fotograf-berlin.jpg\" alt=\"Messefotografie\" src=\"data:image\/svg+xml;base64,PHN2ZyB3aWR0aD0iMSIgaGVpZ2h0PSIxIiB4bWxucz0iaHR0cDovL3d3dy53My5vcmcvMjAwMC9zdmciPjwvc3ZnPg==\" style=\"--smush-placeholder-width: 1024px; --smush-placeholder-aspect-ratio: 1024\/778;\"><\/a><a href=\"https:\/\/mariarapelafoto.com\/wp-content\/uploads\/2023\/03\/Berlin-Messe-Stand-Fotografie-Maria-Rapela-Foto-booth-photography-berlin-expo-center-exhibition.jpg\" data-lightbox=\"lightbox-55740086\" class=\"vce-image-masonry-gallery-item\"><img decoding=\"async\" class=\"vce-image-masonry-gallery-img smush-detected-img smush-image-bigger-4 lazyload\" data-src=\"https:\/\/mariarapelafoto.com\/wp-content\/uploads\/2023\/03\/Berlin-Messe-Stand-Fotografie-Maria-Rapela-Foto-booth-photography-berlin-expo-center-exhibition.jpg\" alt=\"Messefotografie\" src=\"data:image\/svg+xml;base64,PHN2ZyB3aWR0aD0iMSIgaGVpZ2h0PSIxIiB4bWxucz0iaHR0cDovL3d3dy53My5vcmcvMjAwMC9zdmciPjwvc3ZnPg==\" style=\"--smush-placeholder-width: 1024px; --smush-placeholder-aspect-ratio: 1024\/683;\"><\/a><a href=\"https:\/\/mariarapelafoto.com\/wp-content\/uploads\/2023\/03\/Messefotografie-Maria-Rapela-Foto-booth-photos-fair-trade-expo-center-berlin-alemania-feria-internacional-fotografo.jpg\" data-lightbox=\"lightbox-55740086\" class=\"vce-image-masonry-gallery-item\"><img decoding=\"async\" class=\"vce-image-masonry-gallery-img smush-detected-img smush-image-bigger-5 lazyload\" data-src=\"https:\/\/mariarapelafoto.com\/wp-content\/uploads\/2023\/03\/Messefotografie-Maria-Rapela-Foto-booth-photos-fair-trade-expo-center-berlin-alemania-feria-internacional-fotografo.jpg\" alt=\"Messefotografie\" src=\"data:image\/svg+xml;base64,PHN2ZyB3aWR0aD0iMSIgaGVpZ2h0PSIxIiB4bWxucz0iaHR0cDovL3d3dy53My5vcmcvMjAwMC9zdmciPjwvc3ZnPg==\" style=\"--smush-placeholder-width: 1024px; --smush-placeholder-aspect-ratio: 1024\/683;\"><\/a><\/div><div class=\"vce-image-masonry-gallery-column\"><a href=\"https:\/\/mariarapelafoto.com\/wp-content\/uploads\/2023\/03\/Fruit-Logistica-Stand-Costa-Rica-Febrero-2023-Maria-Rapela-Foto-stand-photography-booth-internation-fair-berlin-expo-center-.jpg\" data-lightbox=\"lightbox-55740086\" class=\"vce-image-masonry-gallery-item\"><img decoding=\"async\" class=\"vce-image-masonry-gallery-img smush-detected-img smush-image-bigger-6 lazyload\" data-src=\"https:\/\/mariarapelafoto.com\/wp-content\/uploads\/2023\/03\/Fruit-Logistica-Stand-Costa-Rica-Febrero-2023-Maria-Rapela-Foto-stand-photography-booth-internation-fair-berlin-expo-center-.jpg\" alt=\"Messefotografie\" src=\"data:image\/svg+xml;base64,PHN2ZyB3aWR0aD0iMSIgaGVpZ2h0PSIxIiB4bWxucz0iaHR0cDovL3d3dy53My5vcmcvMjAwMC9zdmciPjwvc3ZnPg==\" style=\"--smush-placeholder-width: 1024px; --smush-placeholder-aspect-ratio: 1024\/683;\"><\/a><a href=\"https:\/\/mariarapelafoto.com\/wp-content\/uploads\/2023\/03\/Messefotografie-Fruit-Logistica-Fotografie-Messestand-Costa-Rica-Berlin-Maria-Rapela-Foto-booth-photography-berlin-expo-c-enter-trade-fair-.jpg\" data-lightbox=\"lightbox-55740086\" class=\"vce-image-masonry-gallery-item\"><img decoding=\"async\" class=\"vce-image-masonry-gallery-img smush-detected-img smush-image-bigger-7 lazyload\" data-src=\"https:\/\/mariarapelafoto.com\/wp-content\/uploads\/2023\/03\/Messefotografie-Fruit-Logistica-Fotografie-Messestand-Costa-Rica-Berlin-Maria-Rapela-Foto-booth-photography-berlin-expo-c-enter-trade-fair-.jpg\" alt=\"Messefotografie\" src=\"data:image\/svg+xml;base64,PHN2ZyB3aWR0aD0iMSIgaGVpZ2h0PSIxIiB4bWxucz0iaHR0cDovL3d3dy53My5vcmcvMjAwMC9zdmciPjwvc3ZnPg==\" style=\"--smush-placeholder-width: 1024px; --smush-placeholder-aspect-ratio: 1024\/768;\"><\/a><a href=\"https:\/\/mariarapelafoto.com\/wp-content\/uploads\/2023\/03\/Messe-Fotografie-Berlin-booth-photos-Maria-Rapela-Foto-exhibintion-center-photography.jpg\" data-lightbox=\"lightbox-55740086\" class=\"vce-image-masonry-gallery-item\"><img decoding=\"async\" class=\"vce-image-masonry-gallery-img smush-detected-img smush-image-bigger-8 lazyload\" data-src=\"https:\/\/mariarapelafoto.com\/wp-content\/uploads\/2023\/03\/Messe-Fotografie-Berlin-booth-photos-Maria-Rapela-Foto-exhibintion-center-photography.jpg\" alt=\"Messefotografie\" src=\"data:image\/svg+xml;base64,PHN2ZyB3aWR0aD0iMSIgaGVpZ2h0PSIxIiB4bWxucz0iaHR0cDovL3d3dy53My5vcmcvMjAwMC9zdmciPjwvc3ZnPg==\" style=\"--smush-placeholder-width: 1024px; --smush-placeholder-aspect-ratio: 1024\/683;\"><\/a><\/div><\/div><\/div><\/div><div class=\"vce-row-container\"><div class=\"vce-row vce-element--has-background vce-row--col-gap-30 vce-row-content--top\" data-vce-full-width=\"true\" data-vce-stretch-content=\"true\" id=\"el-cc418c0b\" data-vce-do-apply=\"all el-cc418c0b\"><div class=\"vce-content-background-container\"><div class=\"vce-asset-parallax-container vce-visible-all-only\" data-vce-assets-parallax=\".vce-asset-parallax\" data-vce-assets-parallax-reverse=\"1\"><div class=\"vce-asset-parallax\" style=\"top: -30vh; bottom: -30vh; transform: translateY(30vh);\"><div class=\"vce-asset-color-gradient-container vce-visible-all-only\" data-vce-do-apply=\"gradient el-cc418c0b\"><\/div><\/div><\/div><\/div><div class=\"vce-row-content\" data-vce-element-content=\"true\"><div class=\"vce-col vce-col--md-auto vce-col--xs-1 vce-col--xs-last vce-col--xs-first vce-col--sm-last vce-col--sm-first vce-col--md-last vce-col--lg-last vce-col--xl-last vce-col--md-first vce-col--lg-first vce-col--xl-first\" id=\"el-b1aa2c83\"><div class=\"vce-col-inner\" data-vce-do-apply=\"border margin background  el-b1aa2c83\"><div class=\"vce-col-content\" data-vce-element-content=\"true\" data-vce-do-apply=\"padding el-b1aa2c83\"><div class=\"vce-text-block\"><div class=\"vce-text-block-wrapper vce\" id=\"el-44631a64\" data-vce-do-apply=\"all el-44631a64\"><p>&nbsp;<\/p>\n<p>&nbsp;<\/p><\/div><\/div><\/div><\/div><\/div><\/div><\/div><\/div><\/div><\/div><\/div><\/div><\/div><\/div><div class=\"vce-row-container\"><div class=\"vce-row vce-row--col-gap-30 vce-row-content--top\" data-vce-full-width=\"true\" data-vce-stretch-content=\"true\" id=\"el-16d4c6b8\" data-vce-do-apply=\"all el-16d4c6b8\"><div class=\"vce-row-content\" data-vce-element-content=\"true\"><div class=\"vce-col vce-col--md-auto vce-col--xs-1 vce-col--xs-last vce-col--xs-first vce-col--sm-last vce-col--sm-first vce-col--md-last vce-col--lg-last vce-col--xl-last vce-col--md-first vce-col--lg-first vce-col--xl-first\" id=\"el-5be0500f\"><div class=\"vce-col-inner\" data-vce-do-apply=\"border margin background  el-5be0500f\"><div class=\"vce-col-content\" data-vce-element-content=\"true\" data-vce-do-apply=\"padding el-5be0500f\"><div class=\"vce-row-container\"><div class=\"vce-row vce-row--col-gap-30 vce-row-equal-height vce-row-content--top\" data-vce-full-width=\"true\" data-vce-stretch-content=\"true\" id=\"el-37f3400f\" data-vce-do-apply=\"all el-37f3400f\"><div class=\"vce-row-content\" data-vce-element-content=\"true\"><div class=\"vcv-row-control-wrapper\"><\/div><\/div><\/div><\/div><div class=\"vce-row-container\"><div class=\"vce-row vce-row--col-gap-30 vce-row-equal-height vce-row-content--top\" data-vce-full-width=\"true\" data-vce-stretch-content=\"true\" id=\"el-dc081a30\" data-vce-do-apply=\"all el-dc081a30\"><div class=\"vce-row-content\" data-vce-element-content=\"true\"><div class=\"vcv-row-control-wrapper\"><\/div><\/div><\/div><\/div><div class=\"vce-row-container\"><div class=\"vce-row vce-row--col-gap-30 vce-row-equal-height vce-row-content--top\" data-vce-full-width=\"true\" data-vce-stretch-content=\"true\" id=\"el-40d27e7b\" data-vce-do-apply=\"all el-40d27e7b\"><div class=\"vce-row-content\" data-vce-element-content=\"true\"><div class=\"vce-col vce-col--md-35p vce-col--xs-1 vce-col--xs-last vce-col--xs-first vce-col--sm-last vce-col--sm-first vce-col--md-first vce-col--lg-first vce-col--xl-first\" id=\"el-452e830c\"><div class=\"vce-col-inner\" data-vce-do-apply=\"border margin background  el-452e830c\"><div class=\"vce-col-content\" data-vce-element-content=\"true\" data-vce-do-apply=\"padding el-452e830c\"><div class=\"vce-text-block\"><div class=\"vce-text-block-wrapper vce\" id=\"el-1fcba3d5\" data-vce-do-apply=\"all el-1fcba3d5\"><h2 style=\"line-height: 1.5;\"><span style=\"font-family: Montserrat; letter-spacing: inherit;\">Fair photography in Berlin. I am your partner on site. I set the scene for your participation in international trade fairs and provide you with high-quality photos for your communication channels.<\/span><\/h2>\n<p>&nbsp;<\/p>\n<p><span style=\"font-family: Montserrat; font-size: 14pt;\">As a based in Berlin trade show photographer, I am your local partner to professionally and creatively capture your booth and activities in pictures. Whether it's your booth, staff, important meetings, contracting or networking, I'll be there to provide you with photos you'll be proud to showcase.<br><\/span><\/p>\n<h3>Event Photography, Booth Images or Talks<\/h3>\n<p><span style=\"font-family: Montserrat; font-size: 14pt;\">Are you looking for photographic coverage of an event, a talk, or the opening of your trade\u2011fair booth, including the inaugural speech? Or do you simply need a selection of carefully and professionally produced images of your booth to prepare a press release or update your website.<\/span><\/p>\n<p><span style=\"font-family: Montserrat; font-size: 14pt;\">Professional photographs of your trade\u2011fair presence provide high\u2011quality material for your company\u2019s marketing: for your website, social media channels, blog articles, press releases, and also for an internal corporate archive that becomes part of your company\u2019s history.<\/span><\/p>\n<p><span style=\"font-family: Montserrat; font-size: 14pt;\"><br>A business license for using the images on your website, social media, small catalogues, press releases, your company archive, videos, and more is included.<\/span><\/p>\n<p>&nbsp;<\/p>\n<p>&nbsp;<\/p><\/div><\/div><\/div><\/div><\/div><div class=\"vce-col vce-col--md-30p vce-col--xs-1 vce-col--xs-last vce-col--xs-first vce-col--sm-last vce-col--sm-first\" id=\"el-fc44991b\"><div class=\"vce-col-inner\" data-vce-do-apply=\"border margin background  el-fc44991b\"><div class=\"vce-col-content\" data-vce-element-content=\"true\" data-vce-do-apply=\"padding el-fc44991b\"><div class=\"vce-text-block\"><div class=\"vce-text-block-wrapper vce\" id=\"el-f611b96a\" data-vce-do-apply=\"all el-f611b96a\"><h2 style=\"line-height: 1.5;\"><span style=\"font-family: Montserrat; font-size: 18pt; color: #595757; font-style: normal; letter-spacing: inherit; font-weight: bold;\">Berlin is a hotspot for international trade fairs, attracting visitors and exhibitors from all over the world. No matter what industry you are in, you will find the right trade fair for your goals and needs in Berlin.<br><\/span><\/h2><\/div><\/div><div class=\"vce-single-image-container vce-single-image--align-center\"><div class=\"vce vce-single-image-wrapper\" id=\"el-b572b9d2\" data-vce-do-apply=\"all el-b572b9d2\"><figure><div class=\"vce-single-image-figure-inner\" style=\"width: 1024px;\"><div class=\"vce-single-image-inner vce-single-image--absolute vce-single-image--border-rounded\" style=\"width: 100%; padding-bottom: 68.75%;\"><img decoding=\"async\" class=\"vce-single-image lazyload\"  width=\"1024\" height=\"704\" data-srcset=\"https:\/\/mariarapelafoto.com\/wp-content\/uploads\/2023\/03\/Fruit-Logistica-Berlin-Messe-Fotografie-Fair-trade-Photographer-Berlin-Germany-2023-Maria-Rapela-Foto-ferias-internacionales-Alemania-Fotografia-de-Stands-y-Conferencias-320x220.jpg 320w, https:\/\/mariarapelafoto.com\/wp-content\/uploads\/2023\/03\/Fruit-Logistica-Berlin-Messe-Fotografie-Fair-trade-Photographer-Berlin-Germany-2023-Maria-Rapela-Foto-ferias-internacionales-Alemania-Fotografia-de-Stands-y-Conferencias-480x330.jpg 480w, https:\/\/mariarapelafoto.com\/wp-content\/uploads\/2023\/03\/Fruit-Logistica-Berlin-Messe-Fotografie-Fair-trade-Photographer-Berlin-Germany-2023-Maria-Rapela-Foto-ferias-internacionales-Alemania-Fotografia-de-Stands-y-Conferencias-800x550.jpg 800w, https:\/\/mariarapelafoto.com\/wp-content\/uploads\/2026\/01\/Fruit-Logistica-Berlin-Messe-Fotografie-Fair-trade-Photographer-Berlin-Germany-2023-Maria-Rapela-Foto-ferias-internacionales-Alemania-Fotografia-de-Stands-y-Conferencias-1024x704.jpg 1024w\" data-src=\"https:\/\/mariarapelafoto.com\/wp-content\/uploads\/2026\/01\/Fruit-Logistica-Berlin-Messe-Fotografie-Fair-trade-Photographer-Berlin-Germany-2023-Maria-Rapela-Foto-ferias-internacionales-Alemania-Fotografia-de-Stands-y-Conferencias-1024x704.jpg\" data-img-src=\"https:\/\/mariarapelafoto.com\/wp-content\/uploads\/2023\/03\/Fruit-Logistica-Berlin-Messe-Fotografie-Fair-trade-Photographer-Berlin-Germany-2023-Maria-Rapela-Foto-ferias-internacionales-Alemania-Fotografia-de-Stands-y-Conferencias.jpg\" data-attachment-id=\"20658\"  alt=\"Messefotografie\" title=\"Fruit Logistica-Berlin- Messe Fotografie - Fair trade Photographer Berlin Germany 2023 - Maria Rapela Foto-ferias internacionales Alemania Fotografi\u0301a de Stands y Conferencias\" src=\"data:image\/svg+xml;base64,PHN2ZyB3aWR0aD0iMSIgaGVpZ2h0PSIxIiB4bWxucz0iaHR0cDovL3d3dy53My5vcmcvMjAwMC9zdmciPjwvc3ZnPg==\" style=\"--smush-placeholder-width: 1024px; --smush-placeholder-aspect-ratio: 1024\/704;\" \/><\/div><\/div><figcaption>Berlin Convention Center (Messe) - Entrance Sud<\/figcaption><\/figure><\/div><\/div><div class=\"vce-single-image-container vce-single-image--align-center\"><div class=\"vce vce-single-image-wrapper\" id=\"el-c3a29d2e\" data-vce-do-apply=\"all el-c3a29d2e\"><figure><div class=\"vce-single-image-figure-inner\" style=\"width: 1024px;\"><div class=\"vce-single-image-inner vce-single-image--absolute vce-single-image--border-rounded\" style=\"width: 100%; padding-bottom: 52.9297%;\"><img decoding=\"async\" class=\"vce-single-image lazyload\"  width=\"1024\" height=\"542\" data-srcset=\"https:\/\/mariarapelafoto.com\/wp-content\/uploads\/2026\/01\/DSC0335eventfotografieberlin-messe-unternehmen-company-photo-event-berlin-start-ups-320x169.jpeg 320w, https:\/\/mariarapelafoto.com\/wp-content\/uploads\/2026\/01\/DSC0335eventfotografieberlin-messe-unternehmen-company-photo-event-berlin-start-ups-480x254.jpeg 480w\" data-src=\"https:\/\/mariarapelafoto.com\/wp-content\/uploads\/2020\/10\/DSC0335eventfotografieberlin-messe-unternehmen-company-photo-event-berlin-start-ups.jpeg\" data-img-data-src=\"https:\/\/mariarapelafoto.com\/wp-content\/uploads\/2020\/10\/DSC0335eventfotografieberlin-messe-unternehmen-company-photo-event-berlin-start-ups.jpeg\" data-attachment-id=\"18281\"  alt=\"Eventfotografie: Corporate &amp; Business\" title=\"_DSC0335eventfotografieberlin-messe-unternehmen-company-photo event berlin-start ups\" src=\"data:image\/svg+xml;base64,PHN2ZyB3aWR0aD0iMSIgaGVpZ2h0PSIxIiB4bWxucz0iaHR0cDovL3d3dy53My5vcmcvMjAwMC9zdmciPjwvc3ZnPg==\" style=\"--smush-placeholder-width: 1024px; --smush-placeholder-aspect-ratio: 1024\/542;\" \/><\/div><\/div><figcaption>Event Photography for Companies, Trade Fairs, and International Exhibitions in Berlin<\/figcaption><\/figure><\/div><\/div><div class=\"vce-single-image-container vce-single-image--align-center\"><div class=\"vce vce-single-image-wrapper\" id=\"el-111eb444\" data-vce-do-apply=\"all el-111eb444\"><figure><div class=\"vce-single-image-figure-inner\" style=\"width: 1024px;\"><div class=\"vce-single-image-inner vce-single-image--absolute vce-single-image--border-rounded\" style=\"width: 100%; padding-bottom: 66.6992%;\"><img decoding=\"async\" class=\"vce-single-image lazyload\"  width=\"1024\" height=\"683\" data-srcset=\"https:\/\/mariarapelafoto.com\/wp-content\/uploads\/2023\/05\/eventfotografie-malt-berlin-KI-mixed-reality-metaverse-developers-code-virtuelle-realitat-maria-rapela-foto-2023-9907-320x213.jpg 320w, https:\/\/mariarapelafoto.com\/wp-content\/uploads\/2023\/05\/eventfotografie-malt-berlin-KI-mixed-reality-metaverse-developers-code-virtuelle-realitat-maria-rapela-foto-2023-9907-480x320.jpg 480w, https:\/\/mariarapelafoto.com\/wp-content\/uploads\/2023\/05\/eventfotografie-malt-berlin-KI-mixed-reality-metaverse-developers-code-virtuelle-realitat-maria-rapela-foto-2023-9907-800x534.jpg 800w, https:\/\/mariarapelafoto.com\/wp-content\/uploads\/2026\/01\/eventfotografie-malt-berlin-KI-mixed-reality-metaverse-developers-code-virtuelle-realitat-maria-rapela-foto-2023-9907-1024x683.jpg 1024w\" data-src=\"https:\/\/mariarapelafoto.com\/wp-content\/uploads\/2026\/01\/eventfotografie-malt-berlin-KI-mixed-reality-metaverse-developers-code-virtuelle-realitat-maria-rapela-foto-2023-9907-1024x683.jpg\" data-img-src=\"https:\/\/mariarapelafoto.com\/wp-content\/uploads\/2023\/05\/eventfotografie-malt-berlin-KI-mixed-reality-metaverse-developers-code-virtuelle-realitat-maria-rapela-foto-2023-9907.jpg\" data-attachment-id=\"20971\"  alt=\"Eventfotografie\" title=\"eventfotografie-malt-berlin-KI-mixed-reality-metaverse-developers-code-virtuelle-realitat-maria-rapela-foto-2023-9907\" src=\"data:image\/svg+xml;base64,PHN2ZyB3aWR0aD0iMSIgaGVpZ2h0PSIxIiB4bWxucz0iaHR0cDovL3d3dy53My5vcmcvMjAwMC9zdmciPjwvc3ZnPg==\" style=\"--smush-placeholder-width: 1024px; --smush-placeholder-aspect-ratio: 1024\/683;\" \/><\/div><\/div><figcaption hidden=\"\"><\/figcaption><\/figure><\/div><\/div><div class=\"vce-row-container\" data-vce-boxed-width=\"true\"><div class=\"vce-row vce-row--col-gap-30 vce-row-equal-height vce-row-content--top\" id=\"el-51f08cec\" data-vce-do-apply=\"all el-51f08cec\"><div class=\"vce-row-content\" data-vce-element-content=\"true\"><div class=\"vce-col vce-col--md-auto vce-col--xs-1 vce-col--xs-last vce-col--xs-first vce-col--sm-last vce-col--sm-first vce-col--md-last vce-col--lg-last vce-col--xl-last vce-col--md-first vce-col--lg-first vce-col--xl-first\" id=\"el-210f7d9a\"><div class=\"vce-col-inner\" data-vce-do-apply=\"border margin background  el-210f7d9a\"><div class=\"vce-col-content\" data-vce-element-content=\"true\" data-vce-do-apply=\"padding el-210f7d9a\"><div class=\"vcv-row-control-wrapper\"><\/div><\/div><\/div><\/div><\/div><\/div><\/div><\/div><\/div><\/div><div class=\"vce-col vce-col--md-35p vce-col--xs-1 vce-col--xs-last vce-col--xs-first vce-col--sm-last vce-col--sm-first vce-col--md-last vce-col--lg-last vce-col--xl-last\" id=\"el-fbcb6225\"><div class=\"vce-col-inner\" data-vce-do-apply=\"border margin background  el-fbcb6225\"><div class=\"vce-col-content\" data-vce-element-content=\"true\" data-vce-do-apply=\"padding el-fbcb6225\"><div class=\"vce-text-block\"><div class=\"vce-text-block-wrapper vce\" id=\"el-4eeb4416\" data-vce-do-apply=\"all el-4eeb4416\"><h3>Trade\u2011Fair Photography in Berlin: Event and Booth Photography \u2013 Process, Effort, Pricing<\/h3>\n<p><span style=\"font-family: Montserrat; font-size: 14pt;\">Event photography requires a documentary approach: capturing moments, situations, and people as they unfold. How many hours will your event last, and for how long would you like photographic coverage? <\/span><\/p>\n<p><span style=\"font-family: Montserrat; font-size: 14pt;\">The hourly rate of approximately \u20ac250, including 19% VAT, applies exclusively to event documentation. The final selection and image editing are billed separately, depending on the number of images and the individual editing requirements of each project.&nbsp;<\/span><\/p>\n<p><span style=\"font-family: Montserrat; font-size: 14pt;\">The number of delivered images depends on their intended use and the scope of the editing. Editing event photos is generally less time\u2011consuming than the detailed photography of a trade\u2011fair booth, which is closer to architectural photography and requires specific techniques to highlight shapes, colours, contrasts, and details. Accordingly, the post\u2011processing for booth photography is somewhat more intensive.<\/span><\/p>\n<h3><span style=\"font-family: Montserrat; font-size: 18pt;\">Trade Fair Germany photographer<\/span><\/h3>\n<p><span style=\"font-family: Montserrat; font-size: 14pt;\">Berlin is home to some of the most important trade fairs in the world, such as IFA, Fruit Logistica, ITB, Inno Trans, Green Week or Berlin Air Show. <\/span><\/p>\n<p><span style=\"font-family: Montserrat; font-size: 14pt;\">But you will also find exciting trade fairs for your industry in other German cities, such as IAA Passenger Cars, Agritechnic, Drupa, Frankfurt Book Fair and many more. <\/span><\/p>\n<p><span style=\"font-family: Montserrat; font-size: 14pt;\">As your local partner, I can facilitate your access to these fairs and provide you with professional photos for your communication.<\/span><\/p>\n<p>&nbsp;<\/p><\/div><\/div><\/div><\/div><\/div><\/div><\/div><\/div><div class=\"vce-row-container\"><div class=\"vce-row vce-element--has-background vce-row--col-gap-30 vce-row-content--top\" data-vce-full-width=\"true\" data-vce-stretch-content=\"true\" id=\"el-347236b5\" data-vce-do-apply=\"all el-347236b5\"><div class=\"vce-content-background-container\"><div class=\"vce-asset-parallax-container vce-visible-all-only\" data-vce-assets-parallax=\".vce-asset-parallax\" data-vce-assets-parallax-reverse=\"1\"><div class=\"vce-asset-parallax\" style=\"top: -30vh; bottom: -30vh; transform: translateY(30vh);\"><div class=\"vce-asset-color-gradient-container vce-visible-all-only\" data-vce-do-apply=\"gradient el-347236b5\"><\/div><\/div><\/div><\/div><div class=\"vce-row-content\" data-vce-element-content=\"true\"><div class=\"vce-col vce-col--md-auto vce-col--xs-1 vce-col--xs-last vce-col--xs-first vce-col--sm-last vce-col--sm-first vce-col--md-last vce-col--lg-last vce-col--xl-last vce-col--md-first vce-col--lg-first vce-col--xl-first\" id=\"el-af4233b2\"><div class=\"vce-col-inner\" data-vce-do-apply=\"border margin background  el-af4233b2\"><div class=\"vce-col-content\" data-vce-element-content=\"true\" data-vce-do-apply=\"padding el-af4233b2\"><div class=\"vce-text-block\"><div class=\"vce-text-block-wrapper vce\" id=\"el-56cef65a\" data-vce-do-apply=\"all el-56cef65a\"><p>&nbsp;<\/p>\n<p>&nbsp;<\/p><\/div><\/div><\/div><\/div><\/div><\/div><\/div><\/div><div class=\"vce-row-container\"><div class=\"vce-row vce-row--col-gap-30 vce-row-equal-height vce-row-content--top\" data-vce-full-width=\"true\" data-vce-stretch-content=\"true\" id=\"el-a7fa186f\" data-vce-do-apply=\"all el-a7fa186f\"><div class=\"vce-row-content\" data-vce-element-content=\"true\"><div class=\"vcv-row-control-wrapper\"><\/div><\/div><\/div><\/div><div class=\"vce-text-block\"><div class=\"vce-text-block-wrapper vce\" id=\"el-6f3f6dc7\" data-vce-do-apply=\"all el-6f3f6dc7\"><div><!-- Von Site Kit hinzugef\u00fcgtes Snippet zur Deaktivierung von Google Analytics --><!-- Ende des von Site Kit hinzugef\u00fcgten Snippets zur Deaktivierung von Google Analytics --><!-- Von Site Kit hinzugef\u00fcgtes Google-Analytics-Snippet --><!-- Ende des von Site Kit hinzugef\u00fcgten Google-Analytics-Snippets --><!-- LayerSlider updates and docs at: https:\/\/layerslider.com --><noscript><style>.vce-row-container .vcv-lozad {display: none}<\/style><\/noscript><\/div>\n<p>&nbsp;<\/p>\n<p>&nbsp;<\/p>\n<div>\n<h2>Berlin is a city full of exciting trade shows that you should not miss. Here are some dates of the most important trade fairs that will take place in Berlin in 2023.<\/h2>\n<p>&nbsp;<\/p>\n<span style=\"font-family: Montserrat; font-size: 14pt;\">\u2666 ITB (Tourism) March 3\u20135, 2026:  \nThe world\u2019s leading trade fair for travel and tourism. Discover new destinations, trends, and offerings.<\/span><\/div>\n<div><br><span style=\"font-family: Montserrat; font-size: 14pt;\">\u2666 Paper positions (Art) April 30 to May 3, 2026: An international fair for contemporary works on paper. Discover the diversity and creativity presented by more than 50 galleries.<\/span><\/div>\n<div><br><span style=\"font-family: Montserrat; font-size: 14pt;\">\u2666 VELOBerlin (Cycling) April 11\u201312, 2026: The trade fair for all bicycle enthusiasts. Discover the latest models, accessories, and events centered around the world of cycling.<\/span><\/div>\n<div><br><span style=\"font-family: Montserrat; font-size: 14pt;\">\u2666 Gartentr\u00e4ume Berlin (Gardens &amp; Plants) May 29\u201331, 2026:  \nThe fair for all garden enthusiasts. Get inspired by beautiful gardens, plants, and decorative ideas.<\/span><\/div>\n<div><br><span style=\"font-family: Montserrat; font-size: 14pt;\">\u2666 Greentech Festival (Technology &amp; Sustainability) May 2026:  \nA festival for everyone who wants to make the world a better place. Learn more about innovative technologies, projects, and ideas for a greener future.<\/span><\/div>\n<div><br><span style=\"font-family: Montserrat; font-size: 14pt;\">\u2666 Transform (formerly hub.berlin \/ Digitalization &amp; Tech) March 18\u201319, 2026: A festival for everyone shaping the future of digital transformation. Connect with experts, artists, and visionaries from a wide range of fields.<\/span><\/div>\n<div><br><span style=\"font-family: Montserrat; font-size: 14pt;\">\u2666 IFA (Consumer Electronics) September 4\u20138, 2026:  \nThe world\u2019s largest trade fair for consumer electronics. Experience the latest products, trends, and innovations in the industry.<\/span><\/div>\n<div><br><span style=\"font-family: Montserrat; font-size: 14pt;\">\u2666 Bazaar Berlin (Design &amp; Handicrafts) November 4\u20138, 2026:  \nThe fair for everyone looking for something special. Discover unique products from around the world, ranging from fashion and jewelry to home accessories.<\/span><\/div>\n<div><br><span style=\"font-family: Montserrat; font-size: 14pt;\">\u2666 Boot &amp; Fun Berlin (Sailing Boats, Motorboats &amp; Houseboats) November 26\u201329, 2026: The trade fair for all water sports enthusiasts. Admire beautiful boats, yachts, and houseboats, and explore everything related to water sports.<\/span><br><br>\n<p><span style=\"color: #808080; font-size: 14pt; font-family: Montserrat;\">Which trade fair are you most interested in? Have you already planned your visit? I am looking forward to your inquiry.<\/span><\/p>\n<h2><span style=\"color: #808080; font-size: 14pt; font-family: Montserrat;\">&nbsp;<\/span><\/h2>\n<\/div><\/div><\/div><div class=\"vce-row-container\"><div class=\"vce-row vce-element--has-background vce-row--col-gap-30 vce-row-content--top\" data-vce-full-width=\"true\" data-vce-stretch-content=\"true\" id=\"el-5b25f58b\" data-vce-do-apply=\"all el-5b25f58b\"><div class=\"vce-content-background-container\"><div class=\"vce-asset-parallax-container vce-visible-all-only\" data-vce-assets-parallax=\".vce-asset-parallax\" data-vce-assets-parallax-reverse=\"1\"><div class=\"vce-asset-parallax\" style=\"top: -30vh; bottom: -30vh; transform: translateY(-28.5507vh);\"><div class=\"vce-asset-color-gradient-container vce-visible-all-only\" data-vce-do-apply=\"gradient el-5b25f58b\"><\/div><\/div><\/div><\/div><div class=\"vce-row-content\" data-vce-element-content=\"true\"><div class=\"vce-col vce-col--md-auto vce-col--xs-1 vce-col--xs-last vce-col--xs-first vce-col--sm-last vce-col--sm-first vce-col--md-last vce-col--lg-last vce-col--xl-last vce-col--md-first vce-col--lg-first vce-col--xl-first\" id=\"el-fc55fca5\"><div class=\"vce-col-inner\" data-vce-do-apply=\"border margin background  el-fc55fca5\"><div class=\"vce-col-content\" data-vce-element-content=\"true\" data-vce-do-apply=\"padding el-fc55fca5\"><div class=\"vce-text-block\"><div class=\"vce-text-block-wrapper vce\" id=\"el-603cbe94\" data-vce-do-apply=\"all el-603cbe94\"><p>&nbsp;<\/p>\n<p>&nbsp;<\/p><\/div><\/div><\/div><\/div><\/div><\/div><\/div><\/div><div class=\"vce-row-container\" data-vce-boxed-width=\"true\"><div class=\"vce-row vce-row--col-gap-30 vce-row-equal-height vce-row-content--top\" id=\"el-1aa31b34\" data-vce-do-apply=\"all el-1aa31b34\"><div class=\"vce-row-content\" data-vce-element-content=\"true\"><div class=\"vce-col vce-col--md-auto vce-col--xs-1 vce-col--xs-last vce-col--xs-first vce-col--sm-last vce-col--sm-first vce-col--md-last vce-col--lg-last vce-col--xl-last vce-col--md-first vce-col--lg-first vce-col--xl-first\" id=\"el-28cff9a2\"><div class=\"vce-col-inner\" data-vce-do-apply=\"border margin background  el-28cff9a2\"><div class=\"vce-col-content\" data-vce-element-content=\"true\" data-vce-do-apply=\"padding el-28cff9a2\"><div class=\"vce-row-container\"><div class=\"vce-row vce-element--has-background vce-row--col-gap-30 vce-row-content--top\" data-vce-full-width=\"true\" data-vce-stretch-content=\"true\" id=\"el-f9b501a4\" data-vce-do-apply=\"all el-f9b501a4\"><div class=\"vce-content-background-container\"><div class=\"vce-asset-parallax-container vce-visible-all-only\" data-vce-assets-parallax=\".vce-asset-parallax\" data-vce-assets-parallax-reverse=\"1\"><div class=\"vce-asset-parallax\" style=\"top: -30vh; bottom: -30vh; transform: translateY(-20.241vh);\"><div class=\"vce-asset-color-gradient-container vce-visible-all-only\" data-vce-do-apply=\"gradient el-f9b501a4\"><\/div><\/div><\/div><\/div><div class=\"vce-row-content\" data-vce-element-content=\"true\"><div class=\"vce-col vce-col--md-auto vce-col--xs-1 vce-col--xs-last vce-col--xs-first vce-col--sm-last vce-col--sm-first vce-col--md-last vce-col--lg-last vce-col--xl-last vce-col--md-first vce-col--lg-first vce-col--xl-first\" id=\"el-ed80dfdf\"><div class=\"vce-col-inner\" data-vce-do-apply=\"border margin background  el-ed80dfdf\"><div class=\"vce-col-content\" data-vce-element-content=\"true\" data-vce-do-apply=\"padding el-ed80dfdf\"><div class=\"vce-text-block\"><div class=\"vce-text-block-wrapper vce\" id=\"el-57984f21\" data-vce-do-apply=\"all el-57984f21\"><p>&nbsp;<\/p>\n<p>&nbsp;<\/p><\/div><\/div><\/div><\/div><\/div><\/div><\/div><\/div><\/div><\/div><\/div><\/div><\/div><\/div><div class=\"vce-row-container\"><div class=\"vce-row vce-element--has-background vce-row--col-gap-30 vce-row-content--top\" data-vce-full-width=\"true\" data-vce-stretch-content=\"true\" id=\"el-8e21ca87\" data-vce-do-apply=\"all el-8e21ca87\"><div class=\"vce-content-background-container\"><div class=\"vce-asset-parallax-container vce-visible-all-only\" data-vce-assets-parallax=\".vce-asset-parallax\" data-vce-assets-parallax-reverse=\"1\"><div class=\"vce-asset-parallax\" style=\"top: -30vh; bottom: -30vh; transform: translateY(2.58982vh);\"><\/div><\/div><\/div><div class=\"vce-row-content\" data-vce-element-content=\"true\"><div class=\"vce-col vce-col--md-50p vce-col--xs-1 vce-col--xs-last vce-col--xs-first vce-col--sm-last vce-col--sm-first vce-col--md-first vce-col--lg-first vce-col--xl-first\" id=\"el-387f6af2\"><div class=\"vce-col-inner\" data-vce-do-apply=\"border margin background  el-387f6af2\"><div class=\"vce-content-background-container\"><\/div><div class=\"vce-col-content\" data-vce-element-content=\"true\" data-vce-do-apply=\"padding el-387f6af2\"><div class=\"vce-single-image-container vce-single-image--align-left\"><div class=\"vce vce-single-image-wrapper\" id=\"el-755f992a\" data-vce-do-apply=\"all el-755f992a\"><figure><div class=\"vce-single-image-figure-inner\"><div class=\"vce-single-image-inner vce-single-image--absolute\" style=\"width: 100%;\"><\/div><\/div><figcaption hidden=\"\"><\/figcaption><\/figure><\/div><\/div><div class=\"vce-text-block\"><div class=\"vce-text-block-wrapper vce\" id=\"el-db23b53b\" data-vce-do-apply=\"all el-db23b53b\"><p><strong><span style=\"font-family: Montserrat; color: #808080; font-size: 14pt;\">Contact: <\/span><\/strong><span style=\"font-family: Montserrat; color: #808080; font-size: 14pt;\">Maria Rapela<\/span><strong><span style=\"font-family: Montserrat; color: #808080; font-size: 14pt;\"><br><\/span><\/strong><\/p>\n<p><span style=\"font-family: Montserrat; color: #808080; font-size: 14pt;\"><strong>Phone:&nbsp;<\/strong> 017 644 277 015<\/span><\/p>\n<p><span style=\"font-family: Montserrat; color: #808080; font-size: 14pt;\"><strong>Email:<\/strong> info (@) mariarapelafoto (.) com<\/span><\/p>\n<p><span style=\"font-family: Montserrat; color: #808080; font-size: 14pt;\">&nbsp;<\/span><\/p><\/div><\/div><div class=\"vce-row-container\" data-vce-boxed-width=\"true\"><div class=\"vce-row vce-row--col-gap-30 vce-row-equal-height vce-row-content--top\" id=\"el-6718519c\" data-vce-do-apply=\"all el-6718519c\"><div class=\"vce-row-content\" data-vce-element-content=\"true\"><div class=\"vce-col vce-col--md-auto vce-col--xs-1 vce-col--xs-last vce-col--xs-first vce-col--sm-last vce-col--sm-first vce-col--md-last vce-col--lg-last vce-col--xl-last vce-col--md-first vce-col--lg-first vce-col--xl-first\" id=\"el-004406cc\"><div class=\"vce-col-inner\" data-vce-do-apply=\"border margin background  el-004406cc\"><div class=\"vce-col-content\" data-vce-element-content=\"true\" data-vce-do-apply=\"padding el-004406cc\"><div class=\"vce-features vce-var-icon vce-features--style-filled-circle vce-features--size-medium\" style=\"--iconAlignment: left; --iconColor: #fff; --iconColorHover: rgb(33, 33, 33); --shapeColor: rgb(62, 61, 61); --shapeColorHover: rgb(255, 255, 255); --linkColorHover: rgb(55,55,55);\"><div id=\"el-02b9d301\" class=\"vce vce-features-icon-wrapper\" data-vce-do-apply=\"all el-02b9d301\"><a class=\"vce-features--icon vce-icon\" href=\"tel:+49(0)17644277015\" title=\"\" rel=\"nofollow\"><svg xmlns=\"https:\/\/www.w3.org\/2000\/svg\" viewbox=\"0 0 769 769\"><path stroke-width=\"25\" d=\"M565.755 696.27h-360l-180-311.77 180-311.77h360l180 311.77z\"><\/path><\/svg><span class=\"vce-icon-container fas fa-phone-alt\"><\/span><\/a><\/div><\/div><\/div><\/div><\/div><\/div><\/div><\/div><div class=\"vce-social-profile-icons vce vce-social-profile-icons--alignment-left\" id=\"el-ac26b724\" data-vce-do-apply=\"all el-ac26b724\" data-vce-animate=\"vce-o-animate--swing\" style=\"--gapPx: 26px; --iconColor: rgb(29, 100, 197);\"><div class=\"vce-social-profile-icons-inner\"><a class=\"vce-social-profile-icon\" href=\"https:\/\/www.facebook.com\/mariarapelafoto\/\" title=\"Facebook\" target=\"_blank\" rel=\"nofollow\"><svg class=\"vce-social-icon-svg\" width=\"26px\" height=\"26px\" viewbox=\"0 0 26 26\" version=\"1.1\" xmlns=\"http:\/\/www.w3.org\/2000\/svg\"><g stroke=\"none\" stroke-width=\"1\" fill=\"none\" fill-rule=\"evenodd\" class=\"vce-social-icon-svg--default\"><g fill-rule=\"nonzero\"><path d=\"M12.90952,0 C5.79124,0 0,5.79124 0,12.90952 C0,20.02728 5.79124,25.81904 12.90952,25.81904 C20.02728,25.81904 25.81904,20.02728 25.81904,12.90952 C25.81904,5.79124 20.02832,0 12.90952,0 Z M16.12,13.364 L14.01972,13.364 C14.01972,16.71956 14.01972,20.84992 14.01972,20.84992 L10.90752,20.84992 C10.90752,20.84992 10.90752,16.7596 10.90752,13.364 L9.42812,13.364 L9.42812,10.71824 L10.90752,10.71824 L10.90752,9.00692 C10.90752,7.78128 11.48992,5.86612 14.04832,5.86612 L16.35452,5.87496 L16.35452,8.44324 C16.35452,8.44324 14.95312,8.44324 14.68064,8.44324 C14.40816,8.44324 14.02076,8.57948 14.02076,9.16396 L14.02076,10.71876 L16.39196,10.71876 L16.12,13.364 Z\"><\/path><\/g><\/g><g stroke=\"none\" stroke-width=\"1\" fill=\"none\" fill-rule=\"evenodd\"><g fill-rule=\"nonzero\" class=\"vce-social-icon-svg--active\"><path d=\"M12.90952,0 C5.79124,0 0,5.79124 0,12.90952 C0,20.02728 5.79124,25.81904 12.90952,25.81904 C20.02728,25.81904 25.81904,20.02728 25.81904,12.90952 C25.81904,5.79124 20.02832,0 12.90952,0 Z\" fill=\"#3B5998\"><\/path><path d=\"M16.12,13.364 L14.01972,13.364 C14.01972,16.71956 14.01972,20.84992 14.01972,20.84992 L10.90752,20.84992 C10.90752,20.84992 10.90752,16.7596 10.90752,13.364 L9.42812,13.364 L9.42812,10.71824 L10.90752,10.71824 L10.90752,9.00692 C10.90752,7.78128 11.48992,5.86612 14.04832,5.86612 L16.35452,5.87496 L16.35452,8.44324 C16.35452,8.44324 14.95312,8.44324 14.68064,8.44324 C14.40816,8.44324 14.02076,8.57948 14.02076,9.16396 L14.02076,10.71876 L16.39196,10.71876 L16.12,13.364 Z\" fill=\"#FFFFFF\"><\/path><\/g><\/g><\/svg><\/a><a class=\"vce-social-profile-icon\" href=\"https:\/\/www.instagram.com\/maria_rapela_foto\/\" title=\"Instagram\" target=\"_blank\" rel=\"nofollow\"><svg class=\"vce-social-icon-svg\" width=\"26px\" height=\"26px\" viewbox=\"0 0 26 26\" version=\"1.1\" xmlns=\"http:\/\/www.w3.org\/2000\/svg\"><defs><lineargradient x1=\"50%\" y1=\"0%\" x2=\"50%\" y2=\"100%\" id=\"vcv-social-icons-instagram-gradient-ac26b724\"><stop stop-color=\"#7D22B7\" offset=\"0%\"><\/stop><stop stop-color=\"#DB8D40\" offset=\"100%\"><\/stop><\/lineargradient><\/defs><g stroke=\"none\" stroke-width=\"1\" fill=\"none\" fill-rule=\"evenodd\" class=\"vce-social-icon-svg--default\"><g fill-rule=\"nonzero\"><path d=\"M16.8292222,6.89866667 C18.0630667,6.89866667 19.0666667,7.90226667 19.0666667,9.13582222 L19.0666667,16.8641778 C19.0666667,18.0980222 18.0627778,19.1016222 16.8292222,19.1016222 L9.10086667,19.1016222 C7.86731111,19.1016222 6.86371111,18.0977333 6.86371111,16.8641778 L6.86371111,9.13582222 C6.86371111,7.90226667 7.86731111,6.89866667 9.10086667,6.89866667 L16.8292222,6.89866667 Z M12.9650444,17.0172889 C15.1799556,17.0172889 16.9823333,15.2149111 16.9823333,13 C16.9823333,10.7850889 15.1802444,8.983 12.9650444,8.983 C10.7501333,8.983 8.94804444,10.7850889 8.94804444,13 C8.94804444,15.2152 10.7501333,17.0172889 12.9650444,17.0172889 Z M17.1114667,9.81355556 C17.6355111,9.81355556 18.0619111,9.38715556 18.0619111,8.86311111 C18.0619111,8.33906667 17.6355111,7.91266667 17.1114667,7.91266667 C16.5871333,7.91266667 16.1607333,8.33906667 16.1607333,8.86311111 C16.1607333,9.38715556 16.5871333,9.81355556 17.1114667,9.81355556 Z M12.9650444,10.6805111 C14.2439556,10.6805111 15.2845333,11.7213778 15.2845333,12.9997111 C15.2845333,14.2789111 14.2442444,15.3197778 12.9650444,15.3197778 C11.6864222,15.3197778 10.6452667,14.2789111 10.6452667,12.9997111 C10.6452667,11.7210889 11.6864222,10.6805111 12.9650444,10.6805111 Z M12.9650444,1.86517468e-13 C20.1251556,1.86517468e-13 25.9300889,5.80493333 25.9300889,12.9650444 C25.9300889,20.1251556 20.1251556,25.9300889 12.9650444,25.9300889 C5.80493333,25.9300889 -4.08562073e-14,20.1251556 -4.08562073e-14,12.9650444 C-4.08562073e-14,5.80493333 5.80493333,1.86517468e-13 12.9650444,1.86517468e-13 Z M20.7638889,16.8641778 L20.7638889,9.13582222 C20.7638889,6.96626667 18.9990667,5.20115556 16.8292222,5.20115556 L9.10086667,5.20115556 C6.93131111,5.20115556 5.1662,6.96626667 5.1662,9.13582222 L5.1662,16.8641778 C5.1662,19.0340222 6.93131111,20.7988444 9.10086667,20.7988444 L16.8292222,20.7988444 C18.9990667,20.7988444 20.7638889,19.0340222 20.7638889,16.8641778 Z\"><\/path><\/g><\/g><g stroke=\"none\" stroke-width=\"1\" fill=\"none\" fill-rule=\"evenodd\" class=\"vce-social-icon-svg--active\"><rect fill=\"#FFFFFF\" x=\"3\" y=\"3\" width=\"20\" height=\"20\" rx=\"9.5\"><\/rect><path d=\"M16.8292222,6.89866667 C18.0630667,6.89866667 19.0666667,7.90226667 19.0666667,9.13582222 L19.0666667,16.8641778 C19.0666667,18.0980222 18.0627778,19.1016222 16.8292222,19.1016222 L9.10086667,19.1016222 C7.86731111,19.1016222 6.86371111,18.0977333 6.86371111,16.8641778 L6.86371111,9.13582222 C6.86371111,7.90226667 7.86731111,6.89866667 9.10086667,6.89866667 L16.8292222,6.89866667 Z M12.9650444,17.0172889 C15.1799556,17.0172889 16.9823333,15.2149111 16.9823333,13 C16.9823333,10.7850889 15.1802444,8.983 12.9650444,8.983 C10.7501333,8.983 8.94804444,10.7850889 8.94804444,13 C8.94804444,15.2152 10.7501333,17.0172889 12.9650444,17.0172889 Z M17.1114667,9.81355556 C17.6355111,9.81355556 18.0619111,9.38715556 18.0619111,8.86311111 C18.0619111,8.33906667 17.6355111,7.91266667 17.1114667,7.91266667 C16.5871333,7.91266667 16.1607333,8.33906667 16.1607333,8.86311111 C16.1607333,9.38715556 16.5871333,9.81355556 17.1114667,9.81355556 Z M12.9650444,10.6805111 C14.2439556,10.6805111 15.2845333,11.7213778 15.2845333,12.9997111 C15.2845333,14.2789111 14.2442444,15.3197778 12.9650444,15.3197778 C11.6864222,15.3197778 10.6452667,14.2789111 10.6452667,12.9997111 C10.6452667,11.7210889 11.6864222,10.6805111 12.9650444,10.6805111 Z M12.9650444,1.86517468e-13 C20.1251556,1.86517468e-13 25.9300889,5.80493333 25.9300889,12.9650444 C25.9300889,20.1251556 20.1251556,25.9300889 12.9650444,25.9300889 C5.80493333,25.9300889 -4.08562073e-14,20.1251556 -4.08562073e-14,12.9650444 C-4.08562073e-14,5.80493333 5.80493333,1.86517468e-13 12.9650444,1.86517468e-13 Z M20.7638889,16.8641778 L20.7638889,9.13582222 C20.7638889,6.96626667 18.9990667,5.20115556 16.8292222,5.20115556 L9.10086667,5.20115556 C6.93131111,5.20115556 5.1662,6.96626667 5.1662,9.13582222 L5.1662,16.8641778 C5.1662,19.0340222 6.93131111,20.7988444 9.10086667,20.7988444 L16.8292222,20.7988444 C18.9990667,20.7988444 20.7638889,19.0340222 20.7638889,16.8641778 Z\" fill=\"url(#vcv-social-icons-instagram-gradient-ac26b724)\" fill-rule=\"nonzero\"><\/path><\/g><\/svg><\/a><\/div><\/div><div class=\"vce-button--style-basic-container vce-button--style-basic-container--align-left\"><span class=\"vce-button--style-basic-wrapper vce\" id=\"el-ebc2856c\" data-vce-do-apply=\"margin el-ebc2856c\"><a class=\"vce-button vce-button--style-basic vce-button--style-basic--border-round vce-button--style-basic--size-medium vce-button--style-basic--color-b-249-78-71--b-255-255-255 vce-button--style-basic--hover-color-b-131-131-131--fff\" href=\"http:\/\/eepurl.com\/hp2jJX\" title=\"\" target=\"_blank\" rel=\"nofollow\" data-vce-do-apply=\"padding border background  el-ebc2856c\" data-vce-animate=\"vce-o-animate--shake-xl vce-o-animate--shake-lg vce-o-animate--shake-md vce-o-animate--shake-sm vce-o-animate--shake-xs\" data-vce-animate-delay=\"vce-o-animate-delay--1-xl vce-o-animate-delay--1-lg vce-o-animate-delay--1-md vce-o-animate-delay--1-sm vce-o-animate-delay--1-xs\">Subscribe to my newsletter<\/a><\/span><\/div><div class=\"vce-row-container\" data-vce-boxed-width=\"true\"><div class=\"vce-row vce-row--col-gap-30 vce-row-equal-height vce-row-content--top\" id=\"el-c26ae589\" data-vce-do-apply=\"all el-c26ae589\"><div class=\"vce-row-content\" data-vce-element-content=\"true\"><div class=\"vcv-row-control-wrapper\"><\/div><\/div><\/div><\/div><\/div><\/div><\/div><div class=\"vce-col vce-col--md-50p vce-col--xs-1 vce-col--xs-last vce-col--xs-first vce-col--sm-last vce-col--sm-first vce-col--md-last vce-col--lg-last vce-col--xl-last\" id=\"el-6c254c21\"><div class=\"vce-col-inner\" data-vce-do-apply=\"border margin background  el-6c254c21\"><div class=\"vce-col-content\" data-vce-element-content=\"true\" data-vce-do-apply=\"padding el-6c254c21\"><div class=\"vce-single-image-container vce-single-image--align-left\"><div class=\"vce vce-single-image-wrapper\" id=\"el-e16ec6a6\" data-vce-do-apply=\"all el-e16ec6a6\"><figure><div class=\"vce-single-image-figure-inner\"><div class=\"vce-single-image-inner vce-single-image--absolute\" style=\"width: 100%;\"><\/div><\/div><figcaption hidden=\"\"><\/figcaption><\/figure><\/div><\/div><div class=\"vce-row-container\" data-vce-boxed-width=\"true\"><div class=\"vce-row vce-row--col-gap-30 vce-row-equal-height vce-row-content--top\" id=\"el-9669e617\" data-vce-do-apply=\"all el-9669e617\"><div class=\"vce-content-background-container\"><\/div><div class=\"vce-row-content\" data-vce-element-content=\"true\"><div class=\"vce-col vce-col--md-auto vce-col--xs-1 vce-col--xs-last vce-col--xs-first vce-col--sm-last vce-col--sm-first vce-col--md-last vce-col--lg-last vce-col--xl-last vce-col--md-first vce-col--lg-first vce-col--xl-first\" id=\"el-52b206bf\"><div class=\"vce-col-inner\" data-vce-do-apply=\"border margin background  el-52b206bf\"><div class=\"vce-col-content\" data-vce-element-content=\"true\" data-vce-do-apply=\"padding el-52b206bf\"><div class=\"vce-text-block\"><div class=\"vce-text-block-wrapper vce\" id=\"el-b38329e7\" data-vce-do-apply=\"all el-b38329e7\"><h3 style=\"text-align: left;\"><span style=\"font-size: 18pt; font-family: Montserrat;\">What can I do for you?<\/span><\/h3>\n<p><span style=\"font-family: Montserrat; color: #808080; font-size: 14pt; font-weight: 300; font-style: normal;\">Schreiben Sie mir und teilen Sie mir mit, ob Sie ein gesch\u00e4tztes Budget haben. Bitte geben Sie mir Bescheid, wann die Veranstaltung stattfinden soll und ob Sie Video- oder nur Fotoaufnahmen w\u00fcnschen. Falls es ein Rahmenprogramm gibt, lassen Sie mich das ebenfalls wissen. Ich werde Ihnen dann ein passendes Angebot zusenden.<\/span><\/p>\n<p><span style=\"font-family: Montserrat; color: #808080; font-size: 14pt; font-weight: 300; font-style: normal;\">I look forward to your message!<\/span><\/p><\/div><\/div><div class=\"vce-shortcode\"><div class=\"vce-shortcode-wrapper vce\" id=\"el-a806f120\" data-vce-do-apply=\"all el-a806f120\">\n<div class=\"wpcf7 no-js\" id=\"wpcf7-f21462-o1\" lang=\"de-DE\" dir=\"ltr\" data-wpcf7-id=\"21462\">\n<div class=\"screen-reader-response\"><p role=\"status\" aria-live=\"polite\" aria-atomic=\"true\"><\/p> <ul><\/ul><\/div>\n<form action=\"\/en\/wp-json\/wp\/v2\/pages\/20555#wpcf7-f21462-o1\" method=\"post\" class=\"wpcf7-form init\" aria-label=\"Contact form\" novalidate=\"novalidate\" data-status=\"init\" data-trp-original-action=\"\/en\/wp-json\/wp\/v2\/pages\/20555#wpcf7-f21462-o1\">\n<fieldset class=\"hidden-fields-container\"><input type=\"hidden\" name=\"_wpcf7\" value=\"21462\" \/><input type=\"hidden\" name=\"_wpcf7_version\" value=\"6.1.5\" \/><input type=\"hidden\" name=\"_wpcf7_locale\" value=\"de_DE\" \/><input type=\"hidden\" name=\"_wpcf7_unit_tag\" value=\"wpcf7-f21462-o1\" \/><input type=\"hidden\" name=\"_wpcf7_container_post\" value=\"0\" \/><input type=\"hidden\" name=\"_wpcf7_posted_data_hash\" value=\"\" \/>\n<\/fieldset>\n<p><label> Name, Surname<br \/>\n<span class=\"wpcf7-form-control-wrap\" data-name=\"your-name\"><input size=\"40\" maxlength=\"400\" class=\"wpcf7-form-control wpcf7-text wpcf7-validates-as-required\" autocomplete=\"name\" aria-required=\"true\" aria-invalid=\"false\" value=\"\" type=\"text\" name=\"your-name\" \/><\/span> <\/label>\n<\/p>\n<p><label> Your email address<br \/>\n<span class=\"wpcf7-form-control-wrap\" data-name=\"your-email\"><input size=\"40\" maxlength=\"400\" class=\"wpcf7-form-control wpcf7-email wpcf7-validates-as-required wpcf7-text wpcf7-validates-as-email\" autocomplete=\"email\" aria-required=\"true\" aria-invalid=\"false\" value=\"\" type=\"email\" name=\"your-email\" \/><\/span> <\/label>\n<\/p>\n<p><label> Subject<br \/>\n<span class=\"wpcf7-form-control-wrap\" data-name=\"your-subject\"><input size=\"40\" maxlength=\"400\" class=\"wpcf7-form-control wpcf7-text wpcf7-validates-as-required\" aria-required=\"true\" aria-invalid=\"false\" value=\"\" type=\"text\" name=\"your-subject\" \/><\/span> <\/label>\n<\/p>\n<p><label> Message<br \/>\n<span class=\"wpcf7-form-control-wrap\" data-name=\"your-message\"><textarea cols=\"40\" rows=\"10\" maxlength=\"2000\" class=\"wpcf7-form-control wpcf7-textarea\" aria-invalid=\"false\" name=\"your-message\"><\/textarea><\/span> <\/label>\n<\/p>\n<p><label> Language in which you prefer to communicate: German, English, Spanish, French, Italian, German, Spanish, French, Italian.<br \/>\n<span class=\"wpcf7-form-control-wrap\" data-name=\"your-subject\"><input size=\"40\" maxlength=\"400\" class=\"wpcf7-form-control wpcf7-text wpcf7-validates-as-required\" aria-required=\"true\" aria-invalid=\"false\" value=\"\" type=\"text\" name=\"your-subject\" \/><\/span> <\/label>\n<\/p>\n<p><label> How did you find me?<br \/>\n<span class=\"wpcf7-form-control-wrap\" data-name=\"your-subject\"><input size=\"40\" maxlength=\"400\" class=\"wpcf7-form-control wpcf7-text wpcf7-validates-as-required\" aria-required=\"true\" aria-invalid=\"false\" value=\"\" type=\"text\" name=\"your-subject\" \/><\/span> <\/label>\n<\/p>\n<p><input class=\"wpcf7-form-control wpcf7-submit has-spinner\" type=\"submit\" value=\"Send\" \/>\n<\/p><div class=\"wpcf7-response-output\" aria-hidden=\"true\"><\/div>\n<input type=\"hidden\" name=\"trp-form-language\" value=\"en\"\/><\/form>\n<\/div>\n<\/div><\/div><\/div><\/div><\/div><\/div><\/div><\/div><\/div><\/div><\/div><\/div><\/div><\/div><div class=\"vce vce-separator-container vce-separator--align-center vce-separator--style-solid\" id=\"el-20f1a0db\" data-vce-do-apply=\"margin el-20f1a0db\"><div class=\"vce-separator vce-separator--color-b-237-237-237 vce-separator--width-80 vce-separator--thickness-1\" data-vce-do-apply=\"border padding background  el-20f1a0db\"><\/div><\/div><div class=\"vce-image-gallery vce-image-gallery--gap-10 vce-image-gallery--columns-2 vce-image-gallery--border-rounded\"><div class=\"vce-image-gallery-wrapper vce\" id=\"el-2d6ceea8\" data-vce-do-apply=\"all el-2d6ceea8\"><div class=\"vce-image-gallery-list\"><\/div><\/div><\/div><div class=\"vce-row-container\"><div class=\"vce-row vce-row--col-gap-30 vce-row-equal-height vce-row-content--top\" data-vce-full-width=\"true\" data-vce-stretch-content=\"true\" id=\"el-919f1159\" data-vce-do-apply=\"all el-919f1159\"><div class=\"vce-row-content\" data-vce-element-content=\"true\"><div class=\"vce-col vce-col--md-auto vce-col--xs-1 vce-col--xs-last vce-col--xs-first vce-col--sm-last vce-col--sm-first vce-col--md-last vce-col--lg-last vce-col--xl-last vce-col--md-first vce-col--lg-first vce-col--xl-first\" id=\"el-551497a6\"><div class=\"vce-col-inner\" data-vce-do-apply=\"border margin background  el-551497a6\"><div class=\"vce-col-content\" data-vce-element-content=\"true\" data-vce-do-apply=\"padding el-551497a6\"><div class=\"vce-row-container\"><div class=\"vce-row vce-row--col-gap-30 vce-row-equal-height vce-row-content--top\" data-vce-full-width=\"true\" data-vce-stretch-content=\"true\" id=\"el-bd21f6b1\" data-vce-do-apply=\"all el-bd21f6b1\"><div class=\"vce-row-content\" data-vce-element-content=\"true\"><div class=\"vce-col vce-col--md-auto vce-col--xs-1 vce-col--xs-last vce-col--xs-first vce-col--sm-last vce-col--sm-first vce-col--md-last vce-col--lg-last vce-col--xl-last vce-col--md-first vce-col--lg-first vce-col--xl-first\" id=\"el-7e3c2298\"><div class=\"vce-col-inner\" data-vce-do-apply=\"border margin background  el-7e3c2298\"><div class=\"vce-col-content\" data-vce-element-content=\"true\" data-vce-do-apply=\"padding el-7e3c2298\"><div class=\"vce-row-container\"><div class=\"vce-row vce-row--col-gap-30 vce-row-equal-height vce-row-content--top\" data-vce-full-width=\"true\" data-vce-stretch-content=\"true\" id=\"el-02dafbb2\" data-vce-do-apply=\"all el-02dafbb2\"><div class=\"vce-row-content\" data-vce-element-content=\"true\"><div class=\"vce-col vce-col--md-auto vce-col--xs-1 vce-col--xs-last vce-col--xs-first vce-col--sm-last vce-col--sm-first vce-col--md-last vce-col--lg-last vce-col--xl-last vce-col--md-first vce-col--lg-first vce-col--xl-first\" id=\"el-fe015656\"><div class=\"vce-col-inner\" data-vce-do-apply=\"border margin background  el-fe015656\"><div class=\"vce-col-content\" data-vce-element-content=\"true\" data-vce-do-apply=\"padding el-fe015656\"><div class=\"vce-row-container\"><div class=\"vce-row vce-row--col-gap-30 vce-row-equal-height vce-row-content--top\" data-vce-full-width=\"true\" data-vce-stretch-content=\"true\" id=\"el-4e2f8862\" data-vce-do-apply=\"all el-4e2f8862\"><div class=\"vce-content-background-container\"><\/div><div class=\"vce-row-content\" data-vce-element-content=\"true\"><div class=\"vce-col vce-col--md-31p vce-col--xs-1 vce-col--xs-last vce-col--xs-first vce-col--sm-last vce-col--sm-first vce-col--md-first vce-col--lg-first vce-col--xl-first\" id=\"el-6145af75\"><div class=\"vce-col-inner\" data-vce-do-apply=\"border margin background  el-6145af75\"><div class=\"vce-content-background-container\"><\/div><div class=\"vce-col-content\" data-vce-element-content=\"true\" data-vce-do-apply=\"padding el-6145af75\"><div class=\"vce-single-image-container vce-single-image--align-left\"><div class=\"vce vce-single-image-wrapper\" id=\"el-5cbb8a8c\" data-vce-do-apply=\"all el-5cbb8a8c\"><figure><div class=\"vce-single-image-figure-inner\" style=\"width: 1024px;\"><a href=\"https:\/\/mariarapelafoto.com\/en\/businessfotografie\/\" title=\"\" target=\"_blank\" rel=\"nofollow\" class=\"vce-single-image-inner vce-single-image--absolute vce-single-image--border-rounded\" style=\"width: 100%; padding-bottom: 75%;\"><img decoding=\"async\" class=\"vce-single-image lazyload\"  width=\"1024\" height=\"768\" data-srcset=\"https:\/\/mariarapelafoto.com\/wp-content\/uploads\/2022\/11\/Business-fotografie-Berlin-mitte-wedding-bewerbungsfoto-portraits-headshots-portrait-retratos-en-photography-womens-frauen-\u00a9mariarapela-320x240.jpg 320w, https:\/\/mariarapelafoto.com\/wp-content\/uploads\/2022\/11\/Business-fotografie-Berlin-mitte-wedding-bewerbungsfoto-portraits-headshots-portrait-retratos-en-photography-womens-frauen-\u00a9mariarapela-480x360.jpg 480w, https:\/\/mariarapelafoto.com\/wp-content\/uploads\/2022\/11\/Business-fotografie-Berlin-mitte-wedding-bewerbungsfoto-portraits-headshots-portrait-retratos-en-photography-womens-frauen-\u00a9mariarapela-800x600.jpg 800w, https:\/\/mariarapelafoto.com\/wp-content\/uploads\/2026\/01\/Business-fotografie-Berlin-mitte-wedding-bewerbungsfoto-portraits-headshots-portrait-retratos-en-photography-womens-frauen-\u00a9mariarapela-1024x768.jpg 1024w\" data-src=\"https:\/\/mariarapelafoto.com\/wp-content\/uploads\/2026\/01\/Business-fotografie-Berlin-mitte-wedding-bewerbungsfoto-portraits-headshots-portrait-retratos-en-photography-womens-frauen-\u00a9mariarapela-1024x768.jpg\" data-img-src=\"https:\/\/mariarapelafoto.com\/wp-content\/uploads\/2022\/11\/Business-fotografie-Berlin-mitte-wedding-bewerbungsfoto-portraits-headshots-portrait-retratos-en-photography-womens-frauen-\u00a9mariarapela.jpg\" data-attachment-id=\"20368\"  alt=\"\" title=\"Business fotografie Berlin mitte wedding bewerbungsfoto portraits headshots portrait retratos en photography womens frauen \u00a9mariarapela\" src=\"data:image\/svg+xml;base64,PHN2ZyB3aWR0aD0iMSIgaGVpZ2h0PSIxIiB4bWxucz0iaHR0cDovL3d3dy53My5vcmcvMjAwMC9zdmciPjwvc3ZnPg==\" style=\"--smush-placeholder-width: 1024px; --smush-placeholder-aspect-ratio: 1024\/768;\" \/><\/a><\/div><figcaption hidden=\"\"><\/figcaption><\/figure><\/div><\/div><div class=\"vce-text-block\"><div class=\"vce-text-block-wrapper vce\" id=\"el-1ef0e345\" data-vce-do-apply=\"all el-1ef0e345\"><h6 style=\"text-align: center;\"><a href=\"https:\/\/mariarapelafoto.com\/en\/businessfotografie\/\"><span style=\"font-size: 24pt; font-weight: 800; font-style: normal;\"><strong><span style=\"font-family: Montserrat; color: #333333;\">Business Photography<\/span><\/strong><\/span><\/a><\/h6><\/div><\/div><\/div><\/div><\/div><div class=\"vce-col vce-col--md-35p vce-col--xs-1 vce-col--xs-last vce-col--xs-first vce-col--sm-last vce-col--sm-first\" id=\"el-6998e88d\"><div class=\"vce-col-inner\" data-vce-do-apply=\"border margin background  el-6998e88d\"><div class=\"vce-col-content\" data-vce-element-content=\"true\" data-vce-do-apply=\"padding el-6998e88d\"><div class=\"vce-single-image-container vce-single-image--align-center\"><div class=\"vce vce-single-image-wrapper\" id=\"el-9bf22008\" data-vce-do-apply=\"all el-9bf22008\"><figure><div class=\"vce-single-image-figure-inner\" style=\"width: 1024px;\"><a href=\"https:\/\/mariarapelafoto.com\/en\/people-fotografie\/\" title=\"\" target=\"_blank\" rel=\"nofollow\" class=\"vce-single-image-inner vce-single-image--absolute vce-single-image--border-rounded\" style=\"width: 100%; padding-bottom: 66.6992%;\"><img decoding=\"async\" class=\"vce-single-image lazyload\"  width=\"1024\" height=\"683\" data-srcset=\"https:\/\/mariarapelafoto.com\/wp-content\/uploads\/2023\/03\/Messe-Fotografie-Berlin-Maria-Rapela-Foto-photographer-expo-center-booth-berlin--320x213.jpg 320w, https:\/\/mariarapelafoto.com\/wp-content\/uploads\/2023\/03\/Messe-Fotografie-Berlin-Maria-Rapela-Foto-photographer-expo-center-booth-berlin--480x320.jpg 480w, https:\/\/mariarapelafoto.com\/wp-content\/uploads\/2023\/03\/Messe-Fotografie-Berlin-Maria-Rapela-Foto-photographer-expo-center-booth-berlin--800x534.jpg 800w, https:\/\/mariarapelafoto.com\/wp-content\/uploads\/2026\/01\/Messe-Fotografie-Berlin-Maria-Rapela-Foto-photographer-expo-center-booth-berlin--1024x683.jpg 1024w\" data-src=\"https:\/\/mariarapelafoto.com\/wp-content\/uploads\/2026\/01\/Messe-Fotografie-Berlin-Maria-Rapela-Foto-photographer-expo-center-booth-berlin--1024x683.jpg\" data-img-src=\"https:\/\/mariarapelafoto.com\/wp-content\/uploads\/2023\/03\/Messe-Fotografie-Berlin-Maria-Rapela-Foto-photographer-expo-center-booth-berlin-.jpg\" data-attachment-id=\"20664\"  alt=\"Messefotografie\" title=\"Messe Fotografie Berlin- Maria Rapela Foto-photographer expo center booth berlin\" src=\"data:image\/svg+xml;base64,PHN2ZyB3aWR0aD0iMSIgaGVpZ2h0PSIxIiB4bWxucz0iaHR0cDovL3d3dy53My5vcmcvMjAwMC9zdmciPjwvc3ZnPg==\" style=\"--smush-placeholder-width: 1024px; --smush-placeholder-aspect-ratio: 1024\/683;\" \/><\/a><\/div><figcaption hidden=\"\"><\/figcaption><\/figure><\/div><\/div><div class=\"vce-text-block\"><div class=\"vce-text-block-wrapper vce\" id=\"el-8cfe5f13\" data-vce-do-apply=\"all el-8cfe5f13\"><h6 style=\"line-height: 1.25; text-align: center;\"><a href=\"https:\/\/mariarapelafoto.com\/en\/internationale-gastbetreuung-in-berlin\/\"><span style=\"font-size: 24pt; font-weight: 800; font-style: normal;\"><strong><span style=\"font-family: Montserrat; color: #333333;\">International guest assistance in Berlin<\/span><\/strong><\/span><\/a><\/h6><\/div><\/div><\/div><\/div><\/div><div class=\"vce-col vce-col--md-34p vce-col--xs-1 vce-col--xs-last vce-col--xs-first vce-col--sm-last vce-col--sm-first vce-col--md-last vce-col--lg-last vce-col--xl-last\" id=\"el-bebec4aa\"><div class=\"vce-col-inner\" data-vce-do-apply=\"border margin background  el-bebec4aa\"><div class=\"vce-col-content\" data-vce-element-content=\"true\" data-vce-do-apply=\"padding el-bebec4aa\"><div class=\"vce-single-image-container vce-single-image--align-left\"><div class=\"vce vce-single-image-wrapper\" id=\"el-b1fb3a96\" data-vce-do-apply=\"all el-b1fb3a96\"><figure><div class=\"vce-single-image-figure-inner\" style=\"width: 1024px;\"><a href=\"https:\/\/mariarapelafoto.com\/en\/business-und-corporate-eventfotografie\/\" title=\"\" target=\"_blank\" class=\"vce-single-image-inner vce-single-image--absolute vce-single-image--border-rounded\" style=\"width: 100%; padding-bottom: 66.6992%;\"><img decoding=\"async\" class=\"vce-single-image lazyload\"  width=\"1024\" height=\"683\" data-srcset=\"https:\/\/mariarapelafoto.com\/wp-content\/uploads\/2022\/08\/Migrapreneuer-Event-Berlin-Social-Media-Format-72dpi-Foto_Maria_Rapela-00033-320x213.jpg 320w, https:\/\/mariarapelafoto.com\/wp-content\/uploads\/2022\/08\/Migrapreneuer-Event-Berlin-Social-Media-Format-72dpi-Foto_Maria_Rapela-00033-480x320.jpg 480w, https:\/\/mariarapelafoto.com\/wp-content\/uploads\/2022\/08\/Migrapreneuer-Event-Berlin-Social-Media-Format-72dpi-Foto_Maria_Rapela-00033-800x534.jpg 800w, https:\/\/mariarapelafoto.com\/wp-content\/uploads\/2026\/01\/Migrapreneuer-Event-Berlin-Social-Media-Format-72dpi-Foto_Maria_Rapela-00033-1024x683.jpg 1024w\" data-src=\"https:\/\/mariarapelafoto.com\/wp-content\/uploads\/2026\/01\/Migrapreneuer-Event-Berlin-Social-Media-Format-72dpi-Foto_Maria_Rapela-00033-1024x683.jpg\" data-img-src=\"https:\/\/mariarapelafoto.com\/wp-content\/uploads\/2022\/08\/Migrapreneuer-Event-Berlin-Social-Media-Format-72dpi-Foto_Maria_Rapela-00033.jpg\" data-attachment-id=\"19898\"  alt=\"Eventfotografie\" title=\"Event Photography\" src=\"data:image\/svg+xml;base64,PHN2ZyB3aWR0aD0iMSIgaGVpZ2h0PSIxIiB4bWxucz0iaHR0cDovL3d3dy53My5vcmcvMjAwMC9zdmciPjwvc3ZnPg==\" style=\"--smush-placeholder-width: 1024px; --smush-placeholder-aspect-ratio: 1024\/683;\" \/><\/a><\/div><figcaption hidden=\"\"><\/figcaption><\/figure><\/div><\/div><div class=\"vce-text-block\"><div class=\"vce-text-block-wrapper vce\" id=\"el-0ae2d159\" data-vce-do-apply=\"all el-0ae2d159\"><h6 style=\"text-align: center;\"><a href=\"https:\/\/mariarapelafoto.com\/en\/business-und-corporate-eventfotografie\/\"><span style=\"font-size: 24pt; font-weight: 800; font-style: normal;\"><strong><span style=\"font-family: Montserrat; color: #333333;\">Event Photography<\/span><\/strong><\/span><\/a><\/h6><\/div><\/div><\/div><\/div><\/div><\/div><\/div><\/div><\/div><\/div><\/div><\/div><\/div><\/div><\/div><\/div><\/div><\/div><\/div><\/div><div class=\"vce-row-container\"><div class=\"vce-row vce-element--has-background vce-row--col-gap-30 vce-row-content--top\" data-vce-full-width=\"true\" data-vce-stretch-content=\"true\" id=\"el-d9aece10\" data-vce-do-apply=\"all el-d9aece10\"><div class=\"vce-content-background-container\"><div class=\"vce-asset-parallax-container vce-visible-all-only\" data-vce-assets-parallax=\".vce-asset-parallax\" data-vce-assets-parallax-reverse=\"1\"><div class=\"vce-asset-parallax\" style=\"top: -30vh; bottom: -30vh; transform: translateY(30vh);\"><div class=\"vce-asset-color-gradient-container vce-visible-all-only\" data-vce-do-apply=\"gradient el-d9aece10\"><\/div><\/div><\/div><\/div><div class=\"vce-row-content\" data-vce-element-content=\"true\"><div class=\"vce-col vce-col--md-auto vce-col--xs-1 vce-col--xs-last vce-col--xs-first vce-col--sm-last vce-col--sm-first vce-col--md-last vce-col--lg-last vce-col--xl-last vce-col--md-first vce-col--lg-first vce-col--xl-first\" id=\"el-f9607a67\"><div class=\"vce-col-inner\" data-vce-do-apply=\"border margin background  el-f9607a67\"><div class=\"vce-col-content\" data-vce-element-content=\"true\" data-vce-do-apply=\"padding el-f9607a67\"><div class=\"vce-text-block\"><div class=\"vce-text-block-wrapper vce\" id=\"el-df9f0c44\" data-vce-do-apply=\"all el-df9f0c44\"><p>&nbsp;<\/p>\n<p>&nbsp;<\/p><\/div><\/div><\/div><\/div><\/div><\/div><\/div><\/div><div class=\"vce-text-block\"><div class=\"vce-text-block-wrapper vce\" id=\"el-cef091d3\" data-vce-do-apply=\"all el-cef091d3\"><h2>&nbsp;<\/h2>\n<h2 style=\"text-align: center;\"><span style=\"color: #575656; font-size: 18pt;\"><span style=\"font-family: Montserrat; font-weight: 900; font-style: normal;\"><strong><span style=\"color: #575656;\">Trade fair photography in Berlin and all over Germany<\/span><br><\/strong><\/span><\/span><\/h2>\n<p>&nbsp;<\/p>\n<p style=\"text-align: center;\"><span style=\"font-family: Montserrat; color: #808080; font-size: 14pt; font-weight: inherit; font-style: inherit;\">Need an experienced trade show photographer in Berlin to capture your booth and activities in high quality images. I am your trade show photographer in Berlin who will provide you with photos that you can use for your press releases, your website or your social media. I photograph your booth from different perspectives, the atmosphere and the audience, portraits of you and your partners, presentations or business deals and everything that is important for you. I work flexibly, reliably and discreetly. Contact me now and secure a non-binding offer for your trade fair photography in Berlin.<\/span><\/p>\n<p style=\"text-align: center;\"><span style=\"font-family: Montserrat; color: #808080; font-size: 14pt; font-weight: inherit; font-style: inherit;\">When it comes to documenting important moments such as participation in an international trade fair, do not skimp on quality.<br><br>You want to document your participation at an international trade fair in Berlin well. Then you need good photos of your booth and your employees. I take photos of your booth, your portraits, your business and your partners for you. I show you how much you have accomplished. I show you the work of your great team.<br><br>You have put a lot of effort, investment and energy into your booth. You have opened new doors and business. I will show you the result of your great effort. I will capture the work of your great team. I am your trade show photographer in Berlin or other German cities.<\/span><\/p>\n<p>&nbsp;<\/p>\n<h2 style=\"text-align: center;\"><span style=\"font-family: Montserrat; font-weight: bold; font-style: normal;\">&nbsp;Trade Fair Germany photographer<\/span><\/h2>\n<h2 style=\"text-align: center;\"><span style=\"font-family: Montserrat; font-weight: bold; font-style: normal;\">A reliable partner in Berlin<\/span><span style=\"font-family: Montserrat; color: #808080; font-size: 14pt; font-weight: inherit; font-style: inherit;\"><span style=\"font-weight: bold; font-style: normal;\">. <\/span><br><br><\/span><\/h2>\n<p style=\"text-align: center;\"><span style=\"font-family: Montserrat; color: #808080; font-size: 14pt; font-weight: inherit; font-style: inherit;\">It is important to document the event professionally. Please write me when and where the event will take place and what you would like. I will then send you a suitable proposal.<\/span><\/p>\n<h2 style=\"text-align: center;\"><span style=\"font-family: Montserrat; font-size: 18pt; font-weight: bold; font-style: normal; color: #575656;\">Trade Fair Germany photographer<\/span><\/h2>\n<h2 style=\"text-align: center;\"><span style=\"font-family: Montserrat; font-size: 18pt; font-weight: bold; font-style: normal; color: #575656;\">&nbsp;Germany and the international trade fairs<\/span><\/h2>\n<p><span style=\"font-size: 14pt; color: #808080; font-family: Montserrat;\">Germany is a country with many important international trade fairs. The German AHK says that there are 160 to 180 international trade fairs every year. More than 10 million visitors come to these fairs. The fairs are for different industries.<\/span><\/p>\n<p><span style=\"font-size: 14pt; color: #808080; font-family: Montserrat;\">Germany is an important trade fair location in Europe and the world. Many important trade fairs are in Berlin.<\/span><\/p>\n<p style=\"text-align: center;\">&nbsp;<\/p>\n<h2 style=\"text-align: center;\"><span style=\"font-family: Montserrat; font-size: 18pt; font-weight: bold; font-style: normal; color: #575656;\">Trade Fair Germany photographer<\/span><\/h2>\n<h2 style=\"text-align: center;\"><span style=\"font-family: Montserrat; font-size: 18pt; font-weight: inherit; font-style: inherit; color: #575656;\">The most important international trade fairs in Berlin<\/span><\/h2>\n<p>&nbsp;<\/p>\n<p style=\"text-align: center;\"><span style=\"font-size: 14pt; color: #808080; font-family: Montserrat;\">The International Green Week, which is dedicated to the agriculture and food industry, had around half a million visitors in the pre-pandemic period. It is expected that the sector, which is now recovering, will soon reach pre-pandemic numbers.<\/span><\/p>\n<p style=\"text-align: center;\"><span style=\"font-size: 14pt; color: #808080; font-family: Montserrat;\">IFA Berlin is an international trade fair for industry, technology and electronics as well as for devices and novelties of daily use. Here you can discover new trends in technology and electronics. In the pre-pandemic period, up to 300,000 visitors and up to 100,000 trade visitors came to the fair.<\/span><\/p>\n<p style=\"text-align: center;\"><span style=\"font-size: 14pt; color: #808080; font-family: Montserrat;\">The International Aerospace Exhibition (ILA Berlin) is a trade show dedicated to aviation. It has been held every two years since 1912. It is one of the most important trade fairs in this field. Since 2012, it has been held outside Berlin, in Selchow, southeast of Berlin.<\/span><\/p>\n<p style=\"text-align: center;\"><span style=\"font-size: 14pt; color: #808080; font-family: Montserrat;\">- The International Tourism Fair in Berlin is one of the most important trade fairs in the industry. This annual event, held in March, brings together hotels, tour operators, travel agencies, tourism-related transportation and much more. More than 180 exhibitors from all over the world come to this fair and take the opportunity to make contacts and new business.&nbsp;<strong>L\u00e4nder<\/strong>&nbsp;aus der ganzen Welt kommen zu dieser Messe und nutzen die Gelegenheit, Kontakte zu kn\u00fcpfen und neue Gesch\u00e4fte zu machen.<\/span><\/p>\n<p style=\"text-align: center;\"><span style=\"font-size: 14pt; color: #808080; font-family: Montserrat;\">Fruit Logistica - is an international trade fair that brings together the various sectors of fruit and vegetable production. Many representatives from all over the world come to this fair to discuss the latest machinery, innovations and technologies in the sector, as well as new products and related services.<\/span><\/p>\n<p style=\"text-align: center;\">&nbsp;<\/p>\n<h2 style=\"text-align: center;\"><span style=\"font-family: Montserrat; color: #575656; font-size: 18pt;\"><a href=\"https:\/\/www.messe-berlin.de\/\" target=\"_blank\" rel=\"nofollow noopener\">Messe Berlin<\/a> Berlin Convention Center (Messe) - Entrance Sud<\/span><\/h2>\n<p style=\"text-align: center;\"><span style=\"font-family: Montserrat; color: #808080; font-size: 14pt;\">Messe Berlin in the western part of the city is the main organizer of international trade fairs in the city, but not the only one. With more than 170,000 square meters of internal exhibition space, it is the largest in Berlin and the sixth largest in Germany. The above-mentioned trade fairs are held here.&nbsp;<strong>interner<\/strong>&nbsp;Ausstellungsfl\u00e4che ist sie die gr\u00f6\u00dfte in Berlin und die sechstgr\u00f6\u00dfte in Deutschland. Hier finden die oben erw\u00e4hnten Messen statt.<\/span><\/p>\n<p style=\"text-align: center;\">&nbsp;<\/p>\n<p style=\"text-align: center;\">&nbsp;<\/p>\n<p style=\"text-align: center;\">&nbsp;<\/p><\/div><\/div><\/div><\/div><\/div><\/div><\/div><\/div><div class=\"vce-row-container\"><div class=\"vce-row vce-element--has-background vce-row--col-gap-30 vce-row-content--top\" data-vce-full-width=\"true\" data-vce-stretch-content=\"true\" id=\"el-cee3c6a2\" data-vce-do-apply=\"all el-cee3c6a2\"><div class=\"vce-content-background-container\"><div class=\"vce-asset-parallax-container vce-visible-all-only\" data-vce-assets-parallax=\".vce-asset-parallax\" data-vce-assets-parallax-reverse=\"1\"><div class=\"vce-asset-parallax\" style=\"top: -30vh; bottom: -30vh; transform: translateY(30vh);\"><div class=\"vce-asset-color-gradient-container vce-visible-all-only\" data-vce-do-apply=\"gradient el-cee3c6a2\"><\/div><\/div><\/div><\/div><div class=\"vce-row-content\" data-vce-element-content=\"true\"><div class=\"vce-col vce-col--md-auto vce-col--xs-1 vce-col--xs-last vce-col--xs-first vce-col--sm-last vce-col--sm-first vce-col--md-last vce-col--lg-last vce-col--xl-last vce-col--md-first vce-col--lg-first vce-col--xl-first\" id=\"el-cfd66da9\"><div class=\"vce-col-inner\" data-vce-do-apply=\"border margin background  el-cfd66da9\"><div class=\"vce-col-content\" data-vce-element-content=\"true\" data-vce-do-apply=\"padding el-cfd66da9\"><div class=\"vce-text-block\"><div class=\"vce-text-block-wrapper vce\" id=\"el-354fde28\" data-vce-do-apply=\"all el-354fde28\"><p>&nbsp;<\/p>\n<p>&nbsp;<\/p><\/div><\/div><\/div><\/div><\/div><\/div><\/div><\/div><\/div><\/div><\/div><\/div><\/div><\/div>","protected":false},"excerpt":{"rendered":"<p>&nbsp; Messefotografie in Berlin und bundesweit Messefotografie: Ich bringe Ihren Stand zum Strahlen. Ob in Berlin oder anderswo in Deutschland, ich halte Ihre Pr\u00e4senz auf internationalen Messen professionell und kreativ fest. &nbsp; &nbsp;&nbsp; &nbsp;Messefotografie in Berlin. Ich bin Ihr Partner vor Ort. Ich setze Ihre Teilnahme an internationalen Fachmessen in Szene und liefere Ihnen hochwertige [&hellip;]<\/p>\n","protected":false},"author":1,"featured_media":0,"parent":0,"menu_order":0,"comment_status":"closed","ping_status":"closed","template":"","meta":{"_acf_changed":false,"footnotes":""},"class_list":["post-20555","page","type-page","status-publish","hentry"],"acf":[],"_links":{"self":[{"href":"https:\/\/mariarapelafoto.com\/en\/wp-json\/wp\/v2\/pages\/20555","targetHints":{"allow":["GET"]}}],"collection":[{"href":"https:\/\/mariarapelafoto.com\/en\/wp-json\/wp\/v2\/pages"}],"about":[{"href":"https:\/\/mariarapelafoto.com\/en\/wp-json\/wp\/v2\/types\/page"}],"author":[{"embeddable":true,"href":"https:\/\/mariarapelafoto.com\/en\/wp-json\/wp\/v2\/users\/1"}],"replies":[{"embeddable":true,"href":"https:\/\/mariarapelafoto.com\/en\/wp-json\/wp\/v2\/comments?post=20555"}],"version-history":[{"count":6,"href":"https:\/\/mariarapelafoto.com\/en\/wp-json\/wp\/v2\/pages\/20555\/revisions"}],"predecessor-version":[{"id":22288,"href":"https:\/\/mariarapelafoto.com\/en\/wp-json\/wp\/v2\/pages\/20555\/revisions\/22288"}],"wp:attachment":[{"href":"https:\/\/mariarapelafoto.com\/en\/wp-json\/wp\/v2\/media?parent=20555"}],"curies":[{"name":"wp","href":"https:\/\/api.w.org\/{rel}","templated":true}]}}