{"id":21300,"date":"2024-01-02T14:08:01","date_gmt":"2024-01-02T13:08:01","guid":{"rendered":"https:\/\/mariarapelafoto.com\/?page_id=21300"},"modified":"2026-01-02T11:36:45","modified_gmt":"2026-01-02T10:36:45","slug":"eventfotografie-in-berlin","status":"publish","type":"page","link":"https:\/\/mariarapelafoto.com\/de_de\/eventfotografie-in-berlin\/","title":{"rendered":""},"content":{"rendered":"\r\n<div class=\"vce-row-container\">\r\n<div id=\"el-57ae8843\" class=\"vce-row vce-element--has-background vce-row--col-gap-30 vce-row-content--top\" data-vce-full-width=\"true\" data-vce-stretch-content=\"true\" data-vce-do-apply=\"all el-57ae8843\">\r\n<div class=\"vce-content-background-container\">\r\n<div class=\"vce-asset-parallax-container vce-visible-all-only\" data-vce-assets-parallax=\".vce-asset-parallax\" data-vce-assets-parallax-reverse=\"1\">\r\n<div class=\"vce-asset-parallax\" style=\"top: -30vh; bottom: -30vh; transform: translateY(30vh);\">\r\n<div class=\"vce-asset-color-gradient-container vce-visible-all-only\" data-vce-do-apply=\"gradient el-57ae8843\">\u00a0<\/div>\r\n<\/div>\r\n<\/div>\r\n<\/div>\r\n<div class=\"vce-row-content\" data-vce-element-content=\"true\">\r\n<div id=\"el-b8787e6d\" class=\"vce-col vce-col--md-auto vce-col--xs-1 vce-col--xs-last vce-col--xs-first vce-col--sm-last vce-col--sm-first vce-col--md-last vce-col--lg-last vce-col--xl-last vce-col--md-first vce-col--lg-first vce-col--xl-first\">\r\n<div class=\"vce-col-inner\" data-vce-do-apply=\"border margin background  el-b8787e6d\">\r\n<div class=\"vce-col-content\" data-vce-element-content=\"true\" data-vce-do-apply=\"padding el-b8787e6d\">\r\n<div class=\"vce-text-block\">\r\n<div id=\"el-d61fd472\" class=\"vce-text-block-wrapper vce\" data-vce-do-apply=\"all el-d61fd472\">\r\n<h1>\u00a0<\/h1>\r\n<p style=\"text-align: left;\"><span style=\"font-size: 24pt; color: #3e3d3d;\"><span style=\"color: #383838;\"><strong><span style=\"font-family: Montserrat; font-style: normal;\">Eventfotografie in Berlin<br \/><\/span><\/strong><\/span><\/span><\/p>\r\n<p>&nbsp;<\/p>\r\n<p><span style=\"font-family: Montserrat; font-size: 14pt;\">Mein Ziel ist es, die besonderen Momente Ihrer Veranstaltung einzufangen<\/span><\/p>\r\n<p><span style=\"font-size: 16pt;\"><strong><span style=\"color: #333333;\">\u00a0<\/span><\/strong><\/span><\/p>\r\n<h6 style=\"line-height: 1; text-align: center;\"><span style=\"font-family: Montserrat; font-weight: 400; font-style: normal; color: #000000; letter-spacing: 7px;\">\u00a0<\/span><\/h6>\r\n<\/div>\r\n<\/div>\r\n<\/div>\r\n<\/div>\r\n<\/div>\r\n<\/div>\r\n<\/div>\r\n<\/div>\r\n\r\n<div class=\"vce-row-container\">\r\n<div id=\"el-f8795b27\" class=\"vce-row vce-row--col-gap-30 vce-row-equal-height vce-row-content--top\" data-vce-full-width=\"true\" data-vce-stretch-content=\"true\" data-vce-do-apply=\"all el-f8795b27\">\r\n<div class=\"vce-row-content\" data-vce-element-content=\"true\">\r\n<div id=\"el-03cf2e72\" class=\"vce-col vce-col--md-auto vce-col--xs-1 vce-col--xs-last vce-col--xs-first vce-col--sm-last vce-col--sm-first vce-col--md-last vce-col--lg-last vce-col--xl-last vce-col--md-first vce-col--lg-first vce-col--xl-first\">\r\n<div class=\"vce-col-inner\" data-vce-do-apply=\"border margin background  el-03cf2e72\">\r\n<div class=\"vce-col-content\" data-vce-element-content=\"true\" data-vce-do-apply=\"padding el-03cf2e72\">\r\n<div class=\"vce-image-masonry-gallery\">\r\n<div id=\"el-08f846d1\" class=\"vce-image-masonry-gallery-wrapper vce vce-image-masonry-gallery--gap-10 vce-image-masonry-gallery--columns-3\" data-vce-do-apply=\"all el-08f846d1\">\r\n<div class=\"vce-image-masonry-gallery-list\">\r\n<div class=\"vce-image-masonry-gallery-column\">\u00a0<\/div>\r\n<div class=\"vce-image-masonry-gallery-column\">\u00a0<\/div>\r\n<div class=\"vce-image-masonry-gallery-column\">\u00a0<\/div>\r\n<\/div>\r\n<\/div>\r\n<\/div>\r\n<\/div>\r\n<\/div>\r\n<\/div>\r\n<\/div>\r\n<\/div>\r\n<\/div>\r\n\r\n<div class=\"vce-row-container\">\r\n<div id=\"el-88ad35d0\" class=\"vce-row vce-row--col-gap-30 vce-row-equal-height vce-row-content--top\" data-vce-full-width=\"true\" data-vce-stretch-content=\"true\" data-vce-do-apply=\"all el-88ad35d0\">\r\n<div class=\"vce-row-content\" data-vce-element-content=\"true\">\r\n<div id=\"el-240762f9\" class=\"vce-col vce-col--md-auto vce-col--xs-1 vce-col--xs-last vce-col--xs-first vce-col--sm-last vce-col--sm-first vce-col--md-last vce-col--lg-last vce-col--xl-last vce-col--md-first vce-col--lg-first vce-col--xl-first\">\r\n<div class=\"vce-col-inner\" data-vce-do-apply=\"border margin background  el-240762f9\">\r\n<div class=\"vce-col-content\" data-vce-element-content=\"true\" data-vce-do-apply=\"padding el-240762f9\">\r\n<div class=\"vce-image-masonry-gallery vce-image-masonry-gallery--border-rounded\">\r\n<div id=\"el-30092e4b\" class=\"vce-image-masonry-gallery-wrapper vce vce-image-masonry-gallery--gap-10 vce-image-masonry-gallery--columns-3\" data-vce-do-apply=\"all el-30092e4b\">\r\n<div class=\"vce-image-masonry-gallery-list\">\r\n<div class=\"vce-image-masonry-gallery-column\"><a class=\"vce-image-masonry-gallery-item\" href=\"https:\/\/mariarapelafoto.com\/wp-content\/uploads\/2023\/03\/Messe-Fotografie-Maria-Rapela-Foto-Berlin-photographer-for-expo-center-international-trade-fair.jpg\" data-lightbox=\"lightbox-30092e4b\"><img decoding=\"async\" class=\"vce-image-masonry-gallery-img lazyload\" data-src=\"https:\/\/mariarapelafoto.com\/wp-content\/uploads\/2023\/03\/Messe-Fotografie-Maria-Rapela-Foto-Berlin-photographer-for-expo-center-international-trade-fair.jpg\" alt=\"Messefotografie\" src=\"data:image\/svg+xml;base64,PHN2ZyB3aWR0aD0iMSIgaGVpZ2h0PSIxIiB4bWxucz0iaHR0cDovL3d3dy53My5vcmcvMjAwMC9zdmciPjwvc3ZnPg==\" style=\"--smush-placeholder-width: 1024px; --smush-placeholder-aspect-ratio: 1024\/683;\" \/><\/a><\/div>\r\n<div class=\"vce-image-masonry-gallery-column\"><a class=\"vce-image-masonry-gallery-item\" href=\"https:\/\/mariarapelafoto.com\/wp-content\/uploads\/2023\/03\/Messe-Fotografie-Berlin-Maria-Rapela-Foto-photographer-expo-center-booth-berlin-.jpg\" data-lightbox=\"lightbox-30092e4b\"><img decoding=\"async\" class=\"vce-image-masonry-gallery-img lazyload\" data-src=\"https:\/\/mariarapelafoto.com\/wp-content\/uploads\/2023\/03\/Messe-Fotografie-Berlin-Maria-Rapela-Foto-photographer-expo-center-booth-berlin-.jpg\" alt=\"Messefotografie\" src=\"data:image\/svg+xml;base64,PHN2ZyB3aWR0aD0iMSIgaGVpZ2h0PSIxIiB4bWxucz0iaHR0cDovL3d3dy53My5vcmcvMjAwMC9zdmciPjwvc3ZnPg==\" style=\"--smush-placeholder-width: 1024px; --smush-placeholder-aspect-ratio: 1024\/683;\" \/><\/a><\/div>\r\n<div class=\"vce-image-masonry-gallery-column\"><a class=\"vce-image-masonry-gallery-item\" href=\"https:\/\/mariarapelafoto.com\/wp-content\/uploads\/2023\/03\/Fruit-Logistica-Stand-Costa-Rica-Febrero-2023-Maria-Rapela-Foto-stand-photography-booth-internation-fair-berlin-expo-center-.jpg\" data-lightbox=\"lightbox-30092e4b\"><img decoding=\"async\" class=\"vce-image-masonry-gallery-img lazyload\" data-src=\"https:\/\/mariarapelafoto.com\/wp-content\/uploads\/2023\/03\/Fruit-Logistica-Stand-Costa-Rica-Febrero-2023-Maria-Rapela-Foto-stand-photography-booth-internation-fair-berlin-expo-center-.jpg\" alt=\"Messefotografie\" src=\"data:image\/svg+xml;base64,PHN2ZyB3aWR0aD0iMSIgaGVpZ2h0PSIxIiB4bWxucz0iaHR0cDovL3d3dy53My5vcmcvMjAwMC9zdmciPjwvc3ZnPg==\" style=\"--smush-placeholder-width: 1024px; --smush-placeholder-aspect-ratio: 1024\/683;\" \/><\/a><\/div>\r\n<\/div>\r\n<\/div>\r\n<\/div>\r\n<\/div>\r\n<\/div>\r\n<\/div>\r\n<\/div>\r\n<\/div>\r\n<\/div>\r\n\r\n<div class=\"vce-row-container\">\r\n<div id=\"el-147e5ed5\" class=\"vce-row vce-row--col-gap-30 vce-row-equal-height vce-row-content--top\" data-vce-full-width=\"true\" data-vce-stretch-content=\"true\" data-vce-do-apply=\"all el-147e5ed5\">\r\n<div class=\"vce-row-content\" data-vce-element-content=\"true\">\r\n<div id=\"el-de61a1e9\" class=\"vce-col vce-col--md-auto vce-col--xs-1 vce-col--xs-last vce-col--xs-first vce-col--sm-last vce-col--sm-first vce-col--md-last vce-col--lg-last vce-col--xl-last vce-col--md-first vce-col--lg-first vce-col--xl-first\">\r\n<div class=\"vce-col-inner\" data-vce-do-apply=\"border margin background  el-de61a1e9\">\r\n<div class=\"vce-col-content\" data-vce-element-content=\"true\" data-vce-do-apply=\"padding el-de61a1e9\">\r\n<div class=\"vce-text-block\">\r\n<div id=\"el-c5d1cdaa\" class=\"vce-text-block-wrapper vce\" data-vce-do-apply=\"all el-c5d1cdaa\">\r\n<h2><span style=\"font-family: Montserrat;\">Eventfotografie in Berlin:\u00a0<strong>Wollen Sie Ihre Veranstaltung professionell dokumentieren lassen?<\/strong><\/span><\/h2>\r\n<p><span style=\"font-family: Montserrat; font-size: 14pt;\">Dann sind Sie hier genau richtig! Ich bin Ihr zuverl\u00e4ssiger Partnerin f\u00fcr die perfekte Inszenierung Ihrer Veranstaltung. Ob Konferenzen, Messen, Firmenfeiern, Galas, Preisverleihungen, Konzerten oder privaten Feiern, ich sorge daf\u00fcr, dass sich alle mit Ihrem Event verbunden f\u00fchlen und in bestem Licht pr\u00e4sentiert werden.<\/span><\/p>\r\n<p><span style=\"font-family: Montserrat; font-size: 14pt;\">Mein Ziel ist es, die besonderen Momente Ihrer Veranstaltung einzufangen: die \u00fcberzeugenden Gesten, die magischen Begegnungen, die einzigartigen Emotionen. All das in einer besonderen Stadt: Berlin. <\/span><\/p>\r\n<p><span style=\"font-family: Montserrat; font-size: 14pt;\">Eventfotografie in Berlin: Vielleicht haben Sie Berlin gew\u00e4hlt, weil Ihr Unternehmen hier seinen Sitz hat. Oder vielleicht haben Sie Berlin aus einem anderen Grund ausgew\u00e4hlt. Egal, was es ist, Berlin bietet Ihnen wundersch\u00f6ne Veranstaltungsorte, die ich f\u00fcr Sie in Szene setzen werde. Ich werde jeden Moment und jedes Detail Ihrer Veranstaltung festhalten, die Sie mit viel M\u00fche und Leidenschaft organisiert haben.<\/span><\/p>\r\n<p><span style=\"font-family: Montserrat; font-size: 14pt; color: #808080;\">\u00a0<\/span><\/p>\r\n<\/div>\r\n<\/div>\r\n<\/div>\r\n<\/div>\r\n<\/div>\r\n<\/div>\r\n<\/div>\r\n<\/div>\r\n\r\n<div class=\"vce-row-container\">\r\n<div id=\"el-e9006c46\" class=\"vce-row vce-row--col-gap-30 vce-row-equal-height vce-row-content--top\" data-vce-full-width=\"true\" data-vce-stretch-content=\"true\" data-vce-do-apply=\"all el-e9006c46\">\r\n<div class=\"vce-row-content\" data-vce-element-content=\"true\">\r\n<div id=\"el-6d6dd28b\" class=\"vce-col vce-col--md-auto vce-col--xs-1 vce-col--xs-last vce-col--xs-first vce-col--sm-last vce-col--sm-first vce-col--md-last vce-col--lg-last vce-col--xl-last vce-col--md-first vce-col--lg-first vce-col--xl-first\">\r\n<div class=\"vce-col-inner\" data-vce-do-apply=\"border margin background  el-6d6dd28b\">\r\n<div class=\"vce-col-content\" data-vce-element-content=\"true\" data-vce-do-apply=\"padding el-6d6dd28b\">\r\n<div class=\"vce-image-masonry-gallery vce-image-masonry-gallery--border-rounded\">\r\n<div id=\"el-f08825d0\" class=\"vce-image-masonry-gallery-wrapper vce vce-image-masonry-gallery--gap-10 vce-image-masonry-gallery--columns-3\" data-vce-do-apply=\"all el-f08825d0\">\r\n<div class=\"vce-image-masonry-gallery-list\">\r\n<div class=\"vce-image-masonry-gallery-column\"><a class=\"vce-image-masonry-gallery-item\" href=\"https:\/\/mariarapelafoto.com\/wp-content\/uploads\/2022\/08\/Instituto-Cervantes-Populismo-en-Europa-2022-Maria-Rapela-Fotosocial-media-format-1274.jpg\" data-lightbox=\"lightbox-f08825d0\"><img decoding=\"async\" class=\"vce-image-masonry-gallery-img lazyload\" data-src=\"https:\/\/mariarapelafoto.com\/wp-content\/uploads\/2022\/08\/Instituto-Cervantes-Populismo-en-Europa-2022-Maria-Rapela-Fotosocial-media-format-1274.jpg\" alt=\"Eventfotografie\" src=\"data:image\/svg+xml;base64,PHN2ZyB3aWR0aD0iMSIgaGVpZ2h0PSIxIiB4bWxucz0iaHR0cDovL3d3dy53My5vcmcvMjAwMC9zdmciPjwvc3ZnPg==\" style=\"--smush-placeholder-width: 1024px; --smush-placeholder-aspect-ratio: 1024\/683;\" \/><\/a><\/div>\r\n<div class=\"vce-image-masonry-gallery-column\"><a class=\"vce-image-masonry-gallery-item\" href=\"https:\/\/mariarapelafoto.com\/wp-content\/uploads\/2022\/08\/Migrapreneuer-Event-Berlin-Social-Media-Format-72dpi-Foto_Maria_Rapela-00033.jpg\" data-lightbox=\"lightbox-f08825d0\"><img decoding=\"async\" class=\"vce-image-masonry-gallery-img lazyload\" data-src=\"https:\/\/mariarapelafoto.com\/wp-content\/uploads\/2022\/08\/Migrapreneuer-Event-Berlin-Social-Media-Format-72dpi-Foto_Maria_Rapela-00033.jpg\" alt=\"Eventfotografie\" src=\"data:image\/svg+xml;base64,PHN2ZyB3aWR0aD0iMSIgaGVpZ2h0PSIxIiB4bWxucz0iaHR0cDovL3d3dy53My5vcmcvMjAwMC9zdmciPjwvc3ZnPg==\" style=\"--smush-placeholder-width: 1024px; --smush-placeholder-aspect-ratio: 1024\/683;\" \/><\/a><\/div>\r\n<div class=\"vce-image-masonry-gallery-column\"><a class=\"vce-image-masonry-gallery-item\" href=\"https:\/\/mariarapelafoto.com\/wp-content\/uploads\/2022\/06\/Migrapreneuer-Event-Berlin-Social-Media-Format-72dpi-00277.jpg\" data-lightbox=\"lightbox-f08825d0\"><img decoding=\"async\" class=\"vce-image-masonry-gallery-img lazyload\" data-src=\"https:\/\/mariarapelafoto.com\/wp-content\/uploads\/2022\/06\/Migrapreneuer-Event-Berlin-Social-Media-Format-72dpi-00277.jpg\" alt=\"Business und Corporate Eventfotografie\" src=\"data:image\/svg+xml;base64,PHN2ZyB3aWR0aD0iMSIgaGVpZ2h0PSIxIiB4bWxucz0iaHR0cDovL3d3dy53My5vcmcvMjAwMC9zdmciPjwvc3ZnPg==\" style=\"--smush-placeholder-width: 1024px; --smush-placeholder-aspect-ratio: 1024\/683;\" \/><\/a><\/div>\r\n<\/div>\r\n<\/div>\r\n<\/div>\r\n<\/div>\r\n<\/div>\r\n<\/div>\r\n<\/div>\r\n<\/div>\r\n<\/div>\r\n\r\n<div class=\"vce-row-container\">\r\n<div id=\"el-a4bfbbda\" class=\"vce-row vce-row--col-gap-30 vce-row-equal-height vce-row-content--top\" data-vce-full-width=\"true\" data-vce-stretch-content=\"true\" data-vce-do-apply=\"all el-a4bfbbda\">\r\n<div class=\"vce-row-content\" data-vce-element-content=\"true\">\r\n<div id=\"el-b3350a99\" class=\"vce-col vce-col--md-auto vce-col--xs-1 vce-col--xs-last vce-col--xs-first vce-col--sm-last vce-col--sm-first vce-col--md-last vce-col--lg-last vce-col--xl-last vce-col--md-first vce-col--lg-first vce-col--xl-first\">\r\n<div class=\"vce-col-inner\" data-vce-do-apply=\"border margin background  el-b3350a99\">\r\n<div class=\"vce-col-content\" data-vce-element-content=\"true\" data-vce-do-apply=\"padding el-b3350a99\">\r\n<div class=\"vcv-row-control-wrapper\">\u00a0<\/div>\r\n<\/div>\r\n<\/div>\r\n<\/div>\r\n<\/div>\r\n<\/div>\r\n<\/div>\r\n\r\n<div class=\"vce-row-container\">\r\n<div id=\"el-cabc8096\" class=\"vce-row vce-row--col-gap-30 vce-row-equal-height vce-row-content--top\" data-vce-full-width=\"true\" data-vce-stretch-content=\"true\" data-vce-do-apply=\"all el-cabc8096\">\r\n<div class=\"vce-row-content\" data-vce-element-content=\"true\">\r\n<div id=\"el-a7f1d47c\" class=\"vce-col vce-col--md-auto vce-col--xs-1 vce-col--xs-last vce-col--xs-first vce-col--sm-last vce-col--sm-first vce-col--md-last vce-col--lg-last vce-col--xl-last vce-col--md-first vce-col--lg-first vce-col--xl-first\">\r\n<div class=\"vce-col-inner\" data-vce-do-apply=\"border margin background  el-a7f1d47c\">\r\n<div class=\"vce-col-content\" data-vce-element-content=\"true\" data-vce-do-apply=\"padding el-a7f1d47c\">\r\n<div class=\"vce-text-block\">\r\n<div id=\"el-c73b43ff\" class=\"vce-text-block-wrapper vce\" data-vce-do-apply=\"all el-c73b43ff\">\r\n<h2><span style=\"font-family: Montserrat;\">Eventfotografie in Berlin: Ihre Veranstaltung ist etwas ganz Besonderes<\/span><\/h2>\r\n<p><span style=\"font-family: Montserrat; font-size: 14pt;\">Ob es sich um ein Mitarbeitertreffen, ein Partnertreffen, eine Fortbildungs- und Austauschveranstaltung oder etwas anderes handelt, Sie haben allen Grund, stolz zu sein. Sie haben viel erreicht und wollen das mit den Menschen teilen, die Ihnen wichtig sind. Deshalb ist es wichtig, dass Ihre Veranstaltung nicht nur ein Ereignis, sondern ein Erlebnis wird. Ein Erlebnis, das die Menschen verbindet, inspiriert und begeistert. Ein Erlebnis, das in Erinnerung bleibt.<\/span><\/p>\r\n<p><span style=\"font-family: Montserrat; font-size: 14pt;\">Sie wollen nicht nur eine Kamera, sondern einen professionellen Eventfotografen, der Ihre Veranstaltung zum Leben erweckt. Einen Eventfotografen, der die Atmosph\u00e4re, die Emotionen und die Highlights Ihrer Veranstaltung einf\u00e4ngt und wiedergibt. Einen Eventfotografen, der \u00fcber die richtige Ausr\u00fcstung verf\u00fcgt, um jede Situation optimal abzubilden. Einen Eventfotografen, der mit einem geschulten Auge die besten Perspektiven findet, um Ihre Veranstaltung in all ihrer Sch\u00f6nheit und Vielfalt zu zeigen. Die Eventfotografie ist eine Kunst, die eine spezielle Ausr\u00fcstung erfordert. Je nach Situation kann ein anderes Objektiv n\u00f6tig sein.<\/span><\/p>\r\n<p><span style=\"font-family: Montserrat; font-size: 14pt;\">\u00a0<\/span><\/p>\r\n<\/div>\r\n<\/div>\r\n<\/div>\r\n<\/div>\r\n<\/div>\r\n<\/div>\r\n<\/div>\r\n<\/div>\r\n\r\n<div class=\"vce-row-container\">\r\n<div id=\"el-84094327\" class=\"vce-row vce-row--col-gap-30 vce-row-equal-height vce-row-content--top\" data-vce-full-width=\"true\" data-vce-stretch-content=\"true\" data-vce-do-apply=\"all el-84094327\">\r\n<div class=\"vce-row-content\" data-vce-element-content=\"true\">\r\n<div id=\"el-7f8b3204\" class=\"vce-col vce-col--md-auto vce-col--xs-1 vce-col--xs-last vce-col--xs-first vce-col--sm-last vce-col--sm-first vce-col--md-last vce-col--lg-last vce-col--xl-last vce-col--md-first vce-col--lg-first vce-col--xl-first\">\r\n<div class=\"vce-col-inner\" data-vce-do-apply=\"border margin background  el-7f8b3204\">\r\n<div class=\"vce-col-content\" data-vce-element-content=\"true\" data-vce-do-apply=\"padding el-7f8b3204\">\r\n<div class=\"vce-image-masonry-gallery vce-image-masonry-gallery--border-rounded\">\r\n<div id=\"el-af6519a4\" class=\"vce-image-masonry-gallery-wrapper vce vce-image-masonry-gallery--gap-10 vce-image-masonry-gallery--columns-3\" data-vce-do-apply=\"all el-af6519a4\">\r\n<div class=\"vce-image-masonry-gallery-list\">\r\n<div class=\"vce-image-masonry-gallery-column\"><a class=\"vce-image-masonry-gallery-item\" href=\"https:\/\/mariarapelafoto.com\/wp-content\/uploads\/2022\/06\/Migrapreneuer-Event-Berlin-Social-Media-Format-72dpi-00157.jpg\" data-lightbox=\"lightbox-af6519a4\"><img decoding=\"async\" class=\"vce-image-masonry-gallery-img lazyload\" data-src=\"https:\/\/mariarapelafoto.com\/wp-content\/uploads\/2022\/06\/Migrapreneuer-Event-Berlin-Social-Media-Format-72dpi-00157.jpg\" alt=\"Business und Corporate Eventfotografie\" src=\"data:image\/svg+xml;base64,PHN2ZyB3aWR0aD0iMSIgaGVpZ2h0PSIxIiB4bWxucz0iaHR0cDovL3d3dy53My5vcmcvMjAwMC9zdmciPjwvc3ZnPg==\" style=\"--smush-placeholder-width: 1024px; --smush-placeholder-aspect-ratio: 1024\/683;\" \/><\/a><\/div>\r\n<div class=\"vce-image-masonry-gallery-column\"><a class=\"vce-image-masonry-gallery-item\" href=\"https:\/\/mariarapelafoto.com\/wp-content\/uploads\/2022\/06\/Migrapreneuer-Event-Berlin-Social-Media-Format-72dpi-00119.jpg\" data-lightbox=\"lightbox-af6519a4\"><img decoding=\"async\" class=\"vce-image-masonry-gallery-img lazyload\" data-src=\"https:\/\/mariarapelafoto.com\/wp-content\/uploads\/2022\/06\/Migrapreneuer-Event-Berlin-Social-Media-Format-72dpi-00119.jpg\" alt=\"Business und Corporate Eventfotografie\" src=\"data:image\/svg+xml;base64,PHN2ZyB3aWR0aD0iMSIgaGVpZ2h0PSIxIiB4bWxucz0iaHR0cDovL3d3dy53My5vcmcvMjAwMC9zdmciPjwvc3ZnPg==\" style=\"--smush-placeholder-width: 1024px; --smush-placeholder-aspect-ratio: 1024\/683;\" \/><\/a><\/div>\r\n<div class=\"vce-image-masonry-gallery-column\"><a class=\"vce-image-masonry-gallery-item\" href=\"https:\/\/mariarapelafoto.com\/wp-content\/uploads\/2022\/06\/Migrapreneuer-Event-Berlin-Social-Media-Format-72dpi-00250.jpg\" data-lightbox=\"lightbox-af6519a4\"><img decoding=\"async\" class=\"vce-image-masonry-gallery-img lazyload\" data-src=\"https:\/\/mariarapelafoto.com\/wp-content\/uploads\/2022\/06\/Migrapreneuer-Event-Berlin-Social-Media-Format-72dpi-00250.jpg\" alt=\"Business und Corporate Eventfotografie\" src=\"data:image\/svg+xml;base64,PHN2ZyB3aWR0aD0iMSIgaGVpZ2h0PSIxIiB4bWxucz0iaHR0cDovL3d3dy53My5vcmcvMjAwMC9zdmciPjwvc3ZnPg==\" style=\"--smush-placeholder-width: 1024px; --smush-placeholder-aspect-ratio: 1024\/683;\" \/><\/a><\/div>\r\n<\/div>\r\n<\/div>\r\n<\/div>\r\n\r\n<div class=\"vce-text-block\">\r\n<div id=\"el-a90ea4f6\" class=\"vce-text-block-wrapper vce\" data-vce-do-apply=\"all el-a90ea4f6\">\r\n<h2><span style=\"font-family: Montserrat;\"><strong>Was ist das Thema Ihrer Veranstaltung, was enth\u00e4lt das Programm und welche sind die Highlights?<\/strong><br \/><\/span><\/h2>\r\n<p><span style=\"font-size: 14pt; font-family: Montserrat;\">Wie lange dauert die Veranstaltung und wo findet sie statt? Ich werde Ihnen ein individuelles Angebot machen, das zu Ihren Bed\u00fcrfnissen passt. Ich biete Ihnen ein Paket an, das eine bestimmte Anzahl von professionell bearbeiteten Fotos enth\u00e4lt, die Sie f\u00fcr verschiedene Zwecke nutzen k\u00f6nnen: f\u00fcr Ihr Unternehmen, als Businessfotos, f\u00fcr Archiv, Presse, soziale Medien und kleine Kataloge. Sie k\u00f6nnen die Fotos vorab aus einer Online-Galerie ausw\u00e4hlen, in die ich alle Fotos hochlade. Die Anzahl der Fotos ist begrenzt, weil die Bearbeitung jedes Fotos Zeit und Energie erfordert und weil viele Fotos sich \u00e4hneln oder wiederholen. Ich finde, dass Qualit\u00e4t wichtiger ist als Quantit\u00e4t.<\/span><\/p>\r\n<p><span style=\"font-size: 14pt; font-family: Montserrat;\">Eventfotografie in Berlin: Ihre Veranstaltung ist eine wichtige Investition f\u00fcr Ihr Unternehmen. Sie wollen nicht nur Geld ausgeben, sondern auch einen bleibenden Eindruck hinterlassen. Deshalb brauchen Sie eine professionelle Dokumentation Ihrer Veranstaltung, die Ihre Leistung und Ihr Engagement zeigt. Kontaktieren Sie mich und lassen Sie mich wissen, was Sie sich vorstellen. Ich werde Ihnen ein individuelles Angebot machen, das zu Ihrem Budget und Ihren W\u00fcnschen passt.<\/span><\/p>\r\n<p><span style=\"font-family: Montserrat; font-size: 14pt;\">\u00a0<\/span><\/p>\r\n<p><span style=\"font-family: Montserrat; font-size: 14pt;\">\u00a0<\/span><\/p>\r\n<\/div>\r\n<\/div>\r\n\r\n<div class=\"vce-image-masonry-gallery vce-image-masonry-gallery--border-rounded\">\r\n<div id=\"el-57d189ad\" class=\"vce-image-masonry-gallery-wrapper vce vce-image-masonry-gallery--gap-10 vce-image-masonry-gallery--columns-3\" data-vce-do-apply=\"all el-57d189ad\">\r\n<div class=\"vce-image-masonry-gallery-list\">\r\n<div class=\"vce-image-masonry-gallery-column\"><a class=\"vce-image-masonry-gallery-item\" href=\"https:\/\/mariarapelafoto.com\/wp-content\/uploads\/2021\/11\/corporate-meetings-berlin-photography-entrepreneurs-freelancers-start-up-berlin-photo.jpg\" data-lightbox=\"lightbox-57d189ad\"><img decoding=\"async\" class=\"vce-image-masonry-gallery-img lazyload\" data-src=\"https:\/\/mariarapelafoto.com\/wp-content\/uploads\/2021\/11\/corporate-meetings-berlin-photography-entrepreneurs-freelancers-start-up-berlin-photo.jpg\" alt=\"Eventfotografie: Corporate &amp; Business\" src=\"data:image\/svg+xml;base64,PHN2ZyB3aWR0aD0iMSIgaGVpZ2h0PSIxIiB4bWxucz0iaHR0cDovL3d3dy53My5vcmcvMjAwMC9zdmciPjwvc3ZnPg==\" style=\"--smush-placeholder-width: 1024px; --smush-placeholder-aspect-ratio: 1024\/592;\" \/><\/a><\/div>\r\n<div class=\"vce-image-masonry-gallery-column\"><a class=\"vce-image-masonry-gallery-item\" href=\"https:\/\/mariarapelafoto.com\/wp-content\/uploads\/2021\/11\/Meeting-berlin-event-nicelocation-and-photography-entrepreneurs-workout-company-mariarapelafoto.jpg\" data-lightbox=\"lightbox-57d189ad\"><img decoding=\"async\" class=\"vce-image-masonry-gallery-img lazyload\" data-src=\"https:\/\/mariarapelafoto.com\/wp-content\/uploads\/2021\/11\/Meeting-berlin-event-nicelocation-and-photography-entrepreneurs-workout-company-mariarapelafoto.jpg\" alt=\"Eventfotografie: Corporate &amp; Business\" src=\"data:image\/svg+xml;base64,PHN2ZyB3aWR0aD0iMSIgaGVpZ2h0PSIxIiB4bWxucz0iaHR0cDovL3d3dy53My5vcmcvMjAwMC9zdmciPjwvc3ZnPg==\" style=\"--smush-placeholder-width: 1024px; --smush-placeholder-aspect-ratio: 1024\/633;\" \/><\/a><\/div>\r\n<div class=\"vce-image-masonry-gallery-column\"><a class=\"vce-image-masonry-gallery-item\" href=\"https:\/\/mariarapelafoto.com\/wp-content\/uploads\/2021\/11\/brainstorming-and-collaborative-work-participatory-event-and-idea-creation-mariarapela-foto-berlin-start-ups-events-.jpg\" data-lightbox=\"lightbox-57d189ad\"><img decoding=\"async\" class=\"vce-image-masonry-gallery-img lazyload\" data-src=\"https:\/\/mariarapelafoto.com\/wp-content\/uploads\/2021\/11\/brainstorming-and-collaborative-work-participatory-event-and-idea-creation-mariarapela-foto-berlin-start-ups-events-.jpg\" alt=\"Business und Corporate Eventfotografie\" src=\"data:image\/svg+xml;base64,PHN2ZyB3aWR0aD0iMSIgaGVpZ2h0PSIxIiB4bWxucz0iaHR0cDovL3d3dy53My5vcmcvMjAwMC9zdmciPjwvc3ZnPg==\" style=\"--smush-placeholder-width: 1024px; --smush-placeholder-aspect-ratio: 1024\/633;\" \/><\/a><\/div>\r\n<\/div>\r\n<\/div>\r\n<\/div>\r\n<\/div>\r\n<\/div>\r\n<\/div>\r\n<\/div>\r\n<\/div>\r\n<\/div>\r\n\r\n<div class=\"vce-row-container\">\r\n<div id=\"el-102eae94\" class=\"vce-row vce-row--col-gap-30 vce-row-equal-height vce-row-content--top\" data-vce-full-width=\"true\" data-vce-stretch-content=\"true\" data-vce-do-apply=\"all el-102eae94\">\r\n<div class=\"vce-row-content\" data-vce-element-content=\"true\">\r\n<div id=\"el-26d87073\" class=\"vce-col vce-col--md-auto vce-col--xs-1 vce-col--xs-last vce-col--xs-first vce-col--sm-last vce-col--sm-first vce-col--md-last vce-col--lg-last vce-col--xl-last vce-col--md-first vce-col--lg-first vce-col--xl-first\">\r\n<div class=\"vce-col-inner\" data-vce-do-apply=\"border margin background  el-26d87073\">\r\n<div class=\"vce-col-content\" data-vce-element-content=\"true\" data-vce-do-apply=\"padding el-26d87073\">\r\n<div class=\"vce-text-block\">\r\n<div id=\"el-3c2378d8\" class=\"vce-text-block-wrapper vce\" data-vce-do-apply=\"all el-3c2378d8\">\r\n<h2>\u00a0<\/h2>\r\n<h2><span style=\"font-family: Montserrat;\"><strong>Portraitfotografie als besonderes Angebot f\u00fcr Ihre Teilnehmer*Innen: <\/strong><\/span><\/h2>\r\n<h2><span style=\"font-family: Montserrat;\"><strong>Schenken Sie Ihren G\u00e4sten ein unvergessliches Erlebnis mit einer Portraitfoto-Session<\/strong><br \/><\/span><\/h2>\r\n<p><span style=\"font-family: Montserrat; font-size: 14pt;\">Sie wollen Ihren G\u00e4sten etwas Besonderes bieten? Wie w\u00e4re es mit einer Portraitfoto-Session w\u00e4hrend Ihrer Veranstaltung? Ob f\u00fcr die sozialen Medien, die Online-Pr\u00e4senz oder einfach als Erinnerung, ich kann Ihre Teilnehmer professionell in Szene setzen. Ich bringe meine Licht- und Fotoausr\u00fcstung zum Veranstaltungsort mit und organisiere ein Fotoshooting mit einer begrenzten Anzahl von Teilnehmern*Innen, nachdem wir die Details abgesprochen haben.<\/span><\/p>\r\n<p><span style=\"font-family: Montserrat; font-size: 14pt;\">Ein Fotoshooting mit einem Fotografen unterscheidet sich deutlich von der Anmietung eines Fotoautomaten, bei dem die G\u00e4ste Fotos machen und diese vor Ort ausdrucken lassen. Ein Fotoshooting mit einem Fotografen bietet Ihnen eine neue Erfahrung, die Ihre G\u00e4ste begeistern wird. Es bietet Ihnen ein hochwertiges digitales Souvenir, das Ihre G\u00e4ste f\u00fcr ihr Leben und ihre Karriere nutzen k\u00f6nnen. Ein professionelles Portrait ist ein Geschenk, das Sie Ihren Teilnehmern machen und mit dem sie sich weiterentwickeln k\u00f6nnen.<\/span><\/p>\r\n<p><span style=\"font-family: Montserrat; font-size: 14pt;\">Eventfotografie in Berlin: Kontaktieren Sie mich und sagen Sie mir, wie viele Personen Sie fotografieren lassen wollen, welchen Zweck und welchen Stil Sie bevorzugen. Ob seri\u00f6s f\u00fcr LinkedIn oder kreativ und k\u00fcnstlerisch, ich richte mich nach Ihren W\u00fcnschen. Wenn Sie Beispielfotos haben, die Ihnen gefallen, schicken Sie sie mir gerne zu.<\/span><\/p>\r\n<p>&nbsp;<\/p>\r\n<p><span style=\"font-family: Montserrat; font-size: 14pt;\">\u00a0<\/span><\/p>\r\n<\/div>\r\n<\/div>\r\n<\/div>\r\n<\/div>\r\n<\/div>\r\n<\/div>\r\n<\/div>\r\n<\/div>\r\n\r\n<div class=\"vce-row-container\">\r\n<div id=\"el-2ab669ab\" class=\"vce-row vce-row--col-gap-30 vce-row-equal-height vce-row-content--top\" data-vce-full-width=\"true\" data-vce-stretch-content=\"true\" data-vce-do-apply=\"all el-2ab669ab\">\r\n<div class=\"vce-content-background-container\">\u00a0<\/div>\r\n<div class=\"vce-row-content\" data-vce-element-content=\"true\">\r\n<div id=\"el-7f558792\" class=\"vce-col vce-col--md-auto vce-col--xs-1 vce-col--xs-last vce-col--xs-first vce-col--sm-last vce-col--sm-first vce-col--md-last vce-col--lg-last vce-col--xl-last vce-col--md-first vce-col--lg-first vce-col--xl-first\">\r\n<div class=\"vce-col-inner\" data-vce-do-apply=\"border margin background  el-7f558792\">\r\n<div class=\"vce-col-content\" data-vce-element-content=\"true\" data-vce-do-apply=\"padding el-7f558792\">\r\n<div class=\"vce-image-gallery vce-image-gallery--gap-10 vce-image-gallery--columns-3 vce-image-gallery--border-rounded\">\r\n<div id=\"el-d1e44037\" class=\"vce-image-gallery-wrapper vce\" data-vce-do-apply=\"all el-d1e44037\">\r\n<div class=\"vce-image-gallery-list\">\r\n<div class=\"vce-image-gallery-item\">\r\n<figure class=\"vce-image-gallery-item-inner-wrapper\"><a class=\"vce-image-gallery-item-inner\" href=\"https:\/\/mariarapelafoto.com\/wp-content\/uploads\/2023\/05\/Business-Headshots-berlin-Corporate-Mitarbeiter-Fotos-Unternehmenfotografie-Portraits-Fotos-mit-Bokeh-Hintergrund-Foto-Maria-Rapela.png\" data-lightbox=\"lightbox-d1e44037\"><img decoding=\"async\" class=\"vce-image-gallery-img lazyload\" title=\"Business Headshots berlin Corporate Mitarbeiter Fotos - Unternehmenfotografie - Portraits Fotos mit Bokeh Hintergrund - Foto-Maria-Rapela\" data-src=\"https:\/\/mariarapelafoto.com\/wp-content\/uploads\/2023\/05\/Business-Headshots-berlin-Corporate-Mitarbeiter-Fotos-Unternehmenfotografie-Portraits-Fotos-mit-Bokeh-Hintergrund-Foto-Maria-Rapela-1024x768.png\" alt=\"Businessfotografie\" src=\"data:image\/svg+xml;base64,PHN2ZyB3aWR0aD0iMSIgaGVpZ2h0PSIxIiB4bWxucz0iaHR0cDovL3d3dy53My5vcmcvMjAwMC9zdmciPjwvc3ZnPg==\" style=\"--smush-placeholder-width: 1024px; --smush-placeholder-aspect-ratio: 1024\/768;\" \/><\/a><\/figure>\r\n<\/div>\r\n<div class=\"vce-image-gallery-item\">\r\n<figure class=\"vce-image-gallery-item-inner-wrapper\"><a class=\"vce-image-gallery-item-inner\" href=\"https:\/\/mariarapelafoto.com\/wp-content\/uploads\/2022\/03\/12-Business-Ami-social-media-72dpi-2022-Foto-Maria-Rapela-09770.jpg\" data-lightbox=\"lightbox-d1e44037\"><img decoding=\"async\" class=\"vce-image-gallery-img lazyload\" title=\"12-Business - Ami- social media 72dpi-2022-Foto-Maria Rapela-09770\" data-src=\"https:\/\/mariarapelafoto.com\/wp-content\/uploads\/2022\/03\/12-Business-Ami-social-media-72dpi-2022-Foto-Maria-Rapela-09770.jpg\" alt=\"Businessfotografie\" src=\"data:image\/svg+xml;base64,PHN2ZyB3aWR0aD0iMSIgaGVpZ2h0PSIxIiB4bWxucz0iaHR0cDovL3d3dy53My5vcmcvMjAwMC9zdmciPjwvc3ZnPg==\" style=\"--smush-placeholder-width: 1024px; --smush-placeholder-aspect-ratio: 1024\/768;\" \/><\/a><\/figure>\r\n<\/div>\r\n<div class=\"vce-image-gallery-item\">\r\n<figure class=\"vce-image-gallery-item-inner-wrapper\"><a class=\"vce-image-gallery-item-inner\" href=\"https:\/\/mariarapelafoto.com\/wp-content\/uploads\/2022\/02\/berlin-business-portraits-headshots-foto-portrait-mit-charakter-for-entrepreneurs-coporate-headshots-linkedin-social-media-for-website-about-me-photo-fotografie-maria-rapela-copyright.jpg\" data-lightbox=\"lightbox-d1e44037\"><img decoding=\"async\" class=\"vce-image-gallery-img lazyload\" title=\"berlin-business-portraits-headshots-foto-portrait-mit-charakter-for-entrepreneurs-coporate-headshots-linkedin-social-media-for-website-about me photo-fotografie-maria-rapela-copyright\" data-src=\"https:\/\/mariarapelafoto.com\/wp-content\/uploads\/2022\/02\/berlin-business-portraits-headshots-foto-portrait-mit-charakter-for-entrepreneurs-coporate-headshots-linkedin-social-media-for-website-about-me-photo-fotografie-maria-rapela-copyright.jpg\" alt=\"Portraits und Eventfotos in Berlin\" src=\"data:image\/svg+xml;base64,PHN2ZyB3aWR0aD0iMSIgaGVpZ2h0PSIxIiB4bWxucz0iaHR0cDovL3d3dy53My5vcmcvMjAwMC9zdmciPjwvc3ZnPg==\" style=\"--smush-placeholder-width: 1000px; --smush-placeholder-aspect-ratio: 1000\/1000;\" \/><\/a><\/figure>\r\n<\/div>\r\n<\/div>\r\n<\/div>\r\n<\/div>\r\n<\/div>\r\n<\/div>\r\n<\/div>\r\n<\/div>\r\n<\/div>\r\n<\/div>\r\n\r\n<div class=\"vce-row-container\">\r\n<div id=\"el-eba56708\" class=\"vce-row vce-row--col-gap-30 vce-row-equal-height vce-row-content--top\" data-vce-full-width=\"true\" data-vce-stretch-content=\"true\" data-vce-do-apply=\"all el-eba56708\">\r\n<div class=\"vce-row-content\" data-vce-element-content=\"true\">\r\n<div id=\"el-68c33050\" class=\"vce-col vce-col--md-auto vce-col--xs-1 vce-col--xs-last vce-col--xs-first vce-col--sm-last vce-col--sm-first vce-col--md-last vce-col--lg-last vce-col--xl-last vce-col--md-first vce-col--lg-first vce-col--xl-first\">\r\n<div class=\"vce-col-inner\" data-vce-do-apply=\"border margin background  el-68c33050\">\r\n<div class=\"vce-col-content\" data-vce-element-content=\"true\" data-vce-do-apply=\"padding el-68c33050\">\r\n<div class=\"vce-text-block\">\r\n<div id=\"el-c25cfc28\" class=\"vce-text-block-wrapper vce\" data-vce-do-apply=\"all el-c25cfc28\">\r\n<h2>\u00a0<\/h2>\r\n<h2><span style=\"font-family: Montserrat;\"><strong>Eventfotografie in Berlin: Ihre Veranstaltung ist eine wichtige Investition f\u00fcr Ihr Unternehmen.<\/strong><\/span><\/h2>\r\n<p><span style=\"font-size: 14pt; font-family: Montserrat;\">Sie wollen nicht nur Geld ausgeben, sondern auch einen bleibenden Eindruck hinterlassen. Deshalb brauchen Sie eine professionelle Dokumentation Ihrer Veranstaltung, die Ihre Leistung und Ihr Engagement zeigt. Kontaktieren Sie mich und lassen Sie mich wissen, was Sie sich vorstellen. Ich werde Ihnen ein individuelles Angebot machen, das zu Ihrem Budget und Ihren W\u00fcnschen passt.<\/span><\/p>\r\n<p>&nbsp;<\/p>\r\n<p><span style=\"font-family: Montserrat; font-size: 14pt;\">\u00a0<\/span><\/p>\r\n<\/div>\r\n<\/div>\r\n<\/div>\r\n<\/div>\r\n<\/div>\r\n<\/div>\r\n<\/div>\r\n<\/div>\r\n\r\n<div class=\"vce-row-container\">\r\n<div id=\"el-076cae26\" class=\"vce-row vce-row--col-gap-30 vce-row-equal-height vce-row-content--top\" data-vce-full-width=\"true\" data-vce-stretch-content=\"true\" data-vce-do-apply=\"all el-076cae26\">\r\n<div class=\"vce-row-content\" data-vce-element-content=\"true\">\r\n<div id=\"el-16ca1bdf\" class=\"vce-col vce-col--md-auto vce-col--xs-1 vce-col--xs-last vce-col--xs-first vce-col--sm-last vce-col--sm-first vce-col--md-last vce-col--lg-last vce-col--xl-last vce-col--md-first vce-col--lg-first vce-col--xl-first\">\r\n<div class=\"vce-col-inner\" data-vce-do-apply=\"border margin background  el-16ca1bdf\">\r\n<div class=\"vce-col-content\" data-vce-element-content=\"true\" data-vce-do-apply=\"padding el-16ca1bdf\">\r\n<div class=\"vce-row-container\" data-vce-boxed-width=\"true\">\r\n<div id=\"el-6ab485be\" class=\"vce-row vce-row--col-gap-30 vce-row-equal-height vce-row-content--top\" data-vce-do-apply=\"all el-6ab485be\">\r\n<div class=\"vce-row-content\" data-vce-element-content=\"true\">\r\n<div id=\"el-d0f00df5\" class=\"vce-col vce-col--md-auto vce-col--xs-1 vce-col--xs-last vce-col--xs-first vce-col--sm-last vce-col--sm-first vce-col--md-last vce-col--lg-last vce-col--xl-last vce-col--md-first vce-col--lg-first vce-col--xl-first\">\r\n<div class=\"vce-col-inner\" data-vce-do-apply=\"border margin background  el-d0f00df5\">\r\n<div class=\"vce-content-background-container\">\u00a0<\/div>\r\n<div class=\"vce-col-content\" data-vce-element-content=\"true\" data-vce-do-apply=\"padding el-d0f00df5\">\r\n<div class=\"vce-row-container\">\r\n<div id=\"el-1308244f\" class=\"vce-row vce-element--has-background vce-row--col-gap-30 vce-row-content--top\" data-vce-full-width=\"true\" data-vce-stretch-content=\"true\" data-vce-do-apply=\"all el-1308244f\">\r\n<div class=\"vce-content-background-container\">\r\n<div class=\"vce-asset-parallax-container vce-visible-all-only\" data-vce-assets-parallax=\".vce-asset-parallax\" data-vce-assets-parallax-reverse=\"1\">\r\n<div class=\"vce-asset-parallax\" style=\"top: -30vh; bottom: -30vh; transform: translateY(6.36667vh);\">\r\n<div class=\"vce-asset-color-gradient-container vce-visible-all-only\" data-vce-do-apply=\"gradient el-1308244f\">\u00a0<\/div>\r\n<\/div>\r\n<\/div>\r\n<\/div>\r\n<div class=\"vce-row-content\" data-vce-element-content=\"true\">\r\n<div id=\"el-75b8b6b9\" class=\"vce-col vce-col--md-auto vce-col--xs-1 vce-col--xs-last vce-col--xs-first vce-col--sm-last vce-col--sm-first vce-col--md-last vce-col--lg-last vce-col--xl-last vce-col--md-first vce-col--lg-first vce-col--xl-first\">\r\n<div class=\"vce-col-inner\" data-vce-do-apply=\"border margin background  el-75b8b6b9\">\r\n<div class=\"vce-col-content\" data-vce-element-content=\"true\" data-vce-do-apply=\"padding el-75b8b6b9\">\r\n<div class=\"vce-text-block\">\r\n<div id=\"el-e0dd9693\" class=\"vce-text-block-wrapper vce\" data-vce-do-apply=\"all el-e0dd9693\">\r\n<p>&nbsp;<\/p>\r\n<p>&nbsp;<\/p>\r\n<\/div>\r\n<\/div>\r\n<\/div>\r\n<\/div>\r\n<\/div>\r\n<\/div>\r\n<\/div>\r\n<\/div>\r\n\r\n<div class=\"vce-text-block\">\r\n<div id=\"el-38dfff41\" class=\"vce-text-block-wrapper vce\" data-vce-do-apply=\"all el-38dfff41\">\r\n<h2 style=\"text-align: center;\">\u00a0<\/h2>\r\n<h3><span style=\"font-family: Montserrat; font-weight: 900; font-style: normal; font-size: 16pt; color: #4a4848;\"><strong>Eventfotografie in Berlin: <\/strong><\/span><\/h3>\r\n<h3><span style=\"font-family: Montserrat; font-weight: 900; font-style: normal; font-size: 16pt; color: #4a4848;\"><strong>Zufriedene Kunden<\/strong><\/span><\/h3>\r\n<h2 style=\"text-align: left;\"><span style=\"font-size: 24pt; color: #3e3d3d;\"><strong><span style=\"font-family: Montserrat; font-size: 36pt; font-style: normal;\">\u00a0 <\/span><\/strong><\/span><\/h2>\r\n<p>&nbsp;<\/p>\r\n<p>&nbsp;<\/p>\r\n<\/div>\r\n<\/div>\r\n\r\n<div class=\"vce-row-container\" data-vce-boxed-width=\"true\">\r\n<div id=\"el-a4bac7dc\" class=\"vce-row vce-row--col-gap-30 vce-row-equal-height vce-row-content--top\" data-vce-do-apply=\"all el-a4bac7dc\">\r\n<div class=\"vce-content-background-container\">\u00a0<\/div>\r\n<div class=\"vce-row-content\" data-vce-element-content=\"true\">\r\n<div id=\"el-ea93ceaa\" class=\"vce-col vce-col--md-auto vce-col--xs-1 vce-col--xs-last vce-col--xs-first vce-col--sm-last vce-col--sm-first vce-col--md-first vce-col--lg-first vce-col--xl-first\">\r\n<div class=\"vce-col-inner\" data-vce-do-apply=\"border margin background  el-ea93ceaa\">\r\n<div class=\"vce-col-content\" data-vce-element-content=\"true\" data-vce-do-apply=\"padding el-ea93ceaa\">\r\n<div class=\"vce-single-image-container vce-single-image--align-left\">\r\n<div id=\"el-98ffa3f2\" class=\"vce vce-single-image-wrapper\" data-vce-do-apply=\"all el-98ffa3f2\">\r\n<figure>\r\n<div class=\"vce-single-image-figure-inner\" style=\"width: 1024px;\">\r\n<div class=\"vce-single-image-inner vce-single-image--absolute\" style=\"width: 100%; padding-bottom: 18.75%;\"><img decoding=\"async\" class=\"vce-single-image lazyload\" title=\"kunden logo\" data-src=\"https:\/\/mariarapelafoto.com\/wp-content\/uploads\/2022\/07\/kunden-logo-1-1024x192.png\" data-srcset=\"https:\/\/mariarapelafoto.com\/wp-content\/uploads\/2022\/07\/kunden-logo-1-1024x192.png 1024w, https:\/\/mariarapelafoto.com\/wp-content\/uploads\/2025\/10\/kunden-logo-1-320x60.png 320w, https:\/\/mariarapelafoto.com\/wp-content\/uploads\/2025\/10\/kunden-logo-1-480x90.png 480w, https:\/\/mariarapelafoto.com\/wp-content\/uploads\/2025\/10\/kunden-logo-1-800x150.png 800w\" alt=\"\" width=\"1024\" height=\"192\" data-img-src=\"https:\/\/mariarapelafoto.com\/wp-content\/uploads\/2022\/07\/kunden-logo-1.png\" data-attachment-id=\"19812\" src=\"data:image\/svg+xml;base64,PHN2ZyB3aWR0aD0iMSIgaGVpZ2h0PSIxIiB4bWxucz0iaHR0cDovL3d3dy53My5vcmcvMjAwMC9zdmciPjwvc3ZnPg==\" style=\"--smush-placeholder-width: 1024px; --smush-placeholder-aspect-ratio: 1024\/192;\" \/><\/div>\r\n<\/div>\r\n<figcaption hidden=\"\"><\/figcaption>\r\n<\/figure>\r\n<\/div>\r\n<\/div>\r\n<\/div>\r\n<\/div>\r\n<\/div>\r\n\r\n<div id=\"el-eef3d34b\" class=\"vce-col vce-col--md-auto vce-col--xs-1 vce-col--xs-last vce-col--xs-first vce-col--sm-last vce-col--sm-first\">\r\n<div class=\"vce-col-inner\" data-vce-do-apply=\"border margin background  el-eef3d34b\">\r\n<div class=\"vce-col-content\" data-vce-element-content=\"true\" data-vce-do-apply=\"padding el-eef3d34b\">\r\n<div class=\"vce-single-image-container vce-single-image--align-left\">\r\n<div id=\"el-4464f74d\" class=\"vce vce-single-image-wrapper\" data-vce-do-apply=\"all el-4464f74d\">\r\n<figure>\r\n<div class=\"vce-single-image-figure-inner\" style=\"width: 609px;\">\r\n<div class=\"vce-single-image-inner vce-single-image--absolute\" style=\"width: 100%; padding-bottom: 25.4516%;\"><img decoding=\"async\" class=\"vce-single-image lazyload\" title=\"logo-kunden\" data-src=\"https:\/\/mariarapelafoto.com\/wp-content\/uploads\/2025\/10\/logo-kunden-609x155.png\" data-srcset=\"https:\/\/mariarapelafoto.com\/wp-content\/uploads\/2025\/10\/logo-kunden-320x81.png 320w, https:\/\/mariarapelafoto.com\/wp-content\/uploads\/2025\/10\/logo-kunden-480x122.png 480w, https:\/\/mariarapelafoto.com\/wp-content\/uploads\/2025\/10\/logo-kunden-609x155.png 609w\" alt=\"\" width=\"609\" height=\"155\" data-img-src=\"https:\/\/mariarapelafoto.com\/wp-content\/uploads\/2022\/07\/logo-kunden.png\" data-attachment-id=\"19816\" src=\"data:image\/svg+xml;base64,PHN2ZyB3aWR0aD0iMSIgaGVpZ2h0PSIxIiB4bWxucz0iaHR0cDovL3d3dy53My5vcmcvMjAwMC9zdmciPjwvc3ZnPg==\" style=\"--smush-placeholder-width: 609px; --smush-placeholder-aspect-ratio: 609\/155;\" \/><\/div>\r\n<\/div>\r\n<figcaption hidden=\"\"><\/figcaption>\r\n<\/figure>\r\n<\/div>\r\n<\/div>\r\n<\/div>\r\n<\/div>\r\n<\/div>\r\n\r\n<div id=\"el-491165e4\" class=\"vce-col vce-col--md-auto vce-col--xs-1 vce-col--xs-last vce-col--xs-first vce-col--sm-last vce-col--sm-first\">\r\n<div class=\"vce-col-inner\" data-vce-do-apply=\"border margin background  el-491165e4\">\r\n<div class=\"vce-col-content\" data-vce-element-content=\"true\" data-vce-do-apply=\"padding el-491165e4\">\r\n<div class=\"vce-single-image-container vce-single-image--align-center\">\r\n<div id=\"el-63f34d5d\" class=\"vce vce-single-image-wrapper\" data-vce-do-apply=\"all el-63f34d5d\">\r\n<figure>\r\n<div class=\"vce-single-image-figure-inner\" style=\"width: 1000px;\">\r\n<div class=\"vce-single-image-inner vce-single-image--absolute\" style=\"width: 100%; padding-bottom: 40%;\"><img decoding=\"async\" class=\"vce-single-image lazyload\" title=\"instituto cervantes Berlin logo\" data-src=\"https:\/\/mariarapelafoto.com\/wp-content\/uploads\/2022\/07\/instituto-cervantes-Berlin-logo-1.png\" data-srcset=\"https:\/\/mariarapelafoto.com\/wp-content\/uploads\/2025\/10\/instituto-cervantes-Berlin-logo-1-320x128.png 320w, https:\/\/mariarapelafoto.com\/wp-content\/uploads\/2025\/10\/instituto-cervantes-Berlin-logo-1-480x192.png 480w, https:\/\/mariarapelafoto.com\/wp-content\/uploads\/2025\/10\/instituto-cervantes-Berlin-logo-1-800x320.png 800w\" alt=\"\" width=\"1000\" height=\"400\" data-img-data-src=\"https:\/\/mariarapelafoto.com\/wp-content\/uploads\/2022\/07\/instituto-cervantes-Berlin-logo-1.png\" data-attachment-id=\"19815\" src=\"data:image\/svg+xml;base64,PHN2ZyB3aWR0aD0iMSIgaGVpZ2h0PSIxIiB4bWxucz0iaHR0cDovL3d3dy53My5vcmcvMjAwMC9zdmciPjwvc3ZnPg==\" style=\"--smush-placeholder-width: 1000px; --smush-placeholder-aspect-ratio: 1000\/400;\" \/><\/div>\r\n<\/div>\r\n<figcaption hidden=\"\"><\/figcaption>\r\n<\/figure>\r\n<\/div>\r\n<\/div>\r\n<\/div>\r\n<\/div>\r\n<\/div>\r\n\r\n<div id=\"el-d0c99087\" class=\"vce-col vce-col--md-auto vce-col--xs-1 vce-col--xs-last vce-col--xs-first vce-col--sm-last vce-col--sm-first vce-col--md-last vce-col--lg-last vce-col--xl-last\">\r\n<div class=\"vce-col-inner\" data-vce-do-apply=\"border margin background  el-d0c99087\">\r\n<div class=\"vce-col-content\" data-vce-element-content=\"true\" data-vce-do-apply=\"padding el-d0c99087\">\r\n<div class=\"vce-single-image-container vce-single-image--align-left\">\r\n<div id=\"el-69c82bfc\" class=\"vce vce-single-image-wrapper\" data-vce-do-apply=\"all el-69c82bfc\">\r\n<figure>\r\n<div class=\"vce-single-image-figure-inner\" style=\"width: 1000px;\">\r\n<div class=\"vce-single-image-inner vce-single-image--absolute\" style=\"width: 100%; padding-bottom: 20%;\"><img decoding=\"async\" class=\"vce-single-image lazyload\" title=\"migrapreneur logo\" data-src=\"https:\/\/mariarapelafoto.com\/wp-content\/uploads\/2022\/07\/migrapreneur-logo.png\" data-srcset=\"https:\/\/mariarapelafoto.com\/wp-content\/uploads\/2025\/10\/migrapreneur-logo-320x64.png 320w, https:\/\/mariarapelafoto.com\/wp-content\/uploads\/2025\/10\/migrapreneur-logo-480x96.png 480w, https:\/\/mariarapelafoto.com\/wp-content\/uploads\/2025\/10\/migrapreneur-logo-800x160.png 800w\" alt=\"\" width=\"1000\" height=\"200\" data-img-data-src=\"https:\/\/mariarapelafoto.com\/wp-content\/uploads\/2022\/07\/migrapreneur-logo.png\" data-attachment-id=\"19813\" src=\"data:image\/svg+xml;base64,PHN2ZyB3aWR0aD0iMSIgaGVpZ2h0PSIxIiB4bWxucz0iaHR0cDovL3d3dy53My5vcmcvMjAwMC9zdmciPjwvc3ZnPg==\" style=\"--smush-placeholder-width: 1000px; --smush-placeholder-aspect-ratio: 1000\/200;\" \/><\/div>\r\n<\/div>\r\n<figcaption hidden=\"\"><\/figcaption>\r\n<\/figure>\r\n<\/div>\r\n<\/div>\r\n<\/div>\r\n<\/div>\r\n<\/div>\r\n<\/div>\r\n<\/div>\r\n<\/div>\r\n\r\n<div class=\"vce-row-container\">\r\n<div id=\"el-b43e78e7\" class=\"vce-row vce-element--has-background vce-row--col-gap-30 vce-row-content--top\" data-vce-full-width=\"true\" data-vce-stretch-content=\"true\" data-vce-do-apply=\"all el-b43e78e7\">\r\n<div class=\"vce-content-background-container\">\r\n<div class=\"vce-asset-parallax-container vce-visible-all-only\" data-vce-assets-parallax=\".vce-asset-parallax\" data-vce-assets-parallax-reverse=\"1\">\r\n<div class=\"vce-asset-parallax\" style=\"top: -30vh; bottom: -30vh; transform: translateY(30vh);\">\r\n<div class=\"vce-asset-color-gradient-container vce-visible-all-only\" data-vce-do-apply=\"gradient el-b43e78e7\">\u00a0<\/div>\r\n<\/div>\r\n<\/div>\r\n<\/div>\r\n<div class=\"vce-row-content\" data-vce-element-content=\"true\">\r\n<div id=\"el-f3f05f88\" class=\"vce-col vce-col--md-auto vce-col--xs-1 vce-col--xs-last vce-col--xs-first vce-col--sm-last vce-col--sm-first vce-col--md-last vce-col--lg-last vce-col--xl-last vce-col--md-first vce-col--lg-first vce-col--xl-first\">\r\n<div class=\"vce-col-inner\" data-vce-do-apply=\"border margin background  el-f3f05f88\">\r\n<div class=\"vce-col-content\" data-vce-element-content=\"true\" data-vce-do-apply=\"padding el-f3f05f88\">\r\n<div class=\"vce-text-block\">\r\n<div id=\"el-c379dfa9\" class=\"vce-text-block-wrapper vce\" data-vce-do-apply=\"all el-c379dfa9\">\r\n<p>&nbsp;<\/p>\r\n<p>&nbsp;<\/p>\r\n<\/div>\r\n<\/div>\r\n<\/div>\r\n<\/div>\r\n<\/div>\r\n<\/div>\r\n<\/div>\r\n<\/div>\r\n<\/div>\r\n<\/div>\r\n<\/div>\r\n<\/div>\r\n<\/div>\r\n<\/div>\r\n<\/div>\r\n<\/div>\r\n<\/div>\r\n<\/div>\r\n<\/div>\r\n<\/div>\r\n\r\n<div class=\"vce-row-container\">\r\n<div id=\"el-8a23f75b\" class=\"vce-row vce-row--col-gap-30 vce-row-equal-height vce-row-content--top\" data-vce-full-width=\"true\" data-vce-stretch-content=\"true\" data-vce-do-apply=\"all el-8a23f75b\">\r\n<div class=\"vce-row-content\" data-vce-element-content=\"true\">\r\n<div id=\"el-bee46a5f\" class=\"vce-col vce-col--md-auto vce-col--xs-1 vce-col--xs-last vce-col--xs-first vce-col--sm-last vce-col--sm-first vce-col--md-last vce-col--lg-last vce-col--xl-last vce-col--md-first vce-col--lg-first vce-col--xl-first\">\r\n<div class=\"vce-col-inner\" data-vce-do-apply=\"border margin background  el-bee46a5f\">\r\n<div class=\"vce-col-content\" data-vce-element-content=\"true\" data-vce-do-apply=\"padding el-bee46a5f\">\r\n<div class=\"vcv-row-control-wrapper\">\u00a0<\/div>\r\n<\/div>\r\n<\/div>\r\n<\/div>\r\n<\/div>\r\n<\/div>\r\n<\/div>\r\n\r\n<div class=\"vce-row-container\">\r\n<div id=\"el-61be56e8\" class=\"vce-row vce-element--has-background vce-row--col-gap-30 vce-row-content--top\" data-vce-full-width=\"true\" data-vce-stretch-content=\"true\" data-vce-do-apply=\"all el-61be56e8\">\r\n<div class=\"vce-content-background-container\">\u00a0<\/div>\r\n<div class=\"vce-row-content\" data-vce-element-content=\"true\">\r\n<div id=\"el-866bd5a7\" class=\"vce-col vce-col--md-auto vce-col--xs-1 vce-col--xs-last vce-col--xs-first vce-col--sm-last vce-col--sm-first vce-col--md-last vce-col--lg-last vce-col--xl-last vce-col--md-first vce-col--lg-first vce-col--xl-first\">\r\n<div class=\"vce-col-inner\" data-vce-do-apply=\"border margin background  el-866bd5a7\">\r\n<div class=\"vce-col-content\" data-vce-element-content=\"true\" data-vce-do-apply=\"padding el-866bd5a7\">\r\n<div class=\"vce-features vce-var-icon vce-features--style-filled-circle vce-features--size-medium\" style=\"--iconalignment: center; --iconcolor: #fff; --iconcolorhover: #fff; --shapecolor: #3e3d3d; --shapecolorhover: #838383; --linkcolorhover: #373737;\">\r\n<div id=\"el-e1493cb5\" class=\"vce vce-features-icon-wrapper\" data-vce-do-apply=\"all el-e1493cb5\">\u00a0<\/div>\r\n<\/div>\r\n\r\n<div class=\"vce-text-block\">\r\n<div id=\"el-3c47dd69\" class=\"vce-text-block-wrapper vce\" data-vce-do-apply=\"all el-3c47dd69\">\r\n<h2 style=\"text-align: center;\"><span style=\"font-size: 16pt;\"><a href=\"https:\/\/us5.list-manage.com\/contact-form?u=7cbd6af4f3737fa34920bcd52&amp;form_id=d2442ecd3c80a514eb91ce7964337d18\"><span style=\"caret-color: #4d4b4b; color: #4d4b4b; font-family: Montserrat; font-weight: bold; text-align: center;\">Termin buchen<\/span><\/a><\/span><\/h2>\r\n<\/div>\r\n<\/div>\r\n\r\n<div class=\"vce-row-container\" data-vce-boxed-width=\"true\">\r\n<div id=\"el-42799c0b\" class=\"vce-row vce-row--col-gap-30 vce-row-content--top\" data-vce-do-apply=\"all el-42799c0b\">\r\n<div class=\"vce-row-content\" data-vce-element-content=\"true\">\r\n<div id=\"el-e1121aa6\" class=\"vce-col vce-col--md-16-66p vce-col--xs-1 vce-col--xs-last vce-col--xs-first vce-col--sm-last vce-col--sm-first vce-col--md-first vce-col--lg-first vce-col--xl-first\">\r\n<div class=\"vce-col-inner\" data-vce-do-apply=\"border margin background  el-e1121aa6\">\r\n<div class=\"vce-col-content\" data-vce-element-content=\"true\" data-vce-do-apply=\"padding el-e1121aa6\">\r\n<div class=\"vcv-row-control-wrapper\">\u00a0<\/div>\r\n<\/div>\r\n<\/div>\r\n<\/div>\r\n\r\n<div id=\"el-26be72ef\" class=\"vce-col vce-col--md-65-42p vce-col--xs-1 vce-col--xs-last vce-col--xs-first vce-col--sm-last vce-col--sm-first\">\r\n<div class=\"vce-col-inner\" data-vce-do-apply=\"border margin background  el-26be72ef\">\r\n<div class=\"vce-col-content\" data-vce-element-content=\"true\" data-vce-do-apply=\"padding el-26be72ef\">\r\n<div class=\"vce-text-block\">\r\n<div id=\"el-05de90cf\" class=\"vce-text-block-wrapper vce\" data-vce-do-apply=\"all el-05de90cf\">\r\n<p style=\"text-align: center;\">\u00a0<\/p>\r\n<p style=\"text-align: center;\"><span style=\"color: #808080; font-family: Montserrat; font-size: 14pt;\">F\u00fcr Business- und Corporate-Eventfotografie ist eine verbindliche Buchung des Eventdatums erforderlich. Dabei wird eine Anzahlung von 30\u202f% des Gesamtpreises f\u00e4llig.<br \/><br \/>Bitte senden Sie mir alle relevanten Informationen \u2013 Datum, Uhrzeit, Ort und besondere W\u00fcnsche \u2013 und ich erstelle Ihnen ein unverbindliches Angebot.<\/span><\/p>\r\n<p style=\"text-align: center;\"><span style=\"color: #808080; font-family: Montserrat; font-size: 14pt;\">Ich biete einen pers\u00f6nlichen Service auf <strong>Deutsch, Englisch, Franz\u00f6sisch, Spanisch <\/strong>oder<strong> Italienisch<\/strong> an.<\/span><\/p>\r\n<p style=\"text-align: center;\"><span style=\"color: #808080; font-family: Montserrat; font-size: 14pt;\"><strong>Ich freue mich auf Sie!<\/strong><\/span><\/p>\r\n<\/div>\r\n<\/div>\r\n\r\n<div id=\"el-d1019867\" class=\"vce-social-profile-icons vce vce-social-profile-icons--alignment-center\" style=\"--gappx: 51px; --iconcolor: #1d64c5;\" data-vce-do-apply=\"all el-d1019867\" data-vce-animate=\"vce-o-animate--swing\">\r\n<div class=\"vce-social-profile-icons-inner\">\u00a0<\/div>\r\n<\/div>\r\n<\/div>\r\n<\/div>\r\n<\/div>\r\n\r\n<div id=\"el-91dc6a5b\" class=\"vce-col vce-col--md-17-91p vce-col--xs-1 vce-col--xs-last vce-col--xs-first vce-col--sm-last vce-col--sm-first vce-col--md-last vce-col--lg-last vce-col--xl-last\">\r\n<div class=\"vce-col-inner\" data-vce-do-apply=\"border margin background  el-91dc6a5b\">\r\n<div class=\"vce-col-content\" data-vce-element-content=\"true\" data-vce-do-apply=\"padding el-91dc6a5b\">\r\n<div class=\"vcv-row-control-wrapper\">\u00a0<\/div>\r\n<\/div>\r\n<\/div>\r\n<\/div>\r\n<\/div>\r\n<\/div>\r\n<\/div>\r\n\r\n<div class=\"vce-button--style-basic-container vce-button--style-basic-container--align-center\"><span id=\"el-2be03630\" class=\"vce-button--style-basic-wrapper vce\" data-vce-do-apply=\"margin el-2be03630\"><a class=\"vce-button vce-button--style-basic vce-button--style-basic--border-round vce-button--style-basic--size-medium vce-button--style-basic--color-b-62-61-61--fff\" title=\"\" href=\"https:\/\/mariarapelafoto.com\/de_de\/buchungen\/\" target=\"_blank\" rel=\"nofollow noopener\" data-vce-do-apply=\"padding border background  el-2be03630\">Kostenlose Beratungstermin: 30-min\u00fctigen Online-Termin buchen<\/a><\/span><\/div>\r\n<\/div>\r\n<\/div>\r\n<\/div>\r\n<\/div>\r\n<\/div>\r\n<\/div>\r\n\r\n<div class=\"vce-row-container\">\r\n<div id=\"el-937c4d60\" class=\"vce-row vce-row--col-gap-30 vce-row-equal-height vce-row-content--top\" data-vce-full-width=\"true\" data-vce-stretch-content=\"true\" data-vce-do-apply=\"all el-937c4d60\">\r\n<div class=\"vce-row-content\" data-vce-element-content=\"true\">\r\n<div id=\"el-2f305b86\" class=\"vce-col vce-col--md-auto vce-col--xs-1 vce-col--xs-last vce-col--xs-first vce-col--sm-last vce-col--sm-first vce-col--md-last vce-col--lg-last vce-col--xl-last vce-col--md-first vce-col--lg-first vce-col--xl-first\">\r\n<div class=\"vce-col-inner\" data-vce-do-apply=\"border margin background  el-2f305b86\">\r\n<div class=\"vce-col-content\" data-vce-element-content=\"true\" data-vce-do-apply=\"padding el-2f305b86\">\r\n<div class=\"vce-row-container\">\r\n<div id=\"el-80820c72\" class=\"vce-row vce-element--has-background vce-row--col-gap-30 vce-row-content--top\" data-vce-full-width=\"true\" data-vce-stretch-content=\"true\" data-vce-do-apply=\"all el-80820c72\">\r\n<div class=\"vce-content-background-container\">\r\n<div class=\"vce-asset-parallax-container vce-visible-all-only\" data-vce-assets-parallax=\".vce-asset-parallax\" data-vce-assets-parallax-reverse=\"1\">\r\n<div class=\"vce-asset-parallax\" style=\"top: -30vh; bottom: -30vh; transform: translateY(7.7604vh);\">\u00a0<\/div>\r\n<\/div>\r\n<\/div>\r\n<div class=\"vce-row-content\" data-vce-element-content=\"true\">\r\n<div id=\"el-4d28b7e4\" class=\"vce-col vce-col--md-50p vce-col--xs-1 vce-col--xs-last vce-col--xs-first vce-col--sm-last vce-col--sm-first vce-col--md-first vce-col--lg-first vce-col--xl-first\">\r\n<div class=\"vce-col-inner\" data-vce-do-apply=\"border margin background  el-4d28b7e4\">\r\n<div class=\"vce-content-background-container\">\u00a0<\/div>\r\n<div class=\"vce-col-content\" data-vce-element-content=\"true\" data-vce-do-apply=\"padding el-4d28b7e4\">\r\n<div class=\"vce-single-image-container vce-single-image--align-left\">\r\n<div id=\"el-fd9e419d\" class=\"vce vce-single-image-wrapper\" data-vce-do-apply=\"all el-fd9e419d\">\r\n<figure>\r\n<div class=\"vce-single-image-figure-inner\">\r\n<div class=\"vce-single-image-inner vce-single-image--absolute\" style=\"width: 100%;\">\u00a0<\/div>\r\n<\/div>\r\n<figcaption hidden=\"\"><\/figcaption>\r\n<\/figure>\r\n<\/div>\r\n<\/div>\r\n\r\n<div class=\"vce-text-block\">\r\n<div id=\"el-5dee2eb1\" class=\"vce-text-block-wrapper vce\" data-vce-do-apply=\"all el-5dee2eb1\">\r\n<p style=\"text-align: left;\"><strong><span style=\"font-family: Montserrat; color: #808080; font-size: 14pt;\">Kontakt: <\/span><\/strong><span style=\"font-family: Montserrat; color: #808080; font-size: 14pt;\">Maria Rapela<\/span><strong><span style=\"font-family: Montserrat; color: #808080; font-size: 14pt;\"><br \/><\/span><\/strong><\/p>\r\n<p style=\"text-align: left;\"><span style=\"font-family: Montserrat; color: #808080; font-size: 14pt;\"><strong>Handy:\u00a0<\/strong> 017 644 277 015<\/span><\/p>\r\n<p style=\"text-align: left;\"><span style=\"font-family: Montserrat; color: #808080; font-size: 14pt;\"><strong>Email:<\/strong> info (@) mariarapelafoto (.) com<\/span><\/p>\r\n<p style=\"text-align: center;\"><span style=\"font-family: Montserrat; color: #808080; font-size: 14pt;\">\u00a0<\/span><\/p>\r\n<\/div>\r\n<\/div>\r\n<\/div>\r\n<\/div>\r\n<\/div>\r\n\r\n<div id=\"el-7f09a3ac\" class=\"vce-col vce-col--md-50p vce-col--xs-1 vce-col--xs-last vce-col--xs-first vce-col--sm-last vce-col--sm-first vce-col--md-last vce-col--lg-last vce-col--xl-last\">\r\n<div class=\"vce-col-inner\" data-vce-do-apply=\"border margin background  el-7f09a3ac\">\r\n<div class=\"vce-col-content\" data-vce-element-content=\"true\" data-vce-do-apply=\"padding el-7f09a3ac\">\r\n<div class=\"vce-single-image-container vce-single-image--align-left\">\r\n<div id=\"el-094219b8\" class=\"vce vce-single-image-wrapper\" data-vce-do-apply=\"all el-094219b8\">\r\n<figure>\r\n<div class=\"vce-single-image-figure-inner\">\r\n<div class=\"vce-single-image-inner vce-single-image--absolute\" style=\"width: 100%;\">\u00a0<\/div>\r\n<\/div>\r\n<figcaption hidden=\"\"><\/figcaption>\r\n<\/figure>\r\n<\/div>\r\n<\/div>\r\n\r\n<div class=\"vce-row-container\" data-vce-boxed-width=\"true\">\r\n<div id=\"el-0ac36361\" class=\"vce-row vce-row--col-gap-30 vce-row-equal-height vce-row-content--top\" data-vce-do-apply=\"all el-0ac36361\">\r\n<div class=\"vce-content-background-container\">\u00a0<\/div>\r\n<div class=\"vce-row-content\" data-vce-element-content=\"true\">\r\n<div id=\"el-6b7a0e75\" class=\"vce-col vce-col--md-auto vce-col--xs-1 vce-col--xs-last vce-col--xs-first vce-col--sm-last vce-col--sm-first vce-col--md-last vce-col--lg-last vce-col--xl-last vce-col--md-first vce-col--lg-first vce-col--xl-first\">\r\n<div class=\"vce-col-inner\" data-vce-do-apply=\"border margin background  el-6b7a0e75\">\r\n<div class=\"vce-col-content\" data-vce-element-content=\"true\" data-vce-do-apply=\"padding el-6b7a0e75\">\r\n<div class=\"vce-text-block\">\r\n<div id=\"el-6340834a\" class=\"vce-text-block-wrapper vce\" data-vce-do-apply=\"all el-6340834a\">\r\n<h3 style=\"text-align: left;\"><span style=\"font-size: 16pt; font-family: Montserrat;\">Ich freue mich auf ihre Nachricht!<\/span><\/h3>\r\n<p>&nbsp;<\/p>\r\n<\/div>\r\n<\/div>\r\n<\/div>\r\n<\/div>\r\n<\/div>\r\n<\/div>\r\n<\/div>\r\n<\/div>\r\n\r\n<div class=\"vce-shortcode\">\r\n<div id=\"el-76a7a9d4\" class=\"vce-shortcode-wrapper vce\" data-vce-do-apply=\"all el-76a7a9d4\">\n<div class=\"wpcf7 no-js\" id=\"wpcf7-f21462-o1\" lang=\"de-DE\" dir=\"ltr\" data-wpcf7-id=\"21462\">\n<div class=\"screen-reader-response\"><p role=\"status\" aria-live=\"polite\" aria-atomic=\"true\"><\/p> <ul><\/ul><\/div>\n<form action=\"\/de_de\/wp-json\/wp\/v2\/pages\/21300#wpcf7-f21462-o1\" method=\"post\" class=\"wpcf7-form init\" aria-label=\"Kontaktformular\" novalidate=\"novalidate\" data-status=\"init\">\n<fieldset class=\"hidden-fields-container\"><input type=\"hidden\" name=\"_wpcf7\" value=\"21462\" \/><input type=\"hidden\" name=\"_wpcf7_version\" value=\"6.1.5\" \/><input type=\"hidden\" name=\"_wpcf7_locale\" value=\"de_DE\" \/><input type=\"hidden\" name=\"_wpcf7_unit_tag\" value=\"wpcf7-f21462-o1\" \/><input type=\"hidden\" name=\"_wpcf7_container_post\" value=\"0\" \/><input type=\"hidden\" name=\"_wpcf7_posted_data_hash\" value=\"\" \/>\n<\/fieldset>\n<p><label> Name, Nachname \/ Name, Surname<br \/>\n<span class=\"wpcf7-form-control-wrap\" data-name=\"your-name\"><input size=\"40\" maxlength=\"400\" class=\"wpcf7-form-control wpcf7-text wpcf7-validates-as-required\" autocomplete=\"name\" aria-required=\"true\" aria-invalid=\"false\" value=\"\" type=\"text\" name=\"your-name\" \/><\/span> <\/label>\n<\/p>\n<p><label> E-Mail-Adresse<br \/>\n<span class=\"wpcf7-form-control-wrap\" data-name=\"your-email\"><input size=\"40\" maxlength=\"400\" class=\"wpcf7-form-control wpcf7-email wpcf7-validates-as-required wpcf7-text wpcf7-validates-as-email\" autocomplete=\"email\" aria-required=\"true\" aria-invalid=\"false\" value=\"\" type=\"email\" name=\"your-email\" \/><\/span> <\/label>\n<\/p>\n<p><label> Betreff \/ Subject<br \/>\n<span class=\"wpcf7-form-control-wrap\" data-name=\"your-subject\"><input size=\"40\" maxlength=\"400\" class=\"wpcf7-form-control wpcf7-text wpcf7-validates-as-required\" aria-required=\"true\" aria-invalid=\"false\" value=\"\" type=\"text\" name=\"your-subject\" \/><\/span> <\/label>\n<\/p>\n<p><label> Nachricht \/ Message<br \/>\n<span class=\"wpcf7-form-control-wrap\" data-name=\"your-message\"><textarea cols=\"40\" rows=\"10\" maxlength=\"2000\" class=\"wpcf7-form-control wpcf7-textarea\" aria-invalid=\"false\" name=\"your-message\"><\/textarea><\/span> <\/label>\n<\/p>\n<p><label> Bevorzugte Kommunikationssprache \/ Language in which you prefer to communicate: Deutsch, Englisch, Spanisch, Franz\u00f6sisch, Italienisch, Deutsch, Spanisch, Franz\u00f6sisch, Italienisch<br \/>\n<span class=\"wpcf7-form-control-wrap\" data-name=\"your-subject\"><input size=\"40\" maxlength=\"400\" class=\"wpcf7-form-control wpcf7-text wpcf7-validates-as-required\" aria-required=\"true\" aria-invalid=\"false\" value=\"\" type=\"text\" name=\"your-subject\" \/><\/span> <\/label>\n<\/p>\n<p><label> Wie haben sie mich gefunden? \/ How did you find me?<br \/>\n<span class=\"wpcf7-form-control-wrap\" data-name=\"your-subject\"><input size=\"40\" maxlength=\"400\" class=\"wpcf7-form-control wpcf7-text wpcf7-validates-as-required\" aria-required=\"true\" aria-invalid=\"false\" value=\"\" type=\"text\" name=\"your-subject\" \/><\/span> <\/label>\n<\/p>\n<p><input class=\"wpcf7-form-control wpcf7-submit has-spinner\" type=\"submit\" value=\"Senden\" \/>\n<\/p><div class=\"wpcf7-response-output\" aria-hidden=\"true\"><\/div>\n<\/form>\n<\/div>\n<\/div>\r\n<\/div>\r\n<\/div>\r\n<\/div>\r\n<\/div>\r\n\r\n<div id=\"el-8f4cbba7\" class=\"vce-col vce-col--md-auto vce-col--xs-1 vce-col--xs-last vce-col--xs-first vce-col--sm-last vce-col--sm-first vce-col--md-last vce-col--lg-last vce-col--xl-last vce-col--md-first vce-col--lg-first vce-col--xl-first\">\r\n<div class=\"vce-col-inner\" data-vce-do-apply=\"border margin background  el-8f4cbba7\">\r\n<div class=\"vce-col-content\" data-vce-element-content=\"true\" data-vce-do-apply=\"padding el-8f4cbba7\">\r\n<div class=\"vce-row-container\">\r\n<div id=\"el-e2a96ab5\" class=\"vce-row vce-element--has-background vce-row--col-gap-30 vce-row-content--top\" data-vce-full-width=\"true\" data-vce-stretch-content=\"true\" data-vce-do-apply=\"all el-e2a96ab5\">\r\n<div class=\"vce-content-background-container\">\r\n<div class=\"vce-asset-parallax-container vce-visible-all-only\" data-vce-assets-parallax=\".vce-asset-parallax\" data-vce-assets-parallax-reverse=\"1\">\r\n<div class=\"vce-asset-parallax\" style=\"top: -30vh; bottom: -30vh; transform: translateY(18.8043vh);\">\r\n<div class=\"vce-asset-color-gradient-container vce-visible-all-only\" data-vce-do-apply=\"gradient el-e2a96ab5\">\u00a0<\/div>\r\n<\/div>\r\n<\/div>\r\n<\/div>\r\n<div class=\"vce-row-content\" data-vce-element-content=\"true\">\r\n<div id=\"el-a09c995c\" class=\"vce-col vce-col--md-auto vce-col--xs-1 vce-col--xs-last vce-col--xs-first vce-col--sm-last vce-col--sm-first vce-col--md-last vce-col--lg-last vce-col--xl-last vce-col--md-first vce-col--lg-first vce-col--xl-first\">\r\n<div class=\"vce-col-inner\" data-vce-do-apply=\"border margin background  el-a09c995c\">\r\n<div class=\"vce-col-content\" data-vce-element-content=\"true\" data-vce-do-apply=\"padding el-a09c995c\">\r\n<div class=\"vce-text-block\">\r\n<div id=\"el-04b04ef8\" class=\"vce-text-block-wrapper vce\" data-vce-do-apply=\"all el-04b04ef8\">\r\n<p>&nbsp;<\/p>\r\n<p>&nbsp;<\/p>\r\n<\/div>\r\n<\/div>\r\n<\/div>\r\n<\/div>\r\n<\/div>\r\n<\/div>\r\n<\/div>\r\n<\/div>\r\n<\/div>\r\n<\/div>\r\n<\/div>\r\n<\/div>\r\n<\/div>\r\n<\/div>\r\n<\/div>\r\n<\/div>\r\n<\/div>\r\n<\/div>\r\n<\/div>\r\n<\/div>\r\n\r\n<div class=\"vce-row-container\">\r\n<div id=\"el-a4a9bd15\" class=\"vce-row vce-row--col-gap-30 vce-row-equal-height vce-row-content--top\" data-vce-full-width=\"true\" data-vce-stretch-content=\"true\" data-vce-do-apply=\"all el-a4a9bd15\">\r\n<div class=\"vce-content-background-container\">\u00a0<\/div>\r\n<div class=\"vce-row-content\" data-vce-element-content=\"true\">\r\n<div id=\"el-989e1777\" class=\"vce-col vce-col--md-34p vce-col--xs-1 vce-col--xs-last vce-col--xs-first vce-col--sm-last vce-col--sm-first vce-col--md-first vce-col--lg-first vce-col--xl-first\">\r\n<div class=\"vce-col-inner\" data-vce-do-apply=\"border margin background  el-989e1777\">\r\n<div class=\"vce-content-background-container\">\u00a0<\/div>\r\n<div class=\"vce-col-content\" data-vce-element-content=\"true\" data-vce-do-apply=\"padding el-989e1777\">\r\n<div class=\"vce-single-image-container vce-single-image--align-left\">\r\n<div id=\"el-154420cc\" class=\"vce vce-single-image-wrapper\" data-vce-do-apply=\"all el-154420cc\">\r\n<figure>\r\n<div class=\"vce-single-image-figure-inner\" style=\"width: 1024px;\"><a class=\"vce-single-image-inner vce-single-image--absolute vce-single-image--border-rounded\" style=\"width: 100%; padding-bottom: 66.6992%;\" title=\"\" href=\"https:\/\/mariarapelafoto.com\/de_de\/hochzeitsfotografie\/\" target=\"_blank\" rel=\"nofollow noopener\"><img decoding=\"async\" class=\"vce-single-image lazyload\" title=\"hochzeit-Standesamtliche Trauung-fotografie-fur die Braut und der Bra\u0308utigam-wedding photography-berlin-germany-00168\" data-src=\"https:\/\/mariarapelafoto.com\/wp-content\/uploads\/2025\/10\/hochzeit-Standesamtliche-Trauung-fotografie-fur-die-Braut-und-der-Bra\u0308utigam-wedding-photography-berlin-germany-00168-1024x683.jpg\" data-srcset=\"https:\/\/mariarapelafoto.com\/wp-content\/uploads\/2025\/10\/hochzeit-Standesamtliche-Trauung-fotografie-fur-die-Braut-und-der-Bra\u0308utigam-wedding-photography-berlin-germany-00168-320x213.jpg 320w, https:\/\/mariarapelafoto.com\/wp-content\/uploads\/2025\/10\/hochzeit-Standesamtliche-Trauung-fotografie-fur-die-Braut-und-der-Bra\u0308utigam-wedding-photography-berlin-germany-00168-480x320.jpg 480w, https:\/\/mariarapelafoto.com\/wp-content\/uploads\/2025\/10\/hochzeit-Standesamtliche-Trauung-fotografie-fur-die-Braut-und-der-Bra\u0308utigam-wedding-photography-berlin-germany-00168-800x534.jpg 800w, https:\/\/mariarapelafoto.com\/wp-content\/uploads\/2025\/10\/hochzeit-Standesamtliche-Trauung-fotografie-fur-die-Braut-und-der-Bra\u0308utigam-wedding-photography-berlin-germany-00168-1024x683.jpg 1024w\" alt=\"Hochzeitsfotografie\" width=\"1024\" height=\"683\" data-img-src=\"https:\/\/mariarapelafoto.com\/wp-content\/uploads\/2022\/05\/hochzeit-Standesamtliche-Trauung-fotografie-fur-die-Braut-und-der-Bra\u0308utigam-wedding-photography-berlin-germany-00168.jpg\" data-attachment-id=\"19661\" src=\"data:image\/svg+xml;base64,PHN2ZyB3aWR0aD0iMSIgaGVpZ2h0PSIxIiB4bWxucz0iaHR0cDovL3d3dy53My5vcmcvMjAwMC9zdmciPjwvc3ZnPg==\" style=\"--smush-placeholder-width: 1024px; --smush-placeholder-aspect-ratio: 1024\/683;\" \/><\/a><\/div>\r\n<figcaption hidden=\"\"><\/figcaption>\r\n<\/figure>\r\n<\/div>\r\n<\/div>\r\n\r\n<div class=\"vce-text-block\">\r\n<div id=\"el-3a063727\" class=\"vce-text-block-wrapper vce\" data-vce-do-apply=\"all el-3a063727\">\r\n<h6 style=\"text-align: center;\"><a href=\"https:\/\/mariarapelafoto.com\/de_de\/hochzeitsfotografie\/\"><span style=\"font-size: 24pt; font-weight: 800; font-style: normal;\"><strong><span style=\"font-family: Montserrat; color: #333333;\"><span style=\"font-size: 16pt;\">Hochzeitsfotografie<\/span><\/span><\/strong><\/span><\/a><\/h6>\r\n<\/div>\r\n<\/div>\r\n<\/div>\r\n<\/div>\r\n<\/div>\r\n\r\n<div id=\"el-9e023d09\" class=\"vce-col vce-col--md-34p vce-col--xs-1 vce-col--xs-last vce-col--xs-first vce-col--sm-last vce-col--sm-first\">\r\n<div class=\"vce-col-inner\" data-vce-do-apply=\"border margin background  el-9e023d09\">\r\n<div class=\"vce-col-content\" data-vce-element-content=\"true\" data-vce-do-apply=\"padding el-9e023d09\">\r\n<div class=\"vce-single-image-container vce-single-image--align-left\">\r\n<div id=\"el-aaa01c76\" class=\"vce vce-single-image-wrapper\" data-vce-do-apply=\"all el-aaa01c76\">\r\n<figure>\r\n<div class=\"vce-single-image-figure-inner\" style=\"width: 1024px;\"><a class=\"vce-single-image-inner vce-single-image--absolute vce-single-image--border-rounded\" style=\"width: 100%; padding-bottom: 66.6992%;\" title=\"\" href=\"https:\/\/mariarapelafoto.com\/de_de\/messefotografie-in-berlin\/\" target=\"_blank\" rel=\"noopener\"><img decoding=\"async\" class=\"vce-single-image lazyload\" title=\"Messe Fotografie Maria Rapela Foto-Berlin photographer for expo center international trade fair\" data-src=\"https:\/\/mariarapelafoto.com\/wp-content\/uploads\/2025\/10\/Messe-Fotografie-Maria-Rapela-Foto-Berlin-photographer-for-expo-center-international-trade-fair-1024x683.jpg\" data-srcset=\"https:\/\/mariarapelafoto.com\/wp-content\/uploads\/2023\/03\/Messe-Fotografie-Maria-Rapela-Foto-Berlin-photographer-for-expo-center-international-trade-fair-320x213.jpg 320w, https:\/\/mariarapelafoto.com\/wp-content\/uploads\/2023\/03\/Messe-Fotografie-Maria-Rapela-Foto-Berlin-photographer-for-expo-center-international-trade-fair-480x320.jpg 480w, https:\/\/mariarapelafoto.com\/wp-content\/uploads\/2023\/03\/Messe-Fotografie-Maria-Rapela-Foto-Berlin-photographer-for-expo-center-international-trade-fair-800x534.jpg 800w, https:\/\/mariarapelafoto.com\/wp-content\/uploads\/2025\/10\/Messe-Fotografie-Maria-Rapela-Foto-Berlin-photographer-for-expo-center-international-trade-fair-1024x683.jpg 1024w\" alt=\"Messefotografie\" width=\"1024\" height=\"683\" data-img-src=\"https:\/\/mariarapelafoto.com\/wp-content\/uploads\/2023\/03\/Messe-Fotografie-Maria-Rapela-Foto-Berlin-photographer-for-expo-center-international-trade-fair.jpg\" data-attachment-id=\"20665\" src=\"data:image\/svg+xml;base64,PHN2ZyB3aWR0aD0iMSIgaGVpZ2h0PSIxIiB4bWxucz0iaHR0cDovL3d3dy53My5vcmcvMjAwMC9zdmciPjwvc3ZnPg==\" style=\"--smush-placeholder-width: 1024px; --smush-placeholder-aspect-ratio: 1024\/683;\" \/><\/a><\/div>\r\n<figcaption hidden=\"\"><\/figcaption>\r\n<\/figure>\r\n<\/div>\r\n<\/div>\r\n\r\n<div class=\"vce-text-block\">\r\n<div id=\"el-3754ffea\" class=\"vce-text-block-wrapper vce\" data-vce-do-apply=\"all el-3754ffea\">\r\n<h6 style=\"text-align: center;\"><a href=\"https:\/\/mariarapelafoto.com\/de_de\/messefotografie-in-berlin\/\"><span style=\"font-size: 24pt; font-weight: 800; font-style: normal;\"><strong><span style=\"font-family: Montserrat; color: #333333;\"><span style=\"font-size: 16pt;\">Messefotografie<\/span><\/span><\/strong><\/span><\/a><\/h6>\r\n<\/div>\r\n<\/div>\r\n<\/div>\r\n<\/div>\r\n<\/div>\r\n\r\n<div id=\"el-ac01bc7a\" class=\"vce-col vce-col--md-32p vce-col--xs-1 vce-col--xs-last vce-col--xs-first vce-col--sm-last vce-col--sm-first vce-col--md-last vce-col--lg-last vce-col--xl-last\">\r\n<div class=\"vce-col-inner\" data-vce-do-apply=\"border margin background  el-ac01bc7a\">\r\n<div class=\"vce-col-content\" data-vce-element-content=\"true\" data-vce-do-apply=\"padding el-ac01bc7a\">\r\n<div class=\"vce-single-image-container vce-single-image--align-left\">\r\n<div id=\"el-0bd6e4e0\" class=\"vce vce-single-image-wrapper\" data-vce-do-apply=\"all el-0bd6e4e0\">\r\n<figure>\r\n<div class=\"vce-single-image-figure-inner\" style=\"width: 1024px;\"><a class=\"vce-single-image-inner vce-single-image--absolute vce-single-image--border-rounded\" style=\"width: 100%; padding-bottom: 75%;\" title=\"\" href=\"https:\/\/mariarapelafoto.com\/de_de\/branding-fotografie\/\" rel=\"nofollow\"><img decoding=\"async\" class=\"vce-single-image lazyload\" title=\"businessfotografie portrait personlichkeit fotograf berlin maria rapela foto business photo\" data-src=\"https:\/\/mariarapelafoto.com\/wp-content\/uploads\/2023\/08\/businessfotografie-portrait-personlichkeit-fotograf-berlin-maria-rapela-foto-business-photo-1024x768.jpg\" data-srcset=\"https:\/\/mariarapelafoto.com\/wp-content\/uploads\/2023\/08\/businessfotografie-portrait-personlichkeit-fotograf-berlin-maria-rapela-foto-business-photo-1024x768.jpg 1024w, https:\/\/mariarapelafoto.com\/wp-content\/uploads\/2023\/08\/businessfotografie-portrait-personlichkeit-fotograf-berlin-maria-rapela-foto-business-photo-320x240.jpg 320w, https:\/\/mariarapelafoto.com\/wp-content\/uploads\/2023\/08\/businessfotografie-portrait-personlichkeit-fotograf-berlin-maria-rapela-foto-business-photo-480x360.jpg 480w, https:\/\/mariarapelafoto.com\/wp-content\/uploads\/2023\/08\/businessfotografie-portrait-personlichkeit-fotograf-berlin-maria-rapela-foto-business-photo-800x600.jpg 800w\" alt=\"Businessfotografie\" width=\"1024\" height=\"768\" data-img-src=\"https:\/\/mariarapelafoto.com\/wp-content\/uploads\/2023\/08\/businessfotografie-portrait-personlichkeit-fotograf-berlin-maria-rapela-foto-business-photo.jpg\" data-attachment-id=\"21177\" src=\"data:image\/svg+xml;base64,PHN2ZyB3aWR0aD0iMSIgaGVpZ2h0PSIxIiB4bWxucz0iaHR0cDovL3d3dy53My5vcmcvMjAwMC9zdmciPjwvc3ZnPg==\" style=\"--smush-placeholder-width: 1024px; --smush-placeholder-aspect-ratio: 1024\/768;\" \/><\/a><\/div>\r\n<figcaption hidden=\"\"><\/figcaption>\r\n<\/figure>\r\n<\/div>\r\n<\/div>\r\n\r\n<div class=\"vce-text-block\">\r\n<div id=\"el-df581028\" class=\"vce-text-block-wrapper vce\" data-vce-do-apply=\"all el-df581028\">\r\n<h6 style=\"text-align: center;\"><a href=\"https:\/\/mariarapelafoto.com\/de_de\/branding-fotografie\/\"><span style=\"font-size: 24pt; font-weight: 800; font-style: normal;\"><strong><span style=\"font-family: Montserrat; color: #333333;\"><span style=\"font-size: 16pt;\">Branding-Fotografie<\/span><\/span><\/strong><\/span><\/a><\/h6>\r\n<\/div>\r\n<\/div>\r\n<\/div>\r\n<\/div>\r\n<\/div>\r\n<\/div>\r\n<\/div>\r\n<\/div>\r\n\r\n<div class=\"vce-row-container\">\r\n<div id=\"el-a2600dd2\" class=\"vce-row vce-row--col-gap-30 vce-row-equal-height vce-row-content--top\" data-vce-full-width=\"true\" data-vce-stretch-content=\"true\" data-vce-do-apply=\"all el-a2600dd2\">\r\n<div class=\"vce-row-content\" data-vce-element-content=\"true\">\r\n<div id=\"el-edee59a7\" class=\"vce-col vce-col--md-auto vce-col--xs-1 vce-col--xs-last vce-col--xs-first vce-col--sm-last vce-col--sm-first vce-col--md-last vce-col--lg-last vce-col--xl-last vce-col--md-first vce-col--lg-first vce-col--xl-first\">\r\n<div class=\"vce-col-inner\" data-vce-do-apply=\"border margin background  el-edee59a7\">\r\n<div class=\"vce-col-content\" data-vce-element-content=\"true\" data-vce-do-apply=\"padding el-edee59a7\">\r\n<div class=\"vce-row-container\">\r\n<div id=\"el-ff9b76b1\" class=\"vce-row vce-element--has-background vce-row--col-gap-30 vce-row-content--top\" data-vce-full-width=\"true\" data-vce-stretch-content=\"true\" data-vce-do-apply=\"all el-ff9b76b1\">\r\n<div class=\"vce-content-background-container\">\r\n<div class=\"vce-asset-parallax-container vce-visible-all-only\" data-vce-assets-parallax=\".vce-asset-parallax\" data-vce-assets-parallax-reverse=\"1\">\r\n<div class=\"vce-asset-parallax\" style=\"top: -30vh; bottom: -30vh; transform: translateY(30vh);\">\r\n<div class=\"vce-asset-color-gradient-container vce-visible-all-only\" data-vce-do-apply=\"gradient el-ff9b76b1\">\u00a0<\/div>\r\n<\/div>\r\n<\/div>\r\n<\/div>\r\n<div class=\"vce-row-content\" data-vce-element-content=\"true\">\r\n<div id=\"el-5cdc721f\" class=\"vce-col vce-col--md-auto vce-col--xs-1 vce-col--xs-last vce-col--xs-first vce-col--sm-last vce-col--sm-first vce-col--md-last vce-col--lg-last vce-col--xl-last vce-col--md-first vce-col--lg-first vce-col--xl-first\">\r\n<div class=\"vce-col-inner\" data-vce-do-apply=\"border margin background  el-5cdc721f\">\r\n<div class=\"vce-col-content\" data-vce-element-content=\"true\" data-vce-do-apply=\"padding el-5cdc721f\">\r\n<div class=\"vce-text-block\">\r\n<div id=\"el-c272ac9e\" class=\"vce-text-block-wrapper vce\" data-vce-do-apply=\"all el-c272ac9e\">\r\n<p>&nbsp;<\/p>\r\n<p>&nbsp;<\/p>\r\n<\/div>\r\n<\/div>\r\n<\/div>\r\n<\/div>\r\n<\/div>\r\n<\/div>\r\n<\/div>\r\n<\/div>\r\n\r\n<div class=\"vce-text-block\">\r\n<div id=\"el-f3097dca\" class=\"vce-text-block-wrapper vce\" data-vce-do-apply=\"all el-f3097dca\">\r\n<h3>\u00a0<\/h3>\r\n<h3>\u00a0<\/h3>\r\n<h3><span style=\"font-family: Montserrat;\"><span style=\"font-size: 18pt;\">Eventfotografie in Berlin: <strong>Professionelle Eventfotografie in Berlin f\u00fcr Business und Corporate Kunden<\/strong><\/span><br \/><\/span><\/h3>\r\n<p><span style=\"font-size: 14pt; font-family: Montserrat; color: #808080;\">Ob Gesch\u00e4ftstreffen, Mitarbeiterfeier, internationale Konferenz, Messe, Promotion oder Produktpr\u00e4sentation \u2013 jede Veranstaltung ist ein Kunstwerk, das ein passioniertes Team, ein begabtes Personal und einen ansprechenden Ort braucht. Berlin hat f\u00fcr jede Art von Event die passende Location zu bieten. Und um die Erinnerungen an diese Events festzuhalten, braucht es professionelle Fotos. Denn die Fotos sind das, was von der Veranstaltung \u00fcbrig bleibt, und sie sollten hochwertig sein.<\/span><\/p>\r\n<p><span style=\"font-size: 14pt; font-family: Montserrat; color: #808080;\">Eventfotografie un Berlin: Sie k\u00f6nnen sich zur\u00fccklehnen, denn ich \u00fcbernehme die Fotografie Ihres Events und verspreche Ihnen erstklassige Fotos am Ende des Tages. Sie haben keine Sorgen mehr. Ich mache alles ganz einfach f\u00fcr Sie, damit Sie stressfrei sind. <\/span><\/p>\r\n<p><span style=\"font-size: 14pt; font-family: Montserrat; color: #808080;\">Eventfotografie in Berlin: Nach dem Event schicke ich Ihnen einen Link mit einer Auswahl der besten Fotos, aus denen Sie Ihre Favoriten aussuchen k\u00f6nnen. Ich bearbeite sie dann und schicke sie Ihnen zu, sobald die letzte Zahlung erfolgt ist.<\/span><\/p>\r\n<p><span style=\"font-size: 14pt; font-family: Montserrat; color: #808080;\">Ein weiterer wichtiger Punkt ist, dass Sie die Nutzungsrechte an den Fotos kaufen m\u00fcssen, um sie ohne Schwierigkeiten oder rechtliche Folgen nutzen zu k\u00f6nnen. Deshalb ist die Eventfotografie in Berlin f\u00fcr Firmenevents in der Regel teurer, da Sie die vollen Nutzungsrechte an den Fotos bekommen m\u00fcssen.<\/span><\/p>\r\n<h4 style=\"padding: 0px; margin: 12px 0px 0px; user-select: text; word-break: break-word; font-size: 16px; line-height: var(--cib-type-body2-line-height); font-weight: 400; font-variation-settings: var(--cib-type-body2-font-variation-settings); color: #111111; font-family: -apple-system, Roboto, SegoeUI, 'Segoe UI', 'Helvetica Neue', Helvetica, 'Microsoft YaHei', 'Meiryo UI', Meiryo, 'Arial Unicode MS', sans-serif; font-style: normal; font-variant-ligatures: normal; font-variant-caps: normal; letter-spacing: normal; text-align: start; text-indent: 0px; text-transform: none; word-spacing: 0px; -webkit-text-stroke-width: 0px; white-space: normal; background-color: rgba(255, 255, 255, 0.7);\"><span style=\"font-family: Montserrat; font-size: 14pt; color: #333333; font-weight: bold; font-style: normal;\"><strong style=\"line-height: var(--cib-type-subtitle2-stronger-line-height); font-variation-settings: var(--cib-type-subtitle2-stronger-font-variation-settings);\">Eventfotografie in Berlin: Machen Sie Ihr Event in Berlin unvergesslich mit professionellen Fotos<\/strong><\/span><\/h4>\r\n<p style=\"padding: 0px; margin: 12px 0px 0px; user-select: text; word-break: break-word; font-size: 16px; line-height: var(--cib-type-body2-line-height); font-weight: 400; font-variation-settings: var(--cib-type-body2-font-variation-settings); color: #111111; font-family: -apple-system, Roboto, SegoeUI, 'Segoe UI', 'Helvetica Neue', Helvetica, 'Microsoft YaHei', 'Meiryo UI', Meiryo, 'Arial Unicode MS', sans-serif; font-style: normal; font-variant-ligatures: normal; font-variant-caps: normal; letter-spacing: normal; text-align: start; text-indent: 0px; text-transform: none; word-spacing: 0px; -webkit-text-stroke-width: 0px; white-space: normal; background-color: rgba(255, 255, 255, 0.7);\"><span style=\"font-family: Montserrat; font-size: 14pt; color: #808080;\">Sie haben ein Event in Berlin geplant, das Ihre G\u00e4ste beeindrucken soll? Egal, ob es ein Startup, ein Verband, eine Mitarbeiterfeier, eine internationale Konferenz, eine Messe, eine Promotion oder eine Produktpr\u00e4sentation ist \u2013 jedes Event ist ein Kunstwerk, das ein passioniertes Team, ein begabtes Personal und einen ansprechenden Ort braucht. Berlin hat f\u00fcr jede Art von Event die passende Location zu bieten. Und um die Erinnerungen an diese Events festzuhalten, braucht es professionelle Fotos. Denn die Fotos sind das, was von der Veranstaltung \u00fcbrig bleibt, und sie sollten hochwertig sein.<\/span><\/p>\r\n<p style=\"padding: 0px; margin: 12px 0px 0px; user-select: text; word-break: break-word; font-size: 16px; line-height: var(--cib-type-body2-line-height); font-weight: 400; font-variation-settings: var(--cib-type-body2-font-variation-settings); color: #111111; font-family: -apple-system, Roboto, SegoeUI, 'Segoe UI', 'Helvetica Neue', Helvetica, 'Microsoft YaHei', 'Meiryo UI', Meiryo, 'Arial Unicode MS', sans-serif; font-style: normal; font-variant-ligatures: normal; font-variant-caps: normal; letter-spacing: normal; text-align: start; text-indent: 0px; text-transform: none; word-spacing: 0px; -webkit-text-stroke-width: 0px; white-space: normal; background-color: rgba(255, 255, 255, 0.7);\"><span style=\"font-family: Montserrat; font-size: 14pt; color: #808080;\">Eventfotografie in Berlin: Sie k\u00f6nnen sich beruhigen, denn ich \u00fcbernehme die Fotografie Ihres Events und verspreche Ihnen erstklassige Fotos am Ende des Tages. Sie haben nichts mehr zu tun. Ich mache alles ganz einfach f\u00fcr Sie, damit Sie stressfrei sind. Nach dem Event schicke ich Ihnen einen Link mit einer Auswahl der besten Fotos, aus denen Sie Ihre Favoriten aussuchen k\u00f6nnen. Ich bearbeite sie dann und schicke sie Ihnen zu, sobald die letzte Zahlung erfolgt ist.<\/span><\/p>\r\n<p style=\"padding: 0px; margin: 12px 0px 0px; user-select: text; word-break: break-word; font-size: 16px; line-height: var(--cib-type-body2-line-height); font-weight: 400; font-variation-settings: var(--cib-type-body2-font-variation-settings); color: #111111; font-family: -apple-system, Roboto, SegoeUI, 'Segoe UI', 'Helvetica Neue', Helvetica, 'Microsoft YaHei', 'Meiryo UI', Meiryo, 'Arial Unicode MS', sans-serif; font-style: normal; font-variant-ligatures: normal; font-variant-caps: normal; letter-spacing: normal; text-align: start; text-indent: 0px; text-transform: none; word-spacing: 0px; -webkit-text-stroke-width: 0px; white-space: normal; background-color: rgba(255, 255, 255, 0.7);\"><span style=\"font-family: Montserrat; font-size: 14pt; color: #808080;\">Lassen Sie mich wissen, wie Ihre Veranstaltung aussieht: Was ist das Thema, das Programm und die Highlights? Wie lange dauert die Veranstaltung und wo findet sie statt? Ich werde Ihnen ein individuelles Angebot machen, das zu Ihren Bed\u00fcrfnissen passt. Ich biete Ihnen ein Paket an, das eine bestimmte Anzahl von professionell bearbeiteten Fotos enth\u00e4lt, die Sie f\u00fcr verschiedene Zwecke nutzen k\u00f6nnen: f\u00fcr Ihr Unternehmen, als Businessfotos, f\u00fcr Archiv, Presse, soziale Medien und kleine Kataloge. Sie k\u00f6nnen die Fotos vorab aus einer Online-Galerie ausw\u00e4hlen, in die ich alle Fotos hochlade. Die Anzahl der Fotos ist begrenzt, weil die Bearbeitung jedes Fotos Zeit und Energie erfordert und weil viele Fotos sich \u00e4hneln oder wiederholen. Ich finde, dass Qualit\u00e4t wichtiger ist als Quantit\u00e4t.<\/span><\/p>\r\n<p style=\"padding: 0px; margin: 12px 0px 0px; user-select: text; word-break: break-word; font-size: 16px; line-height: var(--cib-type-body2-line-height); font-weight: 400; font-variation-settings: var(--cib-type-body2-font-variation-settings); color: #111111; font-family: -apple-system, Roboto, SegoeUI, 'Segoe UI', 'Helvetica Neue', Helvetica, 'Microsoft YaHei', 'Meiryo UI', Meiryo, 'Arial Unicode MS', sans-serif; font-style: normal; font-variant-ligatures: normal; font-variant-caps: normal; letter-spacing: normal; text-align: start; text-indent: 0px; text-transform: none; word-spacing: 0px; -webkit-text-stroke-width: 0px; white-space: normal; background-color: rgba(255, 255, 255, 0.7);\"><span style=\"font-family: Montserrat; font-size: 14pt; color: #808080;\">Eventfotografie in Berlin: Die Ausr\u00fcstung eines professionellen Eventfotografen kann mehr als 5000-10.000 \u20ac kosten. Aber das ist es wert, denn das Auge eines Profis kann Ihre Veranstaltung auf einzigartige Weise und aus verschiedenen Blickwinkeln portr\u00e4tieren. Ein Weitwinkelobjektiv kann die ganze Szene erfassen und einen Ort spektakul\u00e4r aussehen lassen. Mit einem Teleobjektiv k\u00f6nnen Sie Aussteller, Redner oder Podiumsteilnehmer fotografieren, ohne dass sie \u00fcbersehen werden.<\/span><\/p>\r\n<p>&nbsp;<\/p>\r\n<p>&nbsp;<\/p>\r\n<\/div>\r\n<\/div>\r\n<\/div>\r\n<\/div>\r\n<\/div>\r\n<\/div>\r\n<\/div>\r\n<\/div>\r\n\r\n<div class=\"vce-row-container\">\r\n<div id=\"el-ae3cc742\" class=\"vce-row vce-row--col-gap-30 vce-row-equal-height vce-row-content--top\" data-vce-full-width=\"true\" data-vce-stretch-content=\"true\" data-vce-do-apply=\"all el-ae3cc742\">\r\n<div class=\"vce-row-content\" data-vce-element-content=\"true\">\r\n<div class=\"vcv-row-control-wrapper\">\u00a0<\/div>\r\n<\/div>\r\n<\/div>\r\n<\/div>\r\n","protected":false},"excerpt":{"rendered":"<p>\u00a0 \u00a0 Eventfotografie in Berlin &nbsp; Mein Ziel ist es, die besonderen Momente Ihrer Veranstaltung einzufangen \u00a0 \u00a0 \u00a0 \u00a0 \u00a0 Eventfotografie in Berlin:\u00a0Wollen Sie Ihre Veranstaltung professionell dokumentieren lassen? Dann sind Sie hier genau richtig! Ich bin Ihr zuverl\u00e4ssiger Partnerin f\u00fcr die perfekte Inszenierung Ihrer Veranstaltung. Ob Konferenzen, Messen, Firmenfeiern, Galas, Preisverleihungen, Konzerten oder [&hellip;]<\/p>\n","protected":false},"author":1,"featured_media":0,"parent":0,"menu_order":0,"comment_status":"closed","ping_status":"closed","template":"","meta":{"_acf_changed":false,"footnotes":""},"class_list":["post-21300","page","type-page","status-publish","hentry"],"acf":[],"_links":{"self":[{"href":"https:\/\/mariarapelafoto.com\/de_de\/wp-json\/wp\/v2\/pages\/21300","targetHints":{"allow":["GET"]}}],"collection":[{"href":"https:\/\/mariarapelafoto.com\/de_de\/wp-json\/wp\/v2\/pages"}],"about":[{"href":"https:\/\/mariarapelafoto.com\/de_de\/wp-json\/wp\/v2\/types\/page"}],"author":[{"embeddable":true,"href":"https:\/\/mariarapelafoto.com\/de_de\/wp-json\/wp\/v2\/users\/1"}],"replies":[{"embeddable":true,"href":"https:\/\/mariarapelafoto.com\/de_de\/wp-json\/wp\/v2\/comments?post=21300"}],"version-history":[{"count":1,"href":"https:\/\/mariarapelafoto.com\/de_de\/wp-json\/wp\/v2\/pages\/21300\/revisions"}],"predecessor-version":[{"id":22186,"href":"https:\/\/mariarapelafoto.com\/de_de\/wp-json\/wp\/v2\/pages\/21300\/revisions\/22186"}],"wp:attachment":[{"href":"https:\/\/mariarapelafoto.com\/de_de\/wp-json\/wp\/v2\/media?parent=21300"}],"curies":[{"name":"wp","href":"https:\/\/api.w.org\/{rel}","templated":true}]}}